{"id":4143,"date":"2025-11-20T15:59:27","date_gmt":"2025-11-20T14:59:27","guid":{"rendered":"https:\/\/katarek.pl\/?post_type=product&#038;p=4143"},"modified":"2026-05-01T22:03:11","modified_gmt":"2026-05-01T20:03:11","slug":"katarek-woda-morska-izotoniczna-30-ml","status":"publish","type":"product","link":"https:\/\/katarek.pl\/produkt\/katarek-woda-morska-izotoniczna-30-ml\/","title":{"rendered":"Katarek Woda Morska izotoniczna 30 ml"},"content":{"rendered":"\n<h2 class=\" wp-block-heading eplus-wrapper\">Katarek Woda Morska izotoniczna \u2013 spray do nosa 30 ml<br><strong>Naturalna ulga dla nosa. <\/strong><\/h2>\n\n\n\n<div class=\"txt-img txt-img-p wp-block-group eplus-wrapper is-nowrap is-layout-flex wp-container-core-group-is-layout-ad2f72ca wp-block-group-is-layout-flex\">\n<div class=\"wp-block-group eplus-wrapper\"><div class=\"wp-block-group__inner-container is-layout-constrained wp-block-group-is-layout-constrained\">\n<h2 class=\" wp-block-heading eplus-wrapper\">Bez konserwant\u00f3w,<br>bez kompromis\u00f3w<\/h2>\n\n\n\n<p class=\" eplus-wrapper\">Katarek Woda Morska Izotoniczna pochodzi z g\u0142\u0119bin Oceanu Atlantyckiego<br><strong>Czysta, bogata w minera\u0142y, delikatna nawet dla najm\u0142odszych<\/strong>. Przyjazna dla kobiet w ci\u0105\u017cy.<\/p>\n\n\n\n<p class=\" eplus-wrapper\"><strong>Przydatna zar\u00f3wno podczas choroby jak i w codziennej piel\u0119gnacji.<\/strong><\/p>\n\n\n\n<p class=\" eplus-wrapper\"><br>\ud83d\udca7 Pomaga oddycha\u0107 swobodnie<br>\ud83d\udca7 Nawil\u017ca b\u0142on\u0119 \u015bluzow\u0105 <br>\ud83d\udca7 Usuwa to, co utrudnia naturalny oddech.<br><br><strong>Z trosk\u0105, jakiej oczekuj\u0105 rodzic<\/strong>e.<\/p>\n\n\n\n<p class=\" eplus-wrapper\"><strong>Od 6. miesi\u0105ca \u017cycia \u00b7 Bez konserwant\u00f3w \u00b7 Wyr\u00f3b medyczny kl. I<\/strong><\/p>\n<\/div><\/div>\n\n\n\n\t\n\t\t\n\t\t\t\t\t\t\t\n\t<figure class=\"overflow-hidden \">\n\n\t\t\n\t\t\t\t\t\t\t\t\t\n\t\t\t<img decoding=\"async\" src=\"https:\/\/katarek.pl\/wp-content\/uploads\/2025\/11\/online-sol-morska.png\" srcset=\"https:\/\/katarek.pl\/wp-content\/uploads\/2025\/11\/online-sol-morska.png 900w, https:\/\/katarek.pl\/wp-content\/uploads\/2025\/11\/online-sol-morska-450x450.png 450w, https:\/\/katarek.pl\/wp-content\/uploads\/2025\/11\/online-sol-morska-250x250.png 250w, https:\/\/katarek.pl\/wp-content\/uploads\/2025\/11\/online-sol-morska-768x768.png 768w, https:\/\/katarek.pl\/wp-content\/uploads\/2025\/11\/online-sol-morska-500x500.png 500w, https:\/\/katarek.pl\/wp-content\/uploads\/2025\/11\/online-sol-morska-485x485.png 485w, https:\/\/katarek.pl\/wp-content\/uploads\/2025\/11\/online-sol-morska-600x600.png 600w, https:\/\/katarek.pl\/wp-content\/uploads\/2025\/11\/online-sol-morska-100x100.png 100w\" sizes=\"(max-width: 900px) 100vw, 900px\" alt=\"woda morska izotoniczna 0,9% Katarek w sprayu dla dzieci i rodziny\" class=\"h-full w-full object-cover\" width=\"900\" height=\"900\" loading=\"lazy\"\/>\n\n\t\t\n\t<\/figure>\n\n\n\t\t\n\t\n<\/div>\n\n\n\n<section class=\"product-description alignfull section-mb-xxs relative overflow-hidden \">\n\t<div class=\"container container--mobile-overflow\">\n\t\t\t\t\t\n\t\t\t\t<div class=\"mx-[-1.5rem] pl-[1.5rem] md:pl-0 md:mx-0\">\n\t\t\t<div class=\"flex flex-nowrap pb-32 lg:pb-0 md:grid md:grid-cols-2 lg:grid-cols-3 xl:grid-cols-5 gap-12 md:gap-32  overflow-x-auto\">\n\t\t\t\t\t\t\t\t\t<div class=\"min-w-[44%] lg:min-w-0 tile bg-white text-primary-700 rounded-32 p-24 flex flex-col gap-4\">\n\t\t\t\t\t\t\n\t\n\t\t\n\t\t\t\t\t\t\t\n\t<figure class=\"overflow-hidden filter-primary !mt-0 w-auto h-48 [&#038;_img]:w-auto [&#038;_img]:h-48\">\n\n\t\t\n\t\t\t\t\t\t\t\t\t\n\t\t\t<img decoding=\"async\" src=\"https:\/\/katarek.pl\/wp-content\/uploads\/2025\/11\/blue-woda.svg\" srcset=\"\" sizes=\"\" alt=\"S\u00f3l izotoniczna morska nawil\u017ca \u015bluz\u00f3wk\u0119 nosa\" class=\"h-full w-full object-cover\" width=\"1\" height=\"1\" loading=\"lazy\"\/>\n\n\t\t\n\t<\/figure>\n\n\n\t\t\n\t\n\t\t\t\t\t\t\t\t\t\t\t\t\t\n\t\t\t\t\t\t\t\t\t\t\t\t<div class=\"text-md\">\n\t\t\t\t\t\t\t<p style=\"text-align: center;\">Naturalnie nawil\u017ca i oczyszcza \u015bluz\u00f3wk\u0119 nosa<\/p>\n\n\t\t\t\t\t\t<\/div>\n\t\t\t\t\t<\/div>\n\t\t\t\t\t\t\t\t\t<div class=\"min-w-[44%] lg:min-w-0 tile bg-white text-primary-700 rounded-32 p-24 flex flex-col gap-4\">\n\t\t\t\t\t\t\n\t\n\t\t\n\t\t\t\t\t\t\t\n\t<figure class=\"overflow-hidden filter-primary !mt-0 w-auto h-48 [&#038;_img]:w-auto [&#038;_img]:h-48\">\n\n\t\t\n\t\t\t\t\t\t\t\t\t\n\t\t\t<img decoding=\"async\" src=\"https:\/\/katarek.pl\/wp-content\/uploads\/2025\/11\/blue-eko.svg\" srcset=\"\" sizes=\"\" alt=\"S\u00f3l morska Katarek jest naturalna i bez konserwant\u00f3w\" class=\"h-full w-full object-cover\" width=\"1\" height=\"1\" loading=\"lazy\"\/>\n\n\t\t\n\t<\/figure>\n\n\n\t\t\n\t\n\t\t\t\t\t\t\t\t\t\t\t\t\t\n\t\t\t\t\t\t\t\t\t\t\t\t<div class=\"text-md\">\n\t\t\t\t\t\t\t<p style=\"text-align: center;\">Bez konserwant\u00f3w i niepotrzebnej chemii<\/p>\n\n\t\t\t\t\t\t<\/div>\n\t\t\t\t\t<\/div>\n\t\t\t\t\t\t\t\t\t<div class=\"min-w-[44%] lg:min-w-0 tile bg-white text-primary-700 rounded-32 p-24 flex flex-col gap-4\">\n\t\t\t\t\t\t\n\t\n\t\t\n\t\t\t\t\t\t\t\n\t<figure class=\"overflow-hidden filter-primary !mt-0 w-auto h-48 [&#038;_img]:w-auto [&#038;_img]:h-48\">\n\n\t\t\n\t\t\t\t\t\t\t\t\t\n\t\t\t<img decoding=\"async\" src=\"https:\/\/katarek.pl\/wp-content\/uploads\/2025\/11\/blue-dziecko-1.svg\" srcset=\"\" sizes=\"\" alt=\"S\u00f3l 0,9% morsk\u0105 Katarek Mo\u017cna stosowa\u0107 u dzieci ju\u017c od 6. miesi\u0105ca \u017cycia\" class=\"h-full w-full object-cover\" width=\"1\" height=\"1\" loading=\"lazy\"\/>\n\n\t\t\n\t<\/figure>\n\n\n\t\t\n\t\n\t\t\t\t\t\t\t\t\t\t\t\t\t\n\t\t\t\t\t\t\t\t\t\t\t\t<div class=\"text-md\">\n\t\t\t\t\t\t\t<p style=\"text-align: center;\">Mo\u017cna stosowa\u0107 u dzieci ju\u017c od 6. miesi\u0105ca \u017cycia<\/p>\n\n\t\t\t\t\t\t<\/div>\n\t\t\t\t\t<\/div>\n\t\t\t\t\t\t\t\t\t<div class=\"min-w-[44%] lg:min-w-0 tile bg-white text-primary-700 rounded-32 p-24 flex flex-col gap-4\">\n\t\t\t\t\t\t\n\t\n\t\t\n\t\t\t\t\t\t\t\n\t<figure class=\"overflow-hidden filter-primary !mt-0 w-auto h-48 [&#038;_img]:w-auto [&#038;_img]:h-48\">\n\n\t\t\n\t\t\t\t\t\t\t\t\t\n\t\t\t<img decoding=\"async\" src=\"https:\/\/katarek.pl\/wp-content\/uploads\/2025\/11\/blue-fala.svg\" srcset=\"\" sizes=\"\" alt=\"Woda z ocean atlantyckiego w formie roztworu izotonicznego 0,9NaCl\" class=\"h-full w-full object-cover\" width=\"1\" height=\"1\" loading=\"lazy\"\/>\n\n\t\t\n\t<\/figure>\n\n\n\t\t\n\t\n\t\t\t\t\t\t\t\t\t\t\t\t\t\n\t\t\t\t\t\t\t\t\t\t\t\t<div class=\"text-md\">\n\t\t\t\t\t\t\t<p style=\"text-align: center;\">Naturalna woda morska z Atlantyku &#8211; roztw\u00f3r izotoniczny<\/p>\n\n\t\t\t\t\t\t<\/div>\n\t\t\t\t\t<\/div>\n\t\t\t\t\t\t\t\t\t<div class=\"min-w-[44%] lg:min-w-0 tile bg-white text-primary-700 rounded-32 p-24 flex flex-col gap-4\">\n\t\t\t\t\t\t\n\t\n\t\t\n\t\t\t\t\t\t\t\n\t<figure class=\"overflow-hidden filter-primary !mt-0 w-auto h-48 [&#038;_img]:w-auto [&#038;_img]:h-48\">\n\n\t\t\n\t\t\t\t\t\t\t\t\t\n\t\t\t<img decoding=\"async\" src=\"https:\/\/katarek.pl\/wp-content\/uploads\/2025\/11\/blue-spray.svg\" srcset=\"\" sizes=\"\" alt=\"izotoniczna woda morska z Atlantyku w wygodnej formie\" class=\"h-full w-full object-cover\" width=\"1\" height=\"1\" loading=\"lazy\"\/>\n\n\t\t\n\t<\/figure>\n\n\n\t\t\n\t\n\t\t\t\t\t\t\t\t\t\t\t\t\t\n\t\t\t\t\t\t\t\t\t\t\t\t<div class=\"text-md\">\n\t\t\t\t\t\t\t<p style=\"text-align: center;\">Wygodna forma sprayu, u\u0142atwia u\u017cycie i przechowywanie<\/p>\n\n\t\t\t\t\t\t<\/div>\n\t\t\t\t\t<\/div>\n\t\t\t\t\t\t\t<\/div>\n\t\t<\/div>\n\t<\/div>\n<\/section>\n\n\n\n<h2 class=\" wp-block-heading eplus-wrapper\"><strong>Dlaczego warto mie\u0107 zawsze pod r\u0119k\u0105<\/strong><\/h2>\n\n\n\n<p class=\" eplus-wrapper\"><strong>Katarek Woda Morska<\/strong> ma osmotyczno\u015b\u0107 podobn\u0105 do fizjologicznej, wi\u0119c dzia\u0142a delikatnie na \u015bluz\u00f3wk\u0119 nosa i nie powoduje pieczenia czy obrz\u0119ku. Nie zawiera substancji leczniczych ani konserwant\u00f3w, co umo\u017cliwia <strong>cz\u0119ste stosowanie bez ryzyka efekt\u00f3w ubocznych<\/strong> w codziennej higienie noska.<\/p>\n\n\n\n<p class=\" eplus-wrapper\">Przezi\u0119bienie, suchy nosek po nocy, klimatyzacja w aucie czy smog za oknem \u2013 w takich momentach <strong>Katarek Woda Morska<\/strong> szybko nawil\u017ca i oczyszcza \u015bluz\u00f3wk\u0119 nosa, pomagaj\u0105c utrzyma\u0107 dro\u017cny nosek Twojego malucha i ca\u0142ej rodziny.<br>Por\u0119czny, spray <strong>30 ml<\/strong>, z delikatnym dozowaniem, bez problemu zmie\u015bci si\u0119 w domowej apteczce, Twojej torebce, plecaku, organizerze w\u00f3zka czy baga\u017cu podr\u0119cznym.  Masz wi\u0119c <strong>naturalne wsparcie dla nosa<\/strong> zawsze wtedy, gdy jest potrzebne \u2013 w domu i w podr\u00f3\u017cy.<\/p>\n\n\n\n<div class=\"txt-img txt-img-p wp-block-group eplus-wrapper is-nowrap is-layout-flex wp-container-core-group-is-layout-ad2f72ca wp-block-group-is-layout-flex\">\n<div class=\"wp-block-group eplus-wrapper\"><div class=\"wp-block-group__inner-container is-layout-constrained wp-block-group-is-layout-constrained\">\n<h2 class=\" wp-block-heading eplus-wrapper\"><strong><strong><strong>Gdy nosek ma trudniej \u2013 w jakich sytuacjach si\u0119ga\u0107 po spray?<\/strong><\/strong><\/strong><\/h2>\n\n\n\n<p class=\" eplus-wrapper\">Po Katarek Woda Morska warto si\u0119gn\u0105\u0107 zawsze wtedy, gdy infekcje lub suche powietrze m\u0119cz\u0105 Tw\u00f3j nos i nosek Twojego dziecka.<\/p>\n\n\n\n<p class=\" eplus-wrapper\"><br>\ud83d\udca7 w trakcie infekcji i kataru (jako wsparcie higieny nosa)<br>\ud83d\udca7 przy alergii \u2013 \u017ceby wyp\u0142uka\u0107 z nosa py\u0142ki i alergeny<br>\ud83d\udca7 po kroplach obkurczaj\u0105cych \u2013 aby nawil\u017cy\u0107 \u015bluz\u00f3wk\u0119<\/p>\n\n\n\n<p class=\" eplus-wrapper\">\ud83d\udca7 gdy w domu dzia\u0142a ogrzewanie i powietrze jest suche<br>\ud83d\udca7 przy klimatyzacji w aucie, biurze lub centrum handlowym<\/p>\n\n\n\n<p class=\" eplus-wrapper\">\ud83d\udca7 w czasie smogu i du\u017cego zanieczyszczenia powietrza<\/p>\n\n\n\n<p class=\" eplus-wrapper\"><br><\/p>\n<\/div><\/div>\n\n\n\n\t\n\t\t\n\t\t\t\t\t\t\t\n\t<figure class=\"overflow-hidden \">\n\n\t\t\n\t\t\t\t\t\t\t\t\t\n\t\t\t<img decoding=\"async\" src=\"https:\/\/katarek.pl\/wp-content\/uploads\/2025\/11\/bez-tla-woda-morska-izotoniczna-Katarek-1.png\" srcset=\"https:\/\/katarek.pl\/wp-content\/uploads\/2025\/11\/bez-tla-woda-morska-izotoniczna-Katarek-1.png 900w, https:\/\/katarek.pl\/wp-content\/uploads\/2025\/11\/bez-tla-woda-morska-izotoniczna-Katarek-1-450x450.png 450w, https:\/\/katarek.pl\/wp-content\/uploads\/2025\/11\/bez-tla-woda-morska-izotoniczna-Katarek-1-250x250.png 250w, https:\/\/katarek.pl\/wp-content\/uploads\/2025\/11\/bez-tla-woda-morska-izotoniczna-Katarek-1-768x768.png 768w, https:\/\/katarek.pl\/wp-content\/uploads\/2025\/11\/bez-tla-woda-morska-izotoniczna-Katarek-1-500x500.png 500w, https:\/\/katarek.pl\/wp-content\/uploads\/2025\/11\/bez-tla-woda-morska-izotoniczna-Katarek-1-485x485.png 485w, https:\/\/katarek.pl\/wp-content\/uploads\/2025\/11\/bez-tla-woda-morska-izotoniczna-Katarek-1-600x600.png 600w, https:\/\/katarek.pl\/wp-content\/uploads\/2025\/11\/bez-tla-woda-morska-izotoniczna-Katarek-1-100x100.png 100w\" sizes=\"(max-width: 900px) 100vw, 900px\" alt=\"woda morska izotoniczna Katarek w sprayu dla dzieci od 6 miesi\u0105ca \u017cycia\" class=\"h-full w-full object-cover\" width=\"900\" height=\"900\" loading=\"lazy\"\/>\n\n\t\t\n\t<\/figure>\n\n\n\t\t\n\t\n<\/div>\n\n\n\n<div class=\"txt-img txt-img-p wp-block-group eplus-wrapper is-nowrap is-layout-flex wp-container-core-group-is-layout-ad2f72ca wp-block-group-is-layout-flex\">\n\t\n\t\t\n\t\t\t\t\t\t\t\n\t<figure class=\"overflow-hidden \">\n\n\t\t\n\t\t\t\t\t\t\t\t\t\n\t\t\t<img decoding=\"async\" src=\"https:\/\/katarek.pl\/wp-content\/uploads\/2025\/11\/bez-tla-woda-morska-izotoniczna-Katarek-2.png\" srcset=\"https:\/\/katarek.pl\/wp-content\/uploads\/2025\/11\/bez-tla-woda-morska-izotoniczna-Katarek-2.png 900w, https:\/\/katarek.pl\/wp-content\/uploads\/2025\/11\/bez-tla-woda-morska-izotoniczna-Katarek-2-450x450.png 450w, https:\/\/katarek.pl\/wp-content\/uploads\/2025\/11\/bez-tla-woda-morska-izotoniczna-Katarek-2-250x250.png 250w, https:\/\/katarek.pl\/wp-content\/uploads\/2025\/11\/bez-tla-woda-morska-izotoniczna-Katarek-2-768x768.png 768w, https:\/\/katarek.pl\/wp-content\/uploads\/2025\/11\/bez-tla-woda-morska-izotoniczna-Katarek-2-500x500.png 500w, https:\/\/katarek.pl\/wp-content\/uploads\/2025\/11\/bez-tla-woda-morska-izotoniczna-Katarek-2-485x485.png 485w, https:\/\/katarek.pl\/wp-content\/uploads\/2025\/11\/bez-tla-woda-morska-izotoniczna-Katarek-2-600x600.png 600w, https:\/\/katarek.pl\/wp-content\/uploads\/2025\/11\/bez-tla-woda-morska-izotoniczna-Katarek-2-100x100.png 100w\" sizes=\"(max-width: 900px) 100vw, 900px\" alt=\"Katarek woda morska izotoniczna Katarek\" class=\"h-full w-full object-cover\" width=\"900\" height=\"900\" loading=\"lazy\"\/>\n\n\t\t\n\t<\/figure>\n\n\n\t\t\n\t\n\n\n\n<div class=\"wp-block-group eplus-wrapper\"><div class=\"wp-block-group__inner-container is-layout-constrained wp-block-group-is-layout-constrained\">\n<h2 class=\" wp-block-heading eplus-wrapper\"><strong>JAK STOSOWA\u0106<\/strong> <strong>WOD\u0118 MORSK\u0104 KATAREK?<\/strong><\/h2>\n\n\n\n<p class=\" eplus-wrapper\">To bardzo proste, wystarcz\u0105 3 kroki do nawil\u017conego i dro\u017cnego nosa.<br><br><strong>1.<\/strong> Delikatnie wsu\u0144 aplikator do nozdrza. <br><strong>2.<\/strong> Naci\u015bnij pompk\u0119, rozpyl spray.<br><strong>3. <\/strong>Powt\u00f3rz w drugim nozdrzu.<\/p>\n<\/div><\/div>\n\n\n\n<p class=\" eplus-wrapper\"><\/p>\n<\/div>\n\n\n\n<h2 class=\" wp-block-heading eplus-wrapper\"><strong>U dzieci starszych, doros\u0142ych &#8211; wersja bardziej zaawansowana \ud83d\ude09<\/strong> <\/h2>\n\n\n<ul class=\" wp-block-list eplus-wrapper eplus-styles-uid-928f7b\">\n<li class=\" eplus-wrapper\">Przy pierwszym u\u017cyciu lub po przerwie wykonaj kilka naci\u015bni\u0119\u0107 dozownika w powietrze, a\u017c pojawi si\u0119 r\u00f3wnomierna mgie\u0142ka.<\/li>\n\n\n\n<li class=\" eplus-wrapper\">Lekko pochyl g\u0142ow\u0119 do przodu (nie odchylaj jej do ty\u0142u).<\/li>\n\n\n\n<li class=\" eplus-wrapper\">Zatkaj jedno nozdrze palcem, a ko\u0144c\u00f3wk\u0119 aplikatora umie\u015b\u0107 w drugim nozdrzu na g\u0142\u0119boko\u015b\u0107 ok. 1 cm.<\/li>\n\n\n\n<li class=\" eplus-wrapper\">Skieruj aplikator w stron\u0119 zewn\u0119trznej \u015bciany nosa (w kierunku ucha), nie na przegrod\u0119 nosow\u0105, i naci\u015bnij dozownik.<\/li>\n\n\n\n<li class=\" eplus-wrapper\">Powt\u00f3rz czynno\u015b\u0107 dla drugiego nozdrza.<\/li>\n<\/ul>\n\n\n<p class=\" eplus-wrapper\">Po aplikacji nie wydmuchuj nosa bezpo\u015brednio. Po u\u017cyciu oczy\u015b\u0107 ko\u0144c\u00f3wk\u0119 aplikatora czyst\u0105 chusteczk\u0105 i za\u0142\u00f3\u017c nasadk\u0119 ochronn\u0105.<\/p>\n\n\n\n<h2 class=\" wp-block-heading eplus-wrapper\"><strong>Dawkowanie:<\/strong><\/h2>\n\n\n<ul class=\" wp-block-list eplus-wrapper eplus-styles-uid-6737eb\">\n<li class=\" eplus-wrapper\"><strong>Dzieci od 6 roku \u017cycia i doro\u015bli:<\/strong> 1\u20133 dawki \/ nozdrze kilka razy dziennie.<\/li>\n\n\n\n<li class=\" eplus-wrapper\"><strong>Dzieci od 6 miesi\u0119cy do 6 lat:<\/strong> 1 dawka \/ nozdrze kilka razy dziennie.<\/li>\n<\/ul>\n\n\n<p class=\" eplus-wrapper\">Katarek Woda Morska Izotoniczna 30 ml \u2013 wyr\u00f3b medyczny klasy I zgodny z rozporz\u0105dzeniem UE 2017\/745 (MDR).<\/p>\n\n\n\n<!-- <article class=\"product-content text-content text-md text-neutral-800 tabs__single-tab-content pt-24  is-active\" style=\"margin-top:0; padding-top:0;\">\n<h2 style=\"font-weight:normal;\">Najcz\u0119\u015bciej zadawane pytania<\/h2>\n\t<div class=\"container--single-product mx-auto\">\n\t\t\t\t\t\n\t\t\t\t\t<ul class=\"accordion !list-none !p-0 \" data-first-item-should-be-expanded=\"true\">\n  \n    <li class=\"accordion-item border-b border-neutral-400 group\">\n\n      <button type=\"button\" class=\"text-left accordion-item__button py-24 transition duration-300 ease-in cursor-pointer h6 text-primary-700 font-semibold flex items-center justify-between gap-8 w-full [&amp;:hover_*]:text-neutral-900\">\n\n        <span class=\"\">\n          1. Od kiedy mo\u017cna stosowa\u0107?\n        <\/span>\n\n        <span class=\"inline-flex items-center justify-center transition duration-300 ease-in group-hover:bg-primary-0 transform group-[.is-active]:rotate-180\">\n          <svg xmlns=\"http:\/\/www.w3.org\/2000\/svg\" width=\"24\" height=\"24\" viewBox=\"0 0 24 24\" fill=\"none\">\n\t<path d=\"M5 10L12 16L19 10\" stroke=\"currentColor\" stroke-width=\"1.5\" stroke-linecap=\"round\"><\/path>\n<\/svg>\n\n        <\/span>\n\n      <\/button>\n      <div class=\"accordion-item__content hidden text-md text-neutral-800 pb-20\" style=\"display: none;\"><p>Katarek Woda Morska izotoniczna jest przeznaczona dla niemowl\u0105t od <strong data-start=\"126\" data-end=\"147\">6. miesi\u0105ca \u017cycia<\/strong>, dzieci i doros\u0142ych.<br data-start=\"168\" data-end=\"171\">U m\u0142odszych niemowl\u0105t (poni\u017cej 6. miesi\u0105ca \u017cycia) spos\u00f3b piel\u0119gnacji nosa najlepiej skonsultowa\u0107 z lekarzem lub po\u0142o\u017cn\u0105.<\/p>\n<\/div>\n    <\/li>\n\n  \n    <li class=\"accordion-item border-b border-neutral-400 group\">\n\n      <button type=\"button\" class=\"text-left accordion-item__button py-24 transition duration-300 ease-in cursor-pointer h6 text-primary-700 font-semibold flex items-center justify-between gap-8 w-full [&amp;:hover_*]:text-neutral-900\">\n\n        <span class=\"\">\n          2. Czy zawiera konserwanty?\n        <\/span>\n\n        <span class=\"inline-flex items-center justify-center transition duration-300 ease-in group-hover:bg-primary-0 transform group-[.is-active]:rotate-180\">\n          <svg xmlns=\"http:\/\/www.w3.org\/2000\/svg\" width=\"24\" height=\"24\" viewBox=\"0 0 24 24\" fill=\"none\">\n\t<path d=\"M5 10L12 16L19 10\" stroke=\"currentColor\" stroke-width=\"1.5\" stroke-linecap=\"round\"><\/path>\n<\/svg>\n\n        <\/span>\n\n      <\/button>\n      <div class=\"accordion-item__content hidden text-md text-neutral-800 pb-20\" style=\"display: none;\"><p data-start=\"298\" data-end=\"431\">Nie. Preparat <strong data-start=\"346\" data-end=\"401\">nie zawiera konserwant\u00f3w ani substancji leczniczych<\/strong>.<br data-start=\"402\" data-end=\"405\">W sk\u0142adzie s\u0105 wy\u0142\u0105cznie:<\/p>\n<ul data-start=\"432\" data-end=\"508\">\n<li data-start=\"432\" data-end=\"481\">\n<p data-start=\"434\" data-end=\"481\">naturalna woda morska z Oceanu Atlantyckiego,<\/p>\n<\/li>\n<li data-start=\"482\" data-end=\"508\">\n<p data-start=\"484\" data-end=\"508\">woda demineralizowana.<\/p>\n<\/li>\n<\/ul>\n<p>&nbsp;<\/p>\n<p data-start=\"510\" data-end=\"561\">Dzi\u0119ki temu mo\u017ce by\u0107 stosowany r\u00f3wnie\u017c d\u0142ugotrwale.<\/p>\n<\/div>\n    <\/li>\n\n  \n    <li class=\"accordion-item border-b border-neutral-400 group\">\n\n      <button type=\"button\" class=\"text-left accordion-item__button py-24 transition duration-300 ease-in cursor-pointer h6 text-primary-700 font-semibold flex items-center justify-between gap-8 w-full [&amp;:hover_*]:text-neutral-900 is-active\">\n\n        <span class=\"\">\n          3. Czy mo\u017cna u\u017cywa\u0107 z aspiratorem Katarek?\n        <\/span>\n\n        <span class=\"inline-flex items-center justify-center transition duration-300 ease-in group-hover:bg-primary-0 transform group-[.is-active]:rotate-180\">\n          <svg xmlns=\"http:\/\/www.w3.org\/2000\/svg\" width=\"24\" height=\"24\" viewBox=\"0 0 24 24\" fill=\"none\">\n\t<path d=\"M5 10L12 16L19 10\" stroke=\"currentColor\" stroke-width=\"1.5\" stroke-linecap=\"round\"><\/path>\n<\/svg>\n\n        <\/span>\n\n      <\/button>\n      <div class=\"accordion-item__content hidden text-md text-neutral-800 pb-20\" style=\"display: none;\"><p data-start=\"568\" data-end=\"710\">Tak, <strong data-start=\"622\" data-end=\"685\">mo\u017cna \u0142\u0105czy\u0107 stosowanie wody morskiej z aspiratorem Katarek<\/strong>.<br data-start=\"686\" data-end=\"689\">Praktyczny schemat:<\/p>\n<ol data-start=\"711\" data-end=\"925\">\n<li data-start=\"711\" data-end=\"791\">\n<p data-start=\"714\" data-end=\"791\">Najpierw zaaplikuj spray do nosa, aby <strong data-start=\"752\" data-end=\"788\">nawil\u017cy\u0107 i rozrzedzi\u0107 wydzielin\u0119<\/strong>.<\/p>\n<\/li>\n<li data-start=\"792\" data-end=\"813\">\n<p data-start=\"795\" data-end=\"813\">Odczekaj chwil\u0119.<\/p>\n<\/li>\n<li data-start=\"814\" data-end=\"925\">\n<p data-start=\"817\" data-end=\"925\">Nast\u0119pnie u\u017cyj aspiratora Katarek zgodnie z jego instrukcj\u0105, aby <strong data-start=\"882\" data-end=\"922\">usun\u0105\u0107 rozrzedzon\u0105 wydzielin\u0119 z nosa<\/strong>.<\/p>\n<\/li>\n<\/ol>\n<p>&nbsp;<\/p>\n<p data-start=\"927\" data-end=\"990\">Zawsze stosuj oba wyroby zgodnie z ich instrukcjami u\u017cywania. Pami\u0119taj aby nie u\u017cywa\u0107 soli u dzieci poni\u017cej 6 miesi\u0105ca \u017cycia.<\/p>\n<\/div>\n    <\/li>\n\n  \n    <li class=\"accordion-item border-b border-neutral-400 group\">\n\n      <button type=\"button\" class=\"text-left accordion-item__button py-24 transition duration-300 ease-in cursor-pointer h6 text-primary-700 font-semibold flex items-center justify-between gap-8 w-full [&amp;:hover_*]:text-neutral-900 is-active\">\n\n        <span class=\"\">\n          4. Czy nadaje si\u0119 dla kobiet w ci\u0105\u017cy?\n        <\/span>\n\n        <span class=\"inline-flex items-center justify-center transition duration-300 ease-in group-hover:bg-primary-0 transform group-[.is-active]:rotate-180\">\n          <svg xmlns=\"http:\/\/www.w3.org\/2000\/svg\" width=\"24\" height=\"24\" viewBox=\"0 0 24 24\" fill=\"none\">\n\t<path d=\"M5 10L12 16L19 10\" stroke=\"currentColor\" stroke-width=\"1.5\" stroke-linecap=\"round\"><\/path>\n<\/svg>\n\n        <\/span>\n\n      <\/button>\n      <div class=\"accordion-item__content hidden text-md text-neutral-800 pb-20\" style=\"display: none;\"><p data-start=\"997\" data-end=\"1122\">Tak, <strong data-start=\"1046\" data-end=\"1109\">mo\u017ce by\u0107 stosowana przez kobiety w ci\u0105\u017cy i karmi\u0105ce piersi\u0105<\/strong>, poniewa\u017c:<\/p>\n<ul data-start=\"1123\" data-end=\"1229\">\n<li data-start=\"1123\" data-end=\"1182\">\n<p data-start=\"1125\" data-end=\"1182\">nie zawiera lek\u00f3w (substancji obkurczaj\u0105cych naczynia),<\/p>\n<\/li>\n<li data-start=\"1183\" data-end=\"1229\">\n<p data-start=\"1185\" data-end=\"1229\">jest to izotoniczny roztw\u00f3r wody morskiej.<\/p>\n<\/li>\n<\/ul>\n<p>&nbsp;<\/p>\n<p data-start=\"1231\" data-end=\"1326\">W przypadku w\u0105tpliwo\u015bci lub bardzo nasilonych objaw\u00f3w zawsze warto skonsultowa\u0107 si\u0119 z lekarzem.<\/p>\n<\/div>\n    <\/li>\n\n  \n    <li class=\"accordion-item border-b border-neutral-400 group\">\n\n      <button type=\"button\" class=\"text-left accordion-item__button py-24 transition duration-300 ease-in cursor-pointer h6 text-primary-700 font-semibold flex items-center justify-between gap-8 w-full [&amp;:hover_*]:text-neutral-900 is-active\">\n\n        <span class=\"\">\n          5. Ile razy dziennie mog\u0119 stosowa\u0107\n        <\/span>\n\n        <span class=\"inline-flex items-center justify-center transition duration-300 ease-in group-hover:bg-primary-0 transform group-[.is-active]:rotate-180\">\n          <svg xmlns=\"http:\/\/www.w3.org\/2000\/svg\" width=\"24\" height=\"24\" viewBox=\"0 0 24 24\" fill=\"none\">\n\t<path d=\"M5 10L12 16L19 10\" stroke=\"currentColor\" stroke-width=\"1.5\" stroke-linecap=\"round\"><\/path>\n<\/svg>\n\n        <\/span>\n\n      <\/button>\n      <div class=\"accordion-item__content hidden text-md text-neutral-800 pb-20\" style=\"display: none;\"><p data-start=\"1333\" data-end=\"1405\">Zgodnie z instrukcj\u0105 u\u017cywania:<\/p>\n<ul data-start=\"1407\" data-end=\"1691\">\n<li data-start=\"1407\" data-end=\"1555\">\n<p data-start=\"1409\" data-end=\"1555\"><strong data-start=\"1409\" data-end=\"1463\">Niemowl\u0119ta od 6. miesi\u0105ca \u017cycia i dzieci do 6 lat:<\/strong><br data-start=\"1463\" data-end=\"1466\">1 dawka do ka\u017cdego otworu nosowego <strong data-start=\"1503\" data-end=\"1526\">kilka razy dziennie<\/strong>, w zale\u017cno\u015bci od potrzeby.<\/p>\n<\/li>\n<li data-start=\"1557\" data-end=\"1691\">\n<p data-start=\"1559\" data-end=\"1691\"><strong data-start=\"1559\" data-end=\"1597\">Dzieci od 6. roku \u017cycia i doro\u015bli:<\/strong><br data-start=\"1597\" data-end=\"1600\">1\u20133 dawki do ka\u017cdego otworu nosowego <strong data-start=\"1639\" data-end=\"1662\">kilka razy dziennie<\/strong>, w zale\u017cno\u015bci od potrzeby.<\/p>\n<\/li>\n<\/ul>\n<p>&nbsp;<\/p>\n<p data-start=\"1693\" data-end=\"1825\">Preparat jest <strong data-start=\"1707\" data-end=\"1750\">bezpieczny przy d\u0142ugotrwa\u0142ym stosowaniu<\/strong>, poniewa\u017c nie zawiera substancji obkurczaj\u0105cych naczynia ani konserwant\u00f3w.<\/p>\n<\/div>\n    <\/li>\n\n  \n    <li class=\"accordion-item border-b border-neutral-400 group\">\n\n      <button type=\"button\" class=\"text-left accordion-item__button py-24 transition duration-300 ease-in cursor-pointer h6 text-primary-700 font-semibold flex items-center justify-between gap-8 w-full [&amp;:hover_*]:text-neutral-900 is-active\">\n\n        <span class=\"\">\n          6. Na co pomaga Katarek Woda Morska izotoniczna?\n        <\/span>\n\n        <span class=\"inline-flex items-center justify-center transition duration-300 ease-in group-hover:bg-primary-0 transform group-[.is-active]:rotate-180\">\n          <svg xmlns=\"http:\/\/www.w3.org\/2000\/svg\" width=\"24\" height=\"24\" viewBox=\"0 0 24 24\" fill=\"none\">\n\t<path d=\"M5 10L12 16L19 10\" stroke=\"currentColor\" stroke-width=\"1.5\" stroke-linecap=\"round\"><\/path>\n<\/svg>\n\n        <\/span>\n\n      <\/button>\n      <div class=\"accordion-item__content hidden text-md text-neutral-800 pb-20\" style=\"display: none;\"><p data-start=\"1869\" data-end=\"1982\">Katarek Woda Morska izotoniczna to spray do nosa, kt\u00f3ry:<\/p>\n<ul data-start=\"1983\" data-end=\"2432\">\n<li data-start=\"1983\" data-end=\"2023\">\n<p data-start=\"1985\" data-end=\"2023\"><strong data-start=\"1985\" data-end=\"2020\">nawil\u017ca wysuszon\u0105 \u015bluz\u00f3wk\u0119 nosa<\/strong>,<\/p>\n<\/li>\n<li data-start=\"2024\" data-end=\"2091\">\n<p data-start=\"2026\" data-end=\"2091\">pomaga <strong data-start=\"2033\" data-end=\"2064\">rozrzedzi\u0107 g\u0119st\u0105 wydzielin\u0119<\/strong> i u\u0142atwia jej usuni\u0119cie,<\/p>\n<\/li>\n<li data-start=\"2092\" data-end=\"2158\">\n<p data-start=\"2094\" data-end=\"2158\"><strong data-start=\"2094\" data-end=\"2119\">oczyszcza jam\u0119 nosow\u0105<\/strong> z kurzu, alergen\u00f3w i zanieczyszcze\u0144,<\/p>\n<\/li>\n<li data-start=\"2159\" data-end=\"2218\">\n<p data-start=\"2161\" data-end=\"2218\"><strong data-start=\"2161\" data-end=\"2200\">\u0142agodzi podra\u017cnienie i przekrwienie<\/strong> b\u0142ony \u015bluzowej,<\/p>\n<\/li>\n<li data-start=\"2219\" data-end=\"2279\">\n<p data-start=\"2221\" data-end=\"2279\"><strong data-start=\"2221\" data-end=\"2276\">wspomaga naturalny proces oczyszczania nosa i zatok<\/strong>,<\/p>\n<\/li>\n<li data-start=\"2280\" data-end=\"2432\">\n<p data-start=\"2282\" data-end=\"2432\">sprawdza si\u0119 <strong data-start=\"2295\" data-end=\"2329\">profilaktycznie i wspomagaj\u0105co<\/strong> przy katarze, infekcjach g\u00f3rnych dr\u00f3g oddechowych, alergii czy ekspozycji na smog i suche powietrze.<\/p>\n<\/li>\n<\/ul>\n<p>&nbsp;<\/p>\n<p data-start=\"2434\" data-end=\"2550\">To wyr\u00f3b medyczny do <strong data-start=\"2455\" data-end=\"2482\">codziennej higieny nosa<\/strong>, odpowiedni dla niemowl\u0105t od 6. miesi\u0105ca \u017cycia, dzieci i doros\u0142ych.<\/p>\n<\/div>\n    <\/li>\n\n  \n    <li class=\"accordion-item border-b border-neutral-400 group\">\n\n      <button type=\"button\" class=\"text-left accordion-item__button py-24 transition duration-300 ease-in cursor-pointer h6 text-primary-700 font-semibold flex items-center justify-between gap-8 w-full [&amp;:hover_*]:text-neutral-900 is-active\">\n\n        <span class=\"\">\n          7. Czy Katarek Woda Morska izotoniczna mo\u017cna stosowa\u0107 codziennie i d\u0142ugotrwale?\n        <\/span>\n\n        <span class=\"inline-flex items-center justify-center transition duration-300 ease-in group-hover:bg-primary-0 transform group-[.is-active]:rotate-180\">\n          <svg xmlns=\"http:\/\/www.w3.org\/2000\/svg\" width=\"24\" height=\"24\" viewBox=\"0 0 24 24\" fill=\"none\">\n\t<path d=\"M5 10L12 16L19 10\" stroke=\"currentColor\" stroke-width=\"1.5\" stroke-linecap=\"round\"><\/path>\n<\/svg>\n\n        <\/span>\n\n      <\/button>\n      <div class=\"accordion-item__content hidden text-md text-neutral-800 pb-20\" style=\"display: none;\"><p data-start=\"2557\" data-end=\"2689\">Tak. Instrukcja wyra\u017anie wskazuje, \u017ce wyr\u00f3b:<\/p>\n<ul data-start=\"2690\" data-end=\"2947\">\n<li data-start=\"2690\" data-end=\"2749\">\n<p data-start=\"2692\" data-end=\"2749\">jest <strong data-start=\"2697\" data-end=\"2746\">bezpieczny nawet przy d\u0142ugotrwa\u0142ym stosowaniu<\/strong>,<\/p>\n<\/li>\n<li data-start=\"2750\" data-end=\"2813\">\n<p data-start=\"2752\" data-end=\"2813\">mo\u017ce by\u0107 u\u017cywany <strong data-start=\"2769\" data-end=\"2783\">codziennie<\/strong>, tak\u017ce kilka razy dziennie,<\/p>\n<\/li>\n<li data-start=\"2814\" data-end=\"2947\">\n<p data-start=\"2816\" data-end=\"2947\"><strong data-start=\"2816\" data-end=\"2833\">nie uzale\u017cnia<\/strong> i nie powoduje efektu \u201ezatkanego nosa po odstawieniu\u201d, poniewa\u017c nie zawiera substancji obkurczaj\u0105cych naczynia.<\/p>\n<\/li>\n<\/ul>\n<p>&nbsp;<\/p>\n<p data-start=\"2949\" data-end=\"3087\">Regularne stosowanie pomaga utrzyma\u0107 <strong data-start=\"2986\" data-end=\"3026\">prawid\u0142owe nawil\u017cenie i oczyszczenie<\/strong> b\u0142ony \u015bluzowej nosa, co zmniejsza jej podatno\u015b\u0107 na infekcje.<\/p>\n<\/div>\n    <\/li>\n\n  \n    <li class=\"accordion-item border-b border-neutral-400 group\">\n\n      <button type=\"button\" class=\"text-left accordion-item__button py-24 transition duration-300 ease-in cursor-pointer h6 text-primary-700 font-semibold flex items-center justify-between gap-8 w-full [&amp;:hover_*]:text-neutral-900\">\n\n        <span class=\"\">\n          8. Jak prawid\u0142owo u\u017cywa\u0107 Katarek Woda Morska izotoniczna u niemowl\u0105t i dzieci?\n        <\/span>\n\n        <span class=\"inline-flex items-center justify-center transition duration-300 ease-in group-hover:bg-primary-0 transform group-[.is-active]:rotate-180\">\n          <svg xmlns=\"http:\/\/www.w3.org\/2000\/svg\" width=\"24\" height=\"24\" viewBox=\"0 0 24 24\" fill=\"none\">\n\t<path d=\"M5 10L12 16L19 10\" stroke=\"currentColor\" stroke-width=\"1.5\" stroke-linecap=\"round\"><\/path>\n<\/svg>\n\n        <\/span>\n\n      <\/button>\n      <div class=\"accordion-item__content hidden text-md text-neutral-800 pb-20\" style=\"display: none;\"><p data-start=\"3094\" data-end=\"3211\">Zgodnie z instrukcj\u0105 u\u017cywania:<\/p>\n<ol data-start=\"3213\" data-end=\"3924\">\n<li data-start=\"3213\" data-end=\"3271\">\n<p data-start=\"3216\" data-end=\"3271\"><strong data-start=\"3216\" data-end=\"3237\">Przygotuj produkt<\/strong> \u2013 zdejmij nasadk\u0119 z aplikatora.<\/p>\n<\/li>\n<li data-start=\"3272\" data-end=\"3391\">\n<p data-start=\"3275\" data-end=\"3391\"><strong data-start=\"3275\" data-end=\"3295\">Uaktywnij pompk\u0119<\/strong> \u2013 przed pierwszym u\u017cyciem kilkukrotnie naci\u015bnij pompk\u0119, a\u017c pojawi si\u0119 jednolita dawka sprayu.<\/p>\n<\/li>\n<li data-start=\"3392\" data-end=\"3522\">\n<p data-start=\"3395\" data-end=\"3522\"><strong data-start=\"3395\" data-end=\"3411\">U\u0142\u00f3\u017c dziecko<\/strong> \u2013 w wygodnej pozycji, z g\u0142ow\u0105 lekko odchylon\u0105 do ty\u0142u lub na bok (u niemowl\u0105t cz\u0119sto wygodnie jest na boku).<\/p>\n<\/li>\n<li data-start=\"3523\" data-end=\"3658\">\n<p data-start=\"3526\" data-end=\"3658\"><strong data-start=\"3526\" data-end=\"3547\">Aplikacja do nosa<\/strong> \u2013 delikatnie wsu\u0144 aplikator do otworu nosowego i naci\u015bnij obustronnie jego podstaw\u0119, podaj\u0105c zalecan\u0105 dawk\u0119.<\/p>\n<\/li>\n<li data-start=\"3659\" data-end=\"3811\">\n<p data-start=\"3662\" data-end=\"3811\"><strong data-start=\"3662\" data-end=\"3694\">Pozw\u00f3l, by roztw\u00f3r zadzia\u0142a\u0142<\/strong> \u2013 wydzielina mo\u017ce wyp\u0142yn\u0105\u0107 na zewn\u0105trz; u mniejszych dzieci mo\u017cna j\u0105 delikatnie usun\u0105\u0107 chusteczk\u0105 lub aspiratorem.<\/p>\n<\/li>\n<li data-start=\"3812\" data-end=\"3924\">\n<p data-start=\"3815\" data-end=\"3924\"><strong data-start=\"3815\" data-end=\"3837\">Higiena aplikatora<\/strong> \u2013 po ka\u017cdym u\u017cyciu umyj aplikator myd\u0142em, sp\u0142ucz letni\u0105 wod\u0105, osusz i za\u0142\u00f3\u017c nasadk\u0119.<\/p>\n<\/li>\n<\/ol>\n<p>&nbsp;<\/p>\n<p data-start=\"3926\" data-end=\"4088\" data-is-last-node=\"\" data-is-only-node=\"\">Stosowanie u dzieci zawsze powinno odbywa\u0107 si\u0119 <strong data-start=\"3973\" data-end=\"4004\">pod kontrol\u0105 osoby doros\u0142ej<\/strong>. W razie w\u0105tpliwo\u015bci co do sposobu u\u017cycia skonsultuj si\u0119 z lekarzem lub farmaceut\u0105.<\/p>\n<\/div>\n    <\/li>\n\n  <\/ul>\n\t\t\t<\/div>\n<\/article> -->\n\n\n<section class=\"product-info !my-24 \">\n\t<div class=\"rounded-20 overflow-hidden p-16 lg:py-24 lg:px-64 border-1 border-solid border-black\">\n\t\t\t\t\t\n\n\t<h4 class=\"  text-neutral-800 \">\n\n\t\tWa\u017cna informacja dla kupuj\u0105cych:\n\n\t<\/h4>\n\n\t\t\t\t\t\t\t<div class=\"text-neutral-800 text-md mt-16\">\n\t\t\t\t<p>Dzi\u0119kujemy za zainteresowanie naszym produktem! Zanim zdecydujesz si\u0119 na zakup, prosimy o zapoznanie si\u0119 z poni\u017csz\u0105 informacj\u0105:<\/p>\n<p>Zgodnie z art. 38 ustawy o prawach konsumenta, wyroby medyczne sprzedawane w zapiecz\u0119towanych opakowaniach nie podlegaj\u0105 zwrotowi, je\u015bli opakowanie zosta\u0142o otwarte po dostarczeniu. Wynika to z dba\u0142o\u015bci o Twoje bezpiecze\u0144stwo oraz higien\u0119.<\/p>\n<p>Dlatego prosimy o rozwa\u017cne podejmowanie decyzji zakupowych. Je\u015bli masz jakiekolwiek pytania dotycz\u0105ce produktu, ch\u0119tnie na nie odpowiemy, by pom\u00f3c Ci dokona\u0107 najlepszego wyboru!<\/p>\n<p>Wy\u0142\u0105czenie od prawa odst\u0105pienia w ci\u0105gu 14 dni w przypadku zakupu dokonanego na odleg\u0142o\u015b\u0107 wynika z:<\/p>\n<p>Ustawa o prawach konsumenta<\/p>\n<p>Dz.U.2023.0.2759 t.j. \u2013 Ustawa z dnia 30 maja 2014 r. o prawach konsumenta<\/p>\n<p>Art. 38. prawa konsumenta<\/p>\n<p>1.Prawo odst\u0105pienia od umowy zawartej poza lokalem przedsi\u0119biorstwa lub na odleg\u0142o\u015b\u0107 nie przys\u0142uguje konsumentowi w odniesieniu do um\u00f3w:<\/p>\n<p>5) w kt\u00f3rej przedmiotem \u015bwiadczenia jest towar dostarczany w zapiecz\u0119towanym opakowaniu, kt\u00f3rego po otwarciu opakowania nie mo\u017cna zwr\u00f3ci\u0107 ze wzgl\u0119du na ochron\u0119 zdrowia lub ze wzgl\u0119d\u00f3w higienicznych, je\u017celi opakowanie zosta\u0142o otwarte po dostarczeniu;<\/p>\n\n\t\t\t<\/div>\n\t\t\t<\/div>\n<\/section>\n\n\n\n<div class=\"wp-block-group eplus-wrapper is-nowrap is-layout-flex wp-container-core-group-is-layout-ad2f72ca wp-block-group-is-layout-flex\">\n\t\n\t\t\n\t\t\t\t\t\t\t\n\t<figure class=\"overflow-hidden \">\n\n\t\t\n\t\t\t\t\t\t\t\t\t\n\t\t\t<img decoding=\"async\" src=\"https:\/\/katarek.pl\/wp-content\/uploads\/2026\/03\/Bez-nazwy-600-x-300-px-1.png\" srcset=\"https:\/\/katarek.pl\/wp-content\/uploads\/2026\/03\/Bez-nazwy-600-x-300-px-1.png 600w, https:\/\/katarek.pl\/wp-content\/uploads\/2026\/03\/Bez-nazwy-600-x-300-px-1-450x225.png 450w, https:\/\/katarek.pl\/wp-content\/uploads\/2026\/03\/Bez-nazwy-600-x-300-px-1-500x250.png 500w\" sizes=\"(max-width: 600px) 100vw, 600px\" alt=\"Wpieramy 20 lat\" class=\"h-full w-full object-cover\" width=\"600\" height=\"300\" loading=\"lazy\"\/>\n\n\t\t\n\t<\/figure>\n\n\n\t\t\n\t\n\n\n\n\t\n\t\t\n\t\t\t\t\t\t\t\n\t<figure class=\"overflow-hidden \">\n\n\t\t\n\t\t\t\t\t\t\t\t\t\n\t\t\t<img decoding=\"async\" src=\"https:\/\/katarek.pl\/wp-content\/uploads\/2026\/03\/Bez-nazwy-600-x-300-px.png\" srcset=\"https:\/\/katarek.pl\/wp-content\/uploads\/2026\/03\/Bez-nazwy-600-x-300-px.png 600w, https:\/\/katarek.pl\/wp-content\/uploads\/2026\/03\/Bez-nazwy-600-x-300-px-450x225.png 450w, https:\/\/katarek.pl\/wp-content\/uploads\/2026\/03\/Bez-nazwy-600-x-300-px-500x250.png 500w\" sizes=\"(max-width: 600px) 100vw, 600px\" alt=\"Laur Konsumenta 2026\" class=\"h-full w-full object-cover\" width=\"600\" height=\"300\" loading=\"lazy\"\/>\n\n\t\t\n\t<\/figure>\n\n\n\t\t\n\t\n<\/div>\n\n\n\n<h2 class=\" wp-block-heading has-text-align-center eplus-wrapper\"><strong><strong>KATAREK, wspieramy w zdrowiu i chorobie<\/strong><\/strong>.<\/h2>\n\n\n\n<div class=\"wp-block-group eplus-wrapper\"><div class=\"wp-block-group__inner-container is-layout-constrained wp-block-group-is-layout-constrained\">\n<p class=\" eplus-wrapper\"><\/p>\n<\/div><\/div>\n","protected":false},"excerpt":{"rendered":"<p>naturalna ulga dla nosa. Bez konserwant\u00f3w, bez kompromis\u00f3w<\/p>\n","protected":false},"featured_media":4834,"template":"","meta":{"_acf_changed":true,"inline_featured_image":false,"editor_plus_copied_stylings":"{}"},"product_brand":[35],"product_cat":[21],"product_tag":[99],"class_list":{"0":"post-4143","1":"product","2":"type-product","3":"status-publish","4":"has-post-thumbnail","6":"product_brand-katarek","7":"product_cat-sole","8":"product_tag-nowosc","10":"first","11":"instock","12":"taxable","13":"shipping-taxable","14":"purchasable","15":"product-type-simple"},"yoast_head":"<!-- This site is optimized with the Yoast SEO plugin v27.4 - https:\/\/yoast.com\/product\/yoast-seo-wordpress\/ -->\n<title>Katarek Woda Morska izotoniczna 30 ml - katarek.pl<\/title>\n<meta name=\"robots\" content=\"index, follow, max-snippet:-1, max-image-preview:large, max-video-preview:-1\" \/>\n<link rel=\"canonical\" href=\"https:\/\/katarek.pl\/produkt\/katarek-woda-morska-izotoniczna-30-ml\/\" \/>\n<meta property=\"og:locale\" content=\"pl_PL\" \/>\n<meta property=\"og:type\" content=\"article\" \/>\n<meta property=\"og:title\" content=\"Katarek Woda Morska izotoniczna 30 ml - katarek.pl\" \/>\n<meta property=\"og:description\" content=\"naturalna ulga dla nosa. Bez konserwant\u00f3w, bez kompromis\u00f3w\" \/>\n<meta property=\"og:url\" content=\"https:\/\/katarek.pl\/produkt\/katarek-woda-morska-izotoniczna-30-ml\/\" \/>\n<meta property=\"og:site_name\" content=\"katarek.pl\" \/>\n<meta property=\"article:modified_time\" content=\"2026-05-01T20:03:11+00:00\" \/>\n<meta property=\"og:image\" content=\"https:\/\/katarek.pl\/wp-content\/uploads\/2026\/01\/Projekt-bez-nazwy-5.png\" \/>\n\t<meta property=\"og:image:width\" content=\"900\" \/>\n\t<meta property=\"og:image:height\" content=\"900\" \/>\n\t<meta property=\"og:image:type\" content=\"image\/png\" \/>\n<meta name=\"twitter:card\" content=\"summary_large_image\" \/>\n<meta name=\"twitter:label1\" content=\"Szacowany czas czytania\" \/>\n\t<meta name=\"twitter:data1\" content=\"3 minuty\" \/>\n<script type=\"application\/ld+json\" class=\"yoast-schema-graph\">{\"@context\":\"https:\\\/\\\/schema.org\",\"@graph\":[{\"@type\":\"WebPage\",\"@id\":\"https:\\\/\\\/katarek.pl\\\/produkt\\\/katarek-woda-morska-izotoniczna-30-ml\\\/\",\"url\":\"https:\\\/\\\/katarek.pl\\\/produkt\\\/katarek-woda-morska-izotoniczna-30-ml\\\/\",\"name\":\"Katarek Woda Morska izotoniczna 30 ml - katarek.pl\",\"isPartOf\":{\"@id\":\"https:\\\/\\\/katarek.pl\\\/#website\"},\"primaryImageOfPage\":{\"@id\":\"https:\\\/\\\/katarek.pl\\\/produkt\\\/katarek-woda-morska-izotoniczna-30-ml\\\/#primaryimage\"},\"image\":{\"@id\":\"https:\\\/\\\/katarek.pl\\\/produkt\\\/katarek-woda-morska-izotoniczna-30-ml\\\/#primaryimage\"},\"thumbnailUrl\":\"https:\\\/\\\/katarek.pl\\\/wp-content\\\/uploads\\\/2026\\\/01\\\/Projekt-bez-nazwy-5.png\",\"datePublished\":\"2025-11-20T14:59:27+00:00\",\"dateModified\":\"2026-05-01T20:03:11+00:00\",\"breadcrumb\":{\"@id\":\"https:\\\/\\\/katarek.pl\\\/produkt\\\/katarek-woda-morska-izotoniczna-30-ml\\\/#breadcrumb\"},\"inLanguage\":\"pl-PL\",\"potentialAction\":[{\"@type\":\"ReadAction\",\"target\":[\"https:\\\/\\\/katarek.pl\\\/produkt\\\/katarek-woda-morska-izotoniczna-30-ml\\\/\"]}]},{\"@type\":\"ImageObject\",\"inLanguage\":\"pl-PL\",\"@id\":\"https:\\\/\\\/katarek.pl\\\/produkt\\\/katarek-woda-morska-izotoniczna-30-ml\\\/#primaryimage\",\"url\":\"https:\\\/\\\/katarek.pl\\\/wp-content\\\/uploads\\\/2026\\\/01\\\/Projekt-bez-nazwy-5.png\",\"contentUrl\":\"https:\\\/\\\/katarek.pl\\\/wp-content\\\/uploads\\\/2026\\\/01\\\/Projekt-bez-nazwy-5.png\",\"width\":900,\"height\":900,\"caption\":\"Katarek Woda Morska Izotoniczna 0,9 %, spray do nosa\"},{\"@type\":\"BreadcrumbList\",\"@id\":\"https:\\\/\\\/katarek.pl\\\/produkt\\\/katarek-woda-morska-izotoniczna-30-ml\\\/#breadcrumb\",\"itemListElement\":[{\"@type\":\"ListItem\",\"position\":1,\"name\":\"Home\",\"item\":\"https:\\\/\\\/katarek.pl\\\/\"},{\"@type\":\"ListItem\",\"position\":2,\"name\":\"Sklep\",\"item\":\"https:\\\/\\\/katarek.pl\\\/sklep\\\/\"},{\"@type\":\"ListItem\",\"position\":3,\"name\":\"Sole\",\"item\":\"https:\\\/\\\/katarek.pl\\\/kategoria-produktu\\\/sole\\\/\"},{\"@type\":\"ListItem\",\"position\":4,\"name\":\"Katarek Woda Morska izotoniczna 30 ml\"}]},{\"@type\":\"WebSite\",\"@id\":\"https:\\\/\\\/katarek.pl\\\/#website\",\"url\":\"https:\\\/\\\/katarek.pl\\\/\",\"name\":\"katarek.pl\",\"description\":\"\",\"potentialAction\":[{\"@type\":\"SearchAction\",\"target\":{\"@type\":\"EntryPoint\",\"urlTemplate\":\"https:\\\/\\\/katarek.pl\\\/?s={search_term_string}\"},\"query-input\":{\"@type\":\"PropertyValueSpecification\",\"valueRequired\":true,\"valueName\":\"search_term_string\"}}],\"inLanguage\":\"pl-PL\"}]}<\/script>\n<!-- \/ Yoast SEO plugin. -->","yoast_head_json":{"title":"Katarek Woda Morska izotoniczna 30 ml - katarek.pl","robots":{"index":"index","follow":"follow","max-snippet":"max-snippet:-1","max-image-preview":"max-image-preview:large","max-video-preview":"max-video-preview:-1"},"canonical":"https:\/\/katarek.pl\/produkt\/katarek-woda-morska-izotoniczna-30-ml\/","og_locale":"pl_PL","og_type":"article","og_title":"Katarek Woda Morska izotoniczna 30 ml - katarek.pl","og_description":"naturalna ulga dla nosa. Bez konserwant\u00f3w, bez kompromis\u00f3w","og_url":"https:\/\/katarek.pl\/produkt\/katarek-woda-morska-izotoniczna-30-ml\/","og_site_name":"katarek.pl","article_modified_time":"2026-05-01T20:03:11+00:00","og_image":[{"width":900,"height":900,"url":"https:\/\/katarek.pl\/wp-content\/uploads\/2026\/01\/Projekt-bez-nazwy-5.png","type":"image\/png"}],"twitter_card":"summary_large_image","twitter_misc":{"Szacowany czas czytania":"3 minuty"},"schema":{"@context":"https:\/\/schema.org","@graph":[{"@type":"WebPage","@id":"https:\/\/katarek.pl\/produkt\/katarek-woda-morska-izotoniczna-30-ml\/","url":"https:\/\/katarek.pl\/produkt\/katarek-woda-morska-izotoniczna-30-ml\/","name":"Katarek Woda Morska izotoniczna 30 ml - katarek.pl","isPartOf":{"@id":"https:\/\/katarek.pl\/#website"},"primaryImageOfPage":{"@id":"https:\/\/katarek.pl\/produkt\/katarek-woda-morska-izotoniczna-30-ml\/#primaryimage"},"image":{"@id":"https:\/\/katarek.pl\/produkt\/katarek-woda-morska-izotoniczna-30-ml\/#primaryimage"},"thumbnailUrl":"https:\/\/katarek.pl\/wp-content\/uploads\/2026\/01\/Projekt-bez-nazwy-5.png","datePublished":"2025-11-20T14:59:27+00:00","dateModified":"2026-05-01T20:03:11+00:00","breadcrumb":{"@id":"https:\/\/katarek.pl\/produkt\/katarek-woda-morska-izotoniczna-30-ml\/#breadcrumb"},"inLanguage":"pl-PL","potentialAction":[{"@type":"ReadAction","target":["https:\/\/katarek.pl\/produkt\/katarek-woda-morska-izotoniczna-30-ml\/"]}]},{"@type":"ImageObject","inLanguage":"pl-PL","@id":"https:\/\/katarek.pl\/produkt\/katarek-woda-morska-izotoniczna-30-ml\/#primaryimage","url":"https:\/\/katarek.pl\/wp-content\/uploads\/2026\/01\/Projekt-bez-nazwy-5.png","contentUrl":"https:\/\/katarek.pl\/wp-content\/uploads\/2026\/01\/Projekt-bez-nazwy-5.png","width":900,"height":900,"caption":"Katarek Woda Morska Izotoniczna 0,9 %, spray do nosa"},{"@type":"BreadcrumbList","@id":"https:\/\/katarek.pl\/produkt\/katarek-woda-morska-izotoniczna-30-ml\/#breadcrumb","itemListElement":[{"@type":"ListItem","position":1,"name":"Home","item":"https:\/\/katarek.pl\/"},{"@type":"ListItem","position":2,"name":"Sklep","item":"https:\/\/katarek.pl\/sklep\/"},{"@type":"ListItem","position":3,"name":"Sole","item":"https:\/\/katarek.pl\/kategoria-produktu\/sole\/"},{"@type":"ListItem","position":4,"name":"Katarek Woda Morska izotoniczna 30 ml"}]},{"@type":"WebSite","@id":"https:\/\/katarek.pl\/#website","url":"https:\/\/katarek.pl\/","name":"katarek.pl","description":"","potentialAction":[{"@type":"SearchAction","target":{"@type":"EntryPoint","urlTemplate":"https:\/\/katarek.pl\/?s={search_term_string}"},"query-input":{"@type":"PropertyValueSpecification","valueRequired":true,"valueName":"search_term_string"}}],"inLanguage":"pl-PL"}]}},"acf":[],"gutenberg_blocks":[{"blockName":"custom-styles","attrs":{"styles":".eplus-styles-uid-928f7b{grid-template-columns:repeat(1,1fr);list-style-type:disc}@media (max-width:981px){.eplus-styles-uid-928f7b{list-style-type:}}@media (max-width:600px){.eplus-styles-uid-928f7b{list-style-type:}}.eplus-styles-uid-928f7b:hover{list-style-type:}.eplus-styles-uid-6737eb{grid-template-columns:repeat(1,1fr);list-style-type:disc}@media (max-width:981px){.eplus-styles-uid-6737eb{list-style-type:}}@media (max-width:600px){.eplus-styles-uid-6737eb{list-style-type:}}.eplus-styles-uid-6737eb:hover{list-style-type:}"}},{"blockName":"core\/heading","attrs":{"className":"","epAnimationGeneratedClass":"edplus_anim-9URS0F","epGeneratedClass":"eplus-wrapper"},"innerBlocks":[],"innerHTML":"\n<h2 class=\" wp-block-heading eplus-wrapper\">Katarek Woda Morska izotoniczna \u2013 spray do nosa 30 ml<br><strong>Naturalna ulga dla nosa. <\/strong><\/h2>\n","innerContent":["\n<h2 class=\" wp-block-heading eplus-wrapper\">Katarek Woda Morska izotoniczna \u2013 spray do nosa 30 ml<br><strong>Naturalna ulga dla nosa. <\/strong><\/h2>\n"]},{"blockName":"core\/group","attrs":{"metadata":{"categories":["woo-commerce"],"patternName":"core\/block\/1244","name":"txt-img-p"},"className":"txt-img txt-img-p","layout":{"type":"flex","flexWrap":"nowrap"},"epAnimationGeneratedClass":"edplus_anim-Pono8F","epGeneratedClass":"eplus-wrapper"},"innerBlocks":[{"blockName":"core\/group","attrs":{"className":"","layout":{"type":"constrained"},"epAnimationGeneratedClass":"edplus_anim-P3zUAI","epGeneratedClass":"eplus-wrapper"},"innerBlocks":[{"blockName":"core\/heading","attrs":{"className":"","epAnimationGeneratedClass":"edplus_anim-W04epF","epGeneratedClass":"eplus-wrapper"},"innerBlocks":[],"innerHTML":"\n<h2 class=\" wp-block-heading eplus-wrapper\">Bez konserwant\u00f3w,<br>bez kompromis\u00f3w<\/h2>\n","innerContent":["\n<h2 class=\" wp-block-heading eplus-wrapper\">Bez konserwant\u00f3w,<br>bez kompromis\u00f3w<\/h2>\n"]},{"blockName":"core\/paragraph","attrs":{"className":"","epAnimationGeneratedClass":"edplus_anim-cLL2IQ","epGeneratedClass":"eplus-wrapper"},"innerBlocks":[],"innerHTML":"\n<p class=\" eplus-wrapper\">Katarek Woda Morska Izotoniczna pochodzi z g\u0142\u0119bin Oceanu Atlantyckiego<br><strong>Czysta, bogata w minera\u0142y, delikatna nawet dla najm\u0142odszych<\/strong>. Przyjazna dla kobiet w ci\u0105\u017cy.<\/p>\n","innerContent":["\n<p class=\" eplus-wrapper\">Katarek Woda Morska Izotoniczna pochodzi z g\u0142\u0119bin Oceanu Atlantyckiego<br><strong>Czysta, bogata w minera\u0142y, delikatna nawet dla najm\u0142odszych<\/strong>. Przyjazna dla kobiet w ci\u0105\u017cy.<\/p>\n"]},{"blockName":"core\/paragraph","attrs":{"className":"","epAnimationGeneratedClass":"edplus_anim-qfb3F8","epGeneratedClass":"eplus-wrapper"},"innerBlocks":[],"innerHTML":"\n<p class=\" eplus-wrapper\"><strong>Przydatna zar\u00f3wno podczas choroby jak i w codziennej piel\u0119gnacji.<\/strong><\/p>\n","innerContent":["\n<p class=\" eplus-wrapper\"><strong>Przydatna zar\u00f3wno podczas choroby jak i w codziennej piel\u0119gnacji.<\/strong><\/p>\n"]},{"blockName":"core\/paragraph","attrs":{"className":"","epAnimationGeneratedClass":"edplus_anim-cLL2IQ","epGeneratedClass":"eplus-wrapper"},"innerBlocks":[],"innerHTML":"\n<p class=\" eplus-wrapper\"><br>\ud83d\udca7 Pomaga oddycha\u0107 swobodnie<br>\ud83d\udca7 Nawil\u017ca b\u0142on\u0119 \u015bluzow\u0105 <br>\ud83d\udca7 Usuwa to, co utrudnia naturalny oddech.<br><br><strong>Z trosk\u0105, jakiej oczekuj\u0105 rodzic<\/strong>e.<\/p>\n","innerContent":["\n<p class=\" eplus-wrapper\"><br>\ud83d\udca7 Pomaga oddycha\u0107 swobodnie<br>\ud83d\udca7 Nawil\u017ca b\u0142on\u0119 \u015bluzow\u0105 <br>\ud83d\udca7 Usuwa to, co utrudnia naturalny oddech.<br><br><strong>Z trosk\u0105, jakiej oczekuj\u0105 rodzic<\/strong>e.<\/p>\n"]},{"blockName":"core\/paragraph","attrs":{"className":"","epAnimationGeneratedClass":"edplus_anim-cLL2IQ","epGeneratedClass":"eplus-wrapper"},"innerBlocks":[],"innerHTML":"\n<p class=\" eplus-wrapper\"><strong>Od 6. miesi\u0105ca \u017cycia \u00b7 Bez konserwant\u00f3w \u00b7 Wyr\u00f3b medyczny kl. I<\/strong><\/p>\n","innerContent":["\n<p class=\" eplus-wrapper\"><strong>Od 6. miesi\u0105ca \u017cycia \u00b7 Bez konserwant\u00f3w \u00b7 Wyr\u00f3b medyczny kl. I<\/strong><\/p>\n"]}],"innerHTML":"\n<div class=\" wp-block-group eplus-wrapper\">\n\n\n\n\n\n\n\n<\/div>\n","innerContent":["\n<div class=\" wp-block-group eplus-wrapper\">",null,"\n\n",null,"\n\n",null,"\n\n",null,"\n\n",null,"<\/div>\n"]},{"blockName":"acf\/image","attrs":{"name":"acf\/image","data":{"image":4201,"_image":"field_642686ed613f8"},"mode":"edit"},"innerBlocks":[],"innerHTML":"","innerContent":[]}],"innerHTML":"\n<div class=\"txt-img txt-img-p wp-block-group eplus-wrapper\">\n\n<\/div>\n","innerContent":["\n<div class=\"txt-img txt-img-p wp-block-group eplus-wrapper\">",null,"\n\n",null,"<\/div>\n"]},{"blockName":"acf\/product-investment-benefits","attrs":{"name":"acf\/product-investment-benefits","data":{"title_heading_label":"","_title_heading_label":"field_680f5de7d3992","title_heading_text":"","_title_heading_text":"field_638627ccced84","title_heading_level":"h2","_title_heading_level":"field_638627e7ced85","title_heading_variant":"default","_title_heading_variant":"field_63862847ced86","title_extra_classes":"","_title_extra_classes":"field_638628eeced88","title":"","_title":"field_67f77018accab","repeater_0_icon":4212,"_repeater_0_icon":"field_67f66f4v948a5","repeater_0_title_heading_label":"","_repeater_0_title_heading_label":"field_680f5de7d3992","repeater_0_title_heading_text":"","_repeater_0_title_heading_text":"field_638627ccced84","repeater_0_title_heading_level":"h2","_repeater_0_title_heading_level":"field_638627e7ced85","repeater_0_title_heading_variant":"default","_repeater_0_title_heading_variant":"field_63862847ced86","repeater_0_title_extra_classes":"","_repeater_0_title_extra_classes":"field_638628eeced88","repeater_0_title":"","_repeater_0_title":"field_67fv35c24ab4f","repeater_0_content":"<p style=\"text-align: center;\">Naturalnie nawil\u017ca i oczyszcza \u015bluz\u00f3wk\u0119 nosa<\/p>","_repeater_0_content":"field_679368dc535e7","repeater_1_icon":4209,"_repeater_1_icon":"field_67f66f4v948a5","repeater_1_title_heading_label":"","_repeater_1_title_heading_label":"field_680f5de7d3992","repeater_1_title_heading_text":"","_repeater_1_title_heading_text":"field_638627ccced84","repeater_1_title_heading_level":"h2","_repeater_1_title_heading_level":"field_638627e7ced85","repeater_1_title_heading_variant":"default","_repeater_1_title_heading_variant":"field_63862847ced86","repeater_1_title_extra_classes":"","_repeater_1_title_extra_classes":"field_638628eeced88","repeater_1_title":"","_repeater_1_title":"field_67fv35c24ab4f","repeater_1_content":"<p style=\"text-align: center;\">Bez konserwant\u00f3w i niepotrzebnej chemii<\/p>","_repeater_1_content":"field_679368dc535e7","repeater_2_icon":4213,"_repeater_2_icon":"field_67f66f4v948a5","repeater_2_title_heading_label":"","_repeater_2_title_heading_label":"field_680f5de7d3992","repeater_2_title_heading_text":"","_repeater_2_title_heading_text":"field_638627ccced84","repeater_2_title_heading_level":"h2","_repeater_2_title_heading_level":"field_638627e7ced85","repeater_2_title_heading_variant":"default","_repeater_2_title_heading_variant":"field_63862847ced86","repeater_2_title_extra_classes":"","_repeater_2_title_extra_classes":"field_638628eeced88","repeater_2_title":"","_repeater_2_title":"field_67fv35c24ab4f","repeater_2_content":"<p style=\"text-align: center;\">Mo\u017cna stosowa\u0107 u dzieci ju\u017c od 6. miesi\u0105ca \u017cycia<\/p>","_repeater_2_content":"field_679368dc535e7","repeater_3_icon":4210,"_repeater_3_icon":"field_67f66f4v948a5","repeater_3_title_heading_label":"","_repeater_3_title_heading_label":"field_680f5de7d3992","repeater_3_title_heading_text":"","_repeater_3_title_heading_text":"field_638627ccced84","repeater_3_title_heading_level":"h2","_repeater_3_title_heading_level":"field_638627e7ced85","repeater_3_title_heading_variant":"default","_repeater_3_title_heading_variant":"field_63862847ced86","repeater_3_title_extra_classes":"","_repeater_3_title_extra_classes":"field_638628eeced88","repeater_3_title":"","_repeater_3_title":"field_67fv35c24ab4f","repeater_3_content":"<p style=\"text-align: center;\">Naturalna woda morska z Atlantyku - roztw\u00f3r izotoniczny<\/p>","_repeater_3_content":"field_679368dc535e7","repeater_4_icon":4211,"_repeater_4_icon":"field_67f66f4v948a5","repeater_4_title_heading_label":"","_repeater_4_title_heading_label":"field_680f5de7d3992","repeater_4_title_heading_text":"","_repeater_4_title_heading_text":"field_638627ccced84","repeater_4_title_heading_level":"h2","_repeater_4_title_heading_level":"field_638627e7ced85","repeater_4_title_heading_variant":"default","_repeater_4_title_heading_variant":"field_63862847ced86","repeater_4_title_extra_classes":"","_repeater_4_title_extra_classes":"field_638628eeced88","repeater_4_title":"","_repeater_4_title":"field_67fv35c24ab4f","repeater_4_content":"<p style=\"text-align: center;\">Wygodna forma sprayu, u\u0142atwia u\u017cycie i przechowywanie<\/p>","_repeater_4_content":"field_679368dc535e7","repeater":5,"_repeater":"field_67936e815ba86","layout_type":"5","_layout_type":"field_67f77031accac"},"mode":"edit"},"innerBlocks":[],"innerHTML":"","innerContent":[]},{"blockName":"core\/heading","attrs":{"className":"","epAnimationGeneratedClass":"edplus_anim-l5ZjgG","epGeneratedClass":"eplus-wrapper"},"innerBlocks":[],"innerHTML":"\n<h2 class=\" wp-block-heading eplus-wrapper\"><strong>Dlaczego warto mie\u0107 zawsze pod r\u0119k\u0105<\/strong><\/h2>\n","innerContent":["\n<h2 class=\" wp-block-heading eplus-wrapper\"><strong>Dlaczego warto mie\u0107 zawsze pod r\u0119k\u0105<\/strong><\/h2>\n"]},{"blockName":"core\/paragraph","attrs":{"className":"","epAnimationGeneratedClass":"edplus_anim-1zxMVg","epGeneratedClass":"eplus-wrapper"},"innerBlocks":[],"innerHTML":"\n<p class=\" eplus-wrapper\"><strong>Katarek Woda Morska<\/strong> ma osmotyczno\u015b\u0107 podobn\u0105 do fizjologicznej, wi\u0119c dzia\u0142a delikatnie na \u015bluz\u00f3wk\u0119 nosa i nie powoduje pieczenia czy obrz\u0119ku. Nie zawiera substancji leczniczych ani konserwant\u00f3w, co umo\u017cliwia <strong>cz\u0119ste stosowanie bez ryzyka efekt\u00f3w ubocznych<\/strong> w codziennej higienie noska.<\/p>\n","innerContent":["\n<p class=\" eplus-wrapper\"><strong>Katarek Woda Morska<\/strong> ma osmotyczno\u015b\u0107 podobn\u0105 do fizjologicznej, wi\u0119c dzia\u0142a delikatnie na \u015bluz\u00f3wk\u0119 nosa i nie powoduje pieczenia czy obrz\u0119ku. Nie zawiera substancji leczniczych ani konserwant\u00f3w, co umo\u017cliwia <strong>cz\u0119ste stosowanie bez ryzyka efekt\u00f3w ubocznych<\/strong> w codziennej higienie noska.<\/p>\n"]},{"blockName":"core\/paragraph","attrs":{"className":"","epAnimationGeneratedClass":"edplus_anim-6ZYTN1","epGeneratedClass":"eplus-wrapper"},"innerBlocks":[],"innerHTML":"\n<p class=\" eplus-wrapper\">Przezi\u0119bienie, suchy nosek po nocy, klimatyzacja w aucie czy smog za oknem \u2013 w takich momentach <strong>Katarek Woda Morska<\/strong> szybko nawil\u017ca i oczyszcza \u015bluz\u00f3wk\u0119 nosa, pomagaj\u0105c utrzyma\u0107 dro\u017cny nosek Twojego malucha i ca\u0142ej rodziny.<br>Por\u0119czny, spray <strong>30 ml<\/strong>, z delikatnym dozowaniem, bez problemu zmie\u015bci si\u0119 w domowej apteczce, Twojej torebce, plecaku, organizerze w\u00f3zka czy baga\u017cu podr\u0119cznym.  Masz wi\u0119c <strong>naturalne wsparcie dla nosa<\/strong> zawsze wtedy, gdy jest potrzebne \u2013 w domu i w podr\u00f3\u017cy.<\/p>\n","innerContent":["\n<p class=\" eplus-wrapper\">Przezi\u0119bienie, suchy nosek po nocy, klimatyzacja w aucie czy smog za oknem \u2013 w takich momentach <strong>Katarek Woda Morska<\/strong> szybko nawil\u017ca i oczyszcza \u015bluz\u00f3wk\u0119 nosa, pomagaj\u0105c utrzyma\u0107 dro\u017cny nosek Twojego malucha i ca\u0142ej rodziny.<br>Por\u0119czny, spray <strong>30 ml<\/strong>, z delikatnym dozowaniem, bez problemu zmie\u015bci si\u0119 w domowej apteczce, Twojej torebce, plecaku, organizerze w\u00f3zka czy baga\u017cu podr\u0119cznym.  Masz wi\u0119c <strong>naturalne wsparcie dla nosa<\/strong> zawsze wtedy, gdy jest potrzebne \u2013 w domu i w podr\u00f3\u017cy.<\/p>\n"]},{"blockName":"core\/group","attrs":{"metadata":{"categories":["woo-commerce"],"patternName":"core\/block\/1244","name":"txt-img-p"},"className":"txt-img txt-img-p","layout":{"type":"flex","flexWrap":"nowrap"},"epAnimationGeneratedClass":"edplus_anim-Pono8F","epGeneratedClass":"eplus-wrapper"},"innerBlocks":[{"blockName":"core\/group","attrs":{"className":"","layout":{"type":"constrained"},"epAnimationGeneratedClass":"edplus_anim-P3zUAI","epGeneratedClass":"eplus-wrapper"},"innerBlocks":[{"blockName":"core\/heading","attrs":{"className":"","epAnimationGeneratedClass":"edplus_anim-W04epF","epGeneratedClass":"eplus-wrapper"},"innerBlocks":[],"innerHTML":"\n<h2 class=\" wp-block-heading eplus-wrapper\"><strong><strong><strong>Gdy nosek ma trudniej \u2013 w jakich sytuacjach si\u0119ga\u0107 po spray?<\/strong><\/strong><\/strong><\/h2>\n","innerContent":["\n<h2 class=\" wp-block-heading eplus-wrapper\"><strong><strong><strong>Gdy nosek ma trudniej \u2013 w jakich sytuacjach si\u0119ga\u0107 po spray?<\/strong><\/strong><\/strong><\/h2>\n"]},{"blockName":"core\/paragraph","attrs":{"className":"","epAnimationGeneratedClass":"edplus_anim-cLL2IQ","epGeneratedClass":"eplus-wrapper"},"innerBlocks":[],"innerHTML":"\n<p class=\" eplus-wrapper\">Po Katarek Woda Morska warto si\u0119gn\u0105\u0107 zawsze wtedy, gdy infekcje lub suche powietrze m\u0119cz\u0105 Tw\u00f3j nos i nosek Twojego dziecka.<\/p>\n","innerContent":["\n<p class=\" eplus-wrapper\">Po Katarek Woda Morska warto si\u0119gn\u0105\u0107 zawsze wtedy, gdy infekcje lub suche powietrze m\u0119cz\u0105 Tw\u00f3j nos i nosek Twojego dziecka.<\/p>\n"]},{"blockName":"core\/paragraph","attrs":{"className":"","epAnimationGeneratedClass":"edplus_anim-cLL2IQ","epGeneratedClass":"eplus-wrapper"},"innerBlocks":[],"innerHTML":"\n<p class=\" eplus-wrapper\"><br>\ud83d\udca7 w trakcie infekcji i kataru (jako wsparcie higieny nosa)<br>\ud83d\udca7 przy alergii \u2013 \u017ceby wyp\u0142uka\u0107 z nosa py\u0142ki i alergeny<br>\ud83d\udca7 po kroplach obkurczaj\u0105cych \u2013 aby nawil\u017cy\u0107 \u015bluz\u00f3wk\u0119<\/p>\n","innerContent":["\n<p class=\" eplus-wrapper\"><br>\ud83d\udca7 w trakcie infekcji i kataru (jako wsparcie higieny nosa)<br>\ud83d\udca7 przy alergii \u2013 \u017ceby wyp\u0142uka\u0107 z nosa py\u0142ki i alergeny<br>\ud83d\udca7 po kroplach obkurczaj\u0105cych \u2013 aby nawil\u017cy\u0107 \u015bluz\u00f3wk\u0119<\/p>\n"]},{"blockName":"core\/paragraph","attrs":{"className":"","epAnimationGeneratedClass":"edplus_anim-EuzVky","epGeneratedClass":"eplus-wrapper"},"innerBlocks":[],"innerHTML":"\n<p class=\" eplus-wrapper\">\ud83d\udca7 gdy w domu dzia\u0142a ogrzewanie i powietrze jest suche<br>\ud83d\udca7 przy klimatyzacji w aucie, biurze lub centrum handlowym<\/p>\n","innerContent":["\n<p class=\" eplus-wrapper\">\ud83d\udca7 gdy w domu dzia\u0142a ogrzewanie i powietrze jest suche<br>\ud83d\udca7 przy klimatyzacji w aucie, biurze lub centrum handlowym<\/p>\n"]},{"blockName":"core\/paragraph","attrs":{"className":"","epAnimationGeneratedClass":"edplus_anim-egDo6t","epGeneratedClass":"eplus-wrapper"},"innerBlocks":[],"innerHTML":"\n<p class=\" eplus-wrapper\">\ud83d\udca7 w czasie smogu i du\u017cego zanieczyszczenia powietrza<\/p>\n","innerContent":["\n<p class=\" eplus-wrapper\">\ud83d\udca7 w czasie smogu i du\u017cego zanieczyszczenia powietrza<\/p>\n"]},{"blockName":"core\/paragraph","attrs":{"className":"","epAnimationGeneratedClass":"edplus_anim-NUdGfl","epGeneratedClass":"eplus-wrapper"},"innerBlocks":[],"innerHTML":"\n<p class=\" eplus-wrapper\"><br><\/p>\n","innerContent":["\n<p class=\" eplus-wrapper\"><br><\/p>\n"]}],"innerHTML":"\n<div class=\" wp-block-group eplus-wrapper\">\n\n\n\n\n\n\n\n\n\n<\/div>\n","innerContent":["\n<div class=\" wp-block-group eplus-wrapper\">",null,"\n\n",null,"\n\n",null,"\n\n",null,"\n\n",null,"\n\n",null,"<\/div>\n"]},{"blockName":"acf\/image","attrs":{"name":"acf\/image","data":{"image":4188,"_image":"field_642686ed613f8"},"mode":"edit"},"innerBlocks":[],"innerHTML":"","innerContent":[]}],"innerHTML":"\n<div class=\"txt-img txt-img-p wp-block-group eplus-wrapper\">\n\n<\/div>\n","innerContent":["\n<div class=\"txt-img txt-img-p wp-block-group eplus-wrapper\">",null,"\n\n",null,"<\/div>\n"]},{"blockName":"core\/group","attrs":{"metadata":{"categories":["woo-commerce"],"patternName":"core\/block\/1244","name":"txt-img-p"},"className":"txt-img txt-img-p","layout":{"type":"flex","flexWrap":"nowrap"},"epAnimationGeneratedClass":"edplus_anim-Pono8F","epGeneratedClass":"eplus-wrapper"},"innerBlocks":[{"blockName":"acf\/image","attrs":{"name":"acf\/image","data":{"image":4189,"_image":"field_642686ed613f8"},"mode":"edit"},"innerBlocks":[],"innerHTML":"","innerContent":[]},{"blockName":"core\/group","attrs":{"className":"","layout":{"type":"constrained"},"epAnimationGeneratedClass":"edplus_anim-P3zUAI","epGeneratedClass":"eplus-wrapper"},"innerBlocks":[{"blockName":"core\/heading","attrs":{"className":"","epAnimationGeneratedClass":"edplus_anim-W04epF","epGeneratedClass":"eplus-wrapper"},"innerBlocks":[],"innerHTML":"\n<h2 class=\" wp-block-heading eplus-wrapper\"><strong>JAK STOSOWA\u0106<\/strong> <strong>WOD\u0118 MORSK\u0104 KATAREK?<\/strong><\/h2>\n","innerContent":["\n<h2 class=\" wp-block-heading eplus-wrapper\"><strong>JAK STOSOWA\u0106<\/strong> <strong>WOD\u0118 MORSK\u0104 KATAREK?<\/strong><\/h2>\n"]},{"blockName":"core\/paragraph","attrs":{"className":"","epAnimationGeneratedClass":"edplus_anim-4DdVVH","epGeneratedClass":"eplus-wrapper"},"innerBlocks":[],"innerHTML":"\n<p class=\" eplus-wrapper\">To bardzo proste, wystarcz\u0105 3 kroki do nawil\u017conego i dro\u017cnego nosa.<br><br><strong>1.<\/strong> Delikatnie wsu\u0144 aplikator do nozdrza. <br><strong>2.<\/strong> Naci\u015bnij pompk\u0119, rozpyl spray.<br><strong>3. <\/strong>Powt\u00f3rz w drugim nozdrzu.<\/p>\n","innerContent":["\n<p class=\" eplus-wrapper\">To bardzo proste, wystarcz\u0105 3 kroki do nawil\u017conego i dro\u017cnego nosa.<br><br><strong>1.<\/strong> Delikatnie wsu\u0144 aplikator do nozdrza. <br><strong>2.<\/strong> Naci\u015bnij pompk\u0119, rozpyl spray.<br><strong>3. <\/strong>Powt\u00f3rz w drugim nozdrzu.<\/p>\n"]}],"innerHTML":"\n<div class=\" wp-block-group eplus-wrapper\">\n\n<\/div>\n","innerContent":["\n<div class=\" wp-block-group eplus-wrapper\">",null,"\n\n",null,"<\/div>\n"]},{"blockName":"core\/paragraph","attrs":{"className":"","epAnimationGeneratedClass":"edplus_anim-BnIRYI","epGeneratedClass":"eplus-wrapper"},"innerBlocks":[],"innerHTML":"\n<p class=\" eplus-wrapper\"><\/p>\n","innerContent":["\n<p class=\" eplus-wrapper\"><\/p>\n"]}],"innerHTML":"\n<div class=\"txt-img txt-img-p wp-block-group eplus-wrapper\">\n\n\n\n<\/div>\n","innerContent":["\n<div class=\"txt-img txt-img-p wp-block-group eplus-wrapper\">",null,"\n\n",null,"\n\n",null,"<\/div>\n"]},{"blockName":"core\/heading","attrs":{"className":"","epAnimationGeneratedClass":"edplus_anim-Mrygsd","epGeneratedClass":"eplus-wrapper"},"innerBlocks":[],"innerHTML":"\n<h2 class=\" wp-block-heading eplus-wrapper\"><strong>U dzieci starszych, doros\u0142ych - wersja bardziej zaawansowana ;-)<\/strong> <\/h2>\n","innerContent":["\n<h2 class=\" wp-block-heading eplus-wrapper\"><strong>U dzieci starszych, doros\u0142ych - wersja bardziej zaawansowana ;-)<\/strong> <\/h2>\n"]},{"blockName":"core\/list","attrs":{"className":"","epStylingOptions":{"columnsResponsiveEnabled":false,"columnsHoverEnabled":false,"itemsSpacingResponsiveEnabled":false,"itemsSpacingHoverEnabled":false,"listStyleResponsiveEnabled":false,"listStyleHoverEnabled":false,"listIconResponsiveEnabled":false,"listIconHoverEnabled":false,"columns":{"target":"","responsive":true,"hover":true,"options":[{"custom":true,"control":"ToggleOptions"},{"label":"Columns","control":"Range","attribute":"columns","css":"grid-template-columns","customValue":"repeat({{value}}, 1fr)","props":{"max":5,"min":1,"supportedUnits":[]},"defaults":{"desktop":"1"},"show_if":{"className":["ep-custom-list"]}}]},"itemsSpacing":{"target":"","responsive":true,"hover":true,"options":[{"label":"Items Spacing","control":"Range","attribute":"itemsSpacing","css":"grid-gap","props":{"max":100,"min":0,"supportedUnits":["px"]},"show_if":{"className":["ep-custom-list"]}}]},"listStyle":{"target":"","responsive":true,"hover":true,"options":[{"custom":true,"control":"IconClassToggle","condition":{"relation":"AND","query":[{"field":"attributes.className","compare":"IN","value":"ep-custom-list"}]}},{"label":"Choose List Style","control":"ButtonGroup","attribute":"unorderListStyle","css":"list-style-type","defaults":{"desktop":"disc"},"condition":{"relation":"AND","query":[{"field":"attributes.className","compare":"IN","value":"ep-custom-list"},{"field":"attributes.ordered","compare":"EQUAL","value":false},{"field":"attributes.className","compare":"NOT IN","value":"ep-custom-icon-list"}]},"props":{"layout":"stacked","options":[{"customIcon":"<svg enable-background='new 0 0 512 512' version='1.1' viewBox='0 0 512 512' xml:space='preserve' xmlns='http:\/\/www.w3.org\/2000\/svg'><path d='m256 0c-141.16 0-256 114.84-256 256s114.84 256 256 256 256-114.84 256-256-114.84-256-256-256zm0 448c-105.86 0-192-86.135-192-192 0-40.406 12.25-78.604 35.542-111.2l267.66 267.66c-32.594 23.292-70.792 35.542-111.2 35.542zm156.46-80.802-267.66-267.66c32.594-23.292 70.792-35.542 111.2-35.542 105.86 0 192 86.135 192 192 0 40.406-12.25 78.604-35.542 111.2z'\/><\/svg>","value":"none"},{"customIcon":"<svg enable-background='new 0 0 29.107 29.107' version='1.1' viewBox='0 0 29.107 29.107' xml:space='preserve' xmlns='http:\/\/www.w3.org\/2000\/svg'><path d='M14.554,0C6.561,0,0,6.562,0,14.552c0,7.996,6.561,14.555,14.554,14.555c7.996,0,14.553-6.559,14.553-14.555 C29.106,6.562,22.55,0,14.554,0z'\/><\/svg>","value":"disc"},{"customIcon":"<svg enable-background='new 0 0 341.333 341.333' version='1.1' viewBox='0 0 341.33 341.33' xml:space='preserve' xmlns='http:\/\/www.w3.org\/2000\/svg'><path d='m170.67 0c-94.257 0-170.67 76.41-170.67 170.67s76.41 170.67 170.67 170.67 170.67-76.41 170.67-170.67-76.411-170.67-170.67-170.67zm0 298.67c-70.692 0-128-57.308-128-128s57.308-128 128-128 128 57.308 128 128-57.308 128-128 128z'\/><\/svg>","value":"circle"},{"customIcon":"<svg enable-background='new 0 0 60 60' version='1.1' viewBox='0 0 60 60' xml:space='preserve' xmlns='http:\/\/www.w3.org\/2000\/svg'><rect width='60' height='60'\/><\/svg>","value":"square"}]}},{"label":"Choose List Style","control":"ButtonGroup","attribute":"orderListStyle","css":"list-style-type","defaults":{"desktop":"decimal"},"condition":{"relation":"AND","query":[{"field":"attributes.className","compare":"IN","value":"ep-custom-list"},{"field":"attributes.ordered","compare":"EQUAL","value":true},{"field":"attributes.className","compare":"NOT IN","value":"ep-custom-icon-list"}]},"props":{"layout":"stacked","options":[{"customIcon":"<svg enable-background='new 0 0 512 512' version='1.1' viewBox='0 0 512 512' xml:space='preserve' xmlns='http:\/\/www.w3.org\/2000\/svg'><path d='m256 0c-141.16 0-256 114.84-256 256s114.84 256 256 256 256-114.84 256-256-114.84-256-256-256zm0 448c-105.86 0-192-86.135-192-192 0-40.406 12.25-78.604 35.542-111.2l267.66 267.66c-32.594 23.292-70.792 35.542-111.2 35.542zm156.46-80.802-267.66-267.66c32.594-23.292 70.792-35.542 111.2-35.542 105.86 0 192 86.135 192 192 0 40.406-12.25 78.604-35.542 111.2z'\/><\/svg>","value":"none"},{"customIcon":"<svg id='Capa_1' enable-background='new 0 0 512 512' viewBox='0 0 512 512' xmlns='http:\/\/www.w3.org\/2000\/svg'><g id='_x31__1_'><path d='m376 512v-512h-99.902l-3.56 9.932c-9.419 26.294-27.202 49.746-52.837 69.697-26.528 20.684-51.211 34.849-73.359 42.1l-10.342 3.383v114.771l19.702-6.519c36.387-12.012 69.448-29.268 98.672-51.445v330.081z'\/><\/g><\/svg>","value":"decimal"},{"customIcon":"\u2160","value":"upper-roman"},{"customIcon":"\u2170","value":"lower-roman"}]}}]},"listIcon":{"target":"li:before","includeDotSuffix":false,"responsive":true,"hover":true,"hoverTarget":"{{class}} li:hover:before","options":[{"label":"Icon","control":"IconPicker","attribute":"icon","defaults":{"desktop":"eplusicon-check"},"css":"content","condition":{"relation":"AND","query":[{"field":"attributes.className","compare":"IN","value":"ep-custom-icon-list"}]}},{"label":"Background","control":"ColorPicker","attribute":"iconBackground","css":"background","condition":{"query":[{"field":"attributes.className","compare":"IN","value":"ep-custom-icon-list"}]}},{"label":"Color","control":"ColorPicker","attribute":"iconColor","css":"color","condition":{"query":[{"field":"attributes.className","compare":"IN","value":"ep-custom-icon-list"}]}},{"label":"Size","control":"Range","attribute":"iconSize","css":"font-size","props":{"supportedUnits":["px"],"max":100},"condition":{"query":[{"field":"attributes.className","compare":"IN","value":"ep-custom-icon-list"}]}},{"label":"Radius","control":"Range","attribute":"iconRadius","css":"border-radius","condition":{"query":[{"field":"attributes.className","compare":"IN","value":"ep-custom-icon-list"}]}},{"label":"Padding","control":"Range","attribute":"iconPadding","css":"padding","props":{"supportedUnits":["px"],"max":100},"condition":{"query":[{"field":"attributes.className","compare":"IN","value":"ep-custom-icon-list"}]}}]},"savedStyling":"","clientId":"a6d11bdc-cfe0-4bc7-a342-9fdac290b192"},"columns":{"desktop":{"value":1,"important":false,"unit":""},"tablet":{"value":"","important":false,"unit":"%"},"tabletModified":false,"mobile":{"value":"","important":false,"unit":"%"},"mobileModified":false,"hover":{"value":"","important":false,"unit":"%"},"hoverModified":false},"itemsSpacing":{"desktop":{"value":"","important":false,"unit":"%"},"tablet":{"value":"","important":false,"unit":"%"},"tabletModified":false,"mobile":{"value":"","important":false,"unit":"%"},"mobileModified":false,"hover":{"value":"","important":false,"unit":"%"},"hoverModified":false},"unorderListStyle":{"desktop":"disc","tablet":"","tabletModified":false,"mobile":"","mobileModified":false,"hover":"","hoverModified":false},"orderListStyle":{"desktop":"decimal","tablet":"","tabletModified":false,"mobile":"","mobileModified":false,"hover":"","hoverModified":false},"icon":{"desktop":{"icon":"eplusicon-check"},"tablet":{"icon":""},"tabletModified":false,"mobile":{"icon":""},"mobileModified":false,"hover":{"icon":""},"hoverModified":false},"iconBackground":{"desktop":{"color":""},"tablet":{"color":""},"tabletModified":false,"mobile":{"color":""},"mobileModified":false,"hover":{"color":""},"hoverModified":false},"iconColor":{"desktop":{"color":""},"tablet":{"color":""},"tabletModified":false,"mobile":{"color":""},"mobileModified":false,"hover":{"color":""},"hoverModified":false},"iconSize":{"desktop":{"value":"","important":false,"unit":"%"},"tablet":{"value":"","important":false,"unit":"%"},"tabletModified":false,"mobile":{"value":"","important":false,"unit":"%"},"mobileModified":false,"hover":{"value":"","important":false,"unit":"%"},"hoverModified":false},"iconRadius":{"desktop":{"value":"","important":false,"unit":"%"},"tablet":{"value":"","important":false,"unit":"%"},"tabletModified":false,"mobile":{"value":"","important":false,"unit":"%"},"mobileModified":false,"hover":{"value":"","important":false,"unit":"%"},"hoverModified":false},"iconPadding":{"desktop":{"value":"","important":false,"unit":"%"},"tablet":{"value":"","important":false,"unit":"%"},"tabletModified":false,"mobile":{"value":"","important":false,"unit":"%"},"mobileModified":false,"hover":{"value":"","important":false,"unit":"%"},"hoverModified":false},"epAnimationGeneratedClass":"edplus_anim-J82zmh","epGeneratedClass":"eplus-wrapper"},"innerBlocks":[{"blockName":"core\/list-item","attrs":{"className":"","epAnimationGeneratedClass":"edplus_anim-oYtqFB","epGeneratedClass":"eplus-wrapper"},"innerBlocks":[],"innerHTML":"\n<li class=\" eplus-wrapper\">Przy pierwszym u\u017cyciu lub po przerwie wykonaj kilka naci\u015bni\u0119\u0107 dozownika w powietrze, a\u017c pojawi si\u0119 r\u00f3wnomierna mgie\u0142ka.<\/li>\n","innerContent":["\n<li class=\" eplus-wrapper\">Przy pierwszym u\u017cyciu lub po przerwie wykonaj kilka naci\u015bni\u0119\u0107 dozownika w powietrze, a\u017c pojawi si\u0119 r\u00f3wnomierna mgie\u0142ka.<\/li>\n"]},{"blockName":"core\/list-item","attrs":{"className":"","epAnimationGeneratedClass":"edplus_anim-Y9xSdy","epGeneratedClass":"eplus-wrapper"},"innerBlocks":[],"innerHTML":"\n<li class=\" eplus-wrapper\">Lekko pochyl g\u0142ow\u0119 do przodu (nie odchylaj jej do ty\u0142u).<\/li>\n","innerContent":["\n<li class=\" eplus-wrapper\">Lekko pochyl g\u0142ow\u0119 do przodu (nie odchylaj jej do ty\u0142u).<\/li>\n"]},{"blockName":"core\/list-item","attrs":{"className":"","epAnimationGeneratedClass":"edplus_anim-vAK4i2","epGeneratedClass":"eplus-wrapper"},"innerBlocks":[],"innerHTML":"\n<li class=\" eplus-wrapper\">Zatkaj jedno nozdrze palcem, a ko\u0144c\u00f3wk\u0119 aplikatora umie\u015b\u0107 w drugim nozdrzu na g\u0142\u0119boko\u015b\u0107 ok. 1 cm.<\/li>\n","innerContent":["\n<li class=\" eplus-wrapper\">Zatkaj jedno nozdrze palcem, a ko\u0144c\u00f3wk\u0119 aplikatora umie\u015b\u0107 w drugim nozdrzu na g\u0142\u0119boko\u015b\u0107 ok. 1 cm.<\/li>\n"]},{"blockName":"core\/list-item","attrs":{"className":"","epAnimationGeneratedClass":"edplus_anim-KYjPaa","epGeneratedClass":"eplus-wrapper"},"innerBlocks":[],"innerHTML":"\n<li class=\" eplus-wrapper\">Skieruj aplikator w stron\u0119 zewn\u0119trznej \u015bciany nosa (w kierunku ucha), nie na przegrod\u0119 nosow\u0105, i naci\u015bnij dozownik.<\/li>\n","innerContent":["\n<li class=\" eplus-wrapper\">Skieruj aplikator w stron\u0119 zewn\u0119trznej \u015bciany nosa (w kierunku ucha), nie na przegrod\u0119 nosow\u0105, i naci\u015bnij dozownik.<\/li>\n"]},{"blockName":"core\/list-item","attrs":{"className":"","epAnimationGeneratedClass":"edplus_anim-zqP1VF","epGeneratedClass":"eplus-wrapper"},"innerBlocks":[],"innerHTML":"\n<li class=\" eplus-wrapper\">Powt\u00f3rz czynno\u015b\u0107 dla drugiego nozdrza.<\/li>\n","innerContent":["\n<li class=\" eplus-wrapper\">Powt\u00f3rz czynno\u015b\u0107 dla drugiego nozdrza.<\/li>\n"]}],"innerHTML":"<ul class=\" wp-block-list eplus-wrapper eplus-styles-uid-928f7b\">\n\n\n\n\n\n\n\n<\/ul>","innerContent":["\n<ul class=\" wp-block-list eplus-wrapper\">",null,"\n\n",null,"\n\n",null,"\n\n",null,"\n\n",null,"<\/ul>\n"]},{"blockName":"core\/paragraph","attrs":{"className":"","epAnimationGeneratedClass":"edplus_anim-BnIRYI","epGeneratedClass":"eplus-wrapper"},"innerBlocks":[],"innerHTML":"\n<p class=\" eplus-wrapper\">Po aplikacji nie wydmuchuj nosa bezpo\u015brednio. Po u\u017cyciu oczy\u015b\u0107 ko\u0144c\u00f3wk\u0119 aplikatora czyst\u0105 chusteczk\u0105 i za\u0142\u00f3\u017c nasadk\u0119 ochronn\u0105.<\/p>\n","innerContent":["\n<p class=\" eplus-wrapper\">Po aplikacji nie wydmuchuj nosa bezpo\u015brednio. Po u\u017cyciu oczy\u015b\u0107 ko\u0144c\u00f3wk\u0119 aplikatora czyst\u0105 chusteczk\u0105 i za\u0142\u00f3\u017c nasadk\u0119 ochronn\u0105.<\/p>\n"]},{"blockName":"core\/heading","attrs":{"className":"","epAnimationGeneratedClass":"edplus_anim-AjWg93","epGeneratedClass":"eplus-wrapper"},"innerBlocks":[],"innerHTML":"\n<h2 class=\" wp-block-heading eplus-wrapper\"><strong>Dawkowanie:<\/strong><\/h2>\n","innerContent":["\n<h2 class=\" wp-block-heading eplus-wrapper\"><strong>Dawkowanie:<\/strong><\/h2>\n"]},{"blockName":"core\/list","attrs":{"className":"","epStylingOptions":{"columnsResponsiveEnabled":false,"columnsHoverEnabled":false,"itemsSpacingResponsiveEnabled":false,"itemsSpacingHoverEnabled":false,"listStyleResponsiveEnabled":false,"listStyleHoverEnabled":false,"listIconResponsiveEnabled":false,"listIconHoverEnabled":false,"columns":{"target":"","responsive":true,"hover":true,"options":[{"custom":true,"control":"ToggleOptions"},{"label":"Columns","control":"Range","attribute":"columns","css":"grid-template-columns","customValue":"repeat({{value}}, 1fr)","props":{"max":5,"min":1,"supportedUnits":[]},"defaults":{"desktop":"1"},"show_if":{"className":["ep-custom-list"]}}]},"itemsSpacing":{"target":"","responsive":true,"hover":true,"options":[{"label":"Items Spacing","control":"Range","attribute":"itemsSpacing","css":"grid-gap","props":{"max":100,"min":0,"supportedUnits":["px"]},"show_if":{"className":["ep-custom-list"]}}]},"listStyle":{"target":"","responsive":true,"hover":true,"options":[{"custom":true,"control":"IconClassToggle","condition":{"relation":"AND","query":[{"field":"attributes.className","compare":"IN","value":"ep-custom-list"}]}},{"label":"Choose List Style","control":"ButtonGroup","attribute":"unorderListStyle","css":"list-style-type","defaults":{"desktop":"disc"},"condition":{"relation":"AND","query":[{"field":"attributes.className","compare":"IN","value":"ep-custom-list"},{"field":"attributes.ordered","compare":"EQUAL","value":false},{"field":"attributes.className","compare":"NOT IN","value":"ep-custom-icon-list"}]},"props":{"layout":"stacked","options":[{"customIcon":"<svg enable-background='new 0 0 512 512' version='1.1' viewBox='0 0 512 512' xml:space='preserve' xmlns='http:\/\/www.w3.org\/2000\/svg'><path d='m256 0c-141.16 0-256 114.84-256 256s114.84 256 256 256 256-114.84 256-256-114.84-256-256-256zm0 448c-105.86 0-192-86.135-192-192 0-40.406 12.25-78.604 35.542-111.2l267.66 267.66c-32.594 23.292-70.792 35.542-111.2 35.542zm156.46-80.802-267.66-267.66c32.594-23.292 70.792-35.542 111.2-35.542 105.86 0 192 86.135 192 192 0 40.406-12.25 78.604-35.542 111.2z'\/><\/svg>","value":"none"},{"customIcon":"<svg enable-background='new 0 0 29.107 29.107' version='1.1' viewBox='0 0 29.107 29.107' xml:space='preserve' xmlns='http:\/\/www.w3.org\/2000\/svg'><path d='M14.554,0C6.561,0,0,6.562,0,14.552c0,7.996,6.561,14.555,14.554,14.555c7.996,0,14.553-6.559,14.553-14.555 C29.106,6.562,22.55,0,14.554,0z'\/><\/svg>","value":"disc"},{"customIcon":"<svg enable-background='new 0 0 341.333 341.333' version='1.1' viewBox='0 0 341.33 341.33' xml:space='preserve' xmlns='http:\/\/www.w3.org\/2000\/svg'><path d='m170.67 0c-94.257 0-170.67 76.41-170.67 170.67s76.41 170.67 170.67 170.67 170.67-76.41 170.67-170.67-76.411-170.67-170.67-170.67zm0 298.67c-70.692 0-128-57.308-128-128s57.308-128 128-128 128 57.308 128 128-57.308 128-128 128z'\/><\/svg>","value":"circle"},{"customIcon":"<svg enable-background='new 0 0 60 60' version='1.1' viewBox='0 0 60 60' xml:space='preserve' xmlns='http:\/\/www.w3.org\/2000\/svg'><rect width='60' height='60'\/><\/svg>","value":"square"}]}},{"label":"Choose List Style","control":"ButtonGroup","attribute":"orderListStyle","css":"list-style-type","defaults":{"desktop":"decimal"},"condition":{"relation":"AND","query":[{"field":"attributes.className","compare":"IN","value":"ep-custom-list"},{"field":"attributes.ordered","compare":"EQUAL","value":true},{"field":"attributes.className","compare":"NOT IN","value":"ep-custom-icon-list"}]},"props":{"layout":"stacked","options":[{"customIcon":"<svg enable-background='new 0 0 512 512' version='1.1' viewBox='0 0 512 512' xml:space='preserve' xmlns='http:\/\/www.w3.org\/2000\/svg'><path d='m256 0c-141.16 0-256 114.84-256 256s114.84 256 256 256 256-114.84 256-256-114.84-256-256-256zm0 448c-105.86 0-192-86.135-192-192 0-40.406 12.25-78.604 35.542-111.2l267.66 267.66c-32.594 23.292-70.792 35.542-111.2 35.542zm156.46-80.802-267.66-267.66c32.594-23.292 70.792-35.542 111.2-35.542 105.86 0 192 86.135 192 192 0 40.406-12.25 78.604-35.542 111.2z'\/><\/svg>","value":"none"},{"customIcon":"<svg id='Capa_1' enable-background='new 0 0 512 512' viewBox='0 0 512 512' xmlns='http:\/\/www.w3.org\/2000\/svg'><g id='_x31__1_'><path d='m376 512v-512h-99.902l-3.56 9.932c-9.419 26.294-27.202 49.746-52.837 69.697-26.528 20.684-51.211 34.849-73.359 42.1l-10.342 3.383v114.771l19.702-6.519c36.387-12.012 69.448-29.268 98.672-51.445v330.081z'\/><\/g><\/svg>","value":"decimal"},{"customIcon":"\u2160","value":"upper-roman"},{"customIcon":"\u2170","value":"lower-roman"}]}}]},"listIcon":{"target":"li:before","includeDotSuffix":false,"responsive":true,"hover":true,"hoverTarget":"{{class}} li:hover:before","options":[{"label":"Icon","control":"IconPicker","attribute":"icon","defaults":{"desktop":"eplusicon-check"},"css":"content","condition":{"relation":"AND","query":[{"field":"attributes.className","compare":"IN","value":"ep-custom-icon-list"}]}},{"label":"Background","control":"ColorPicker","attribute":"iconBackground","css":"background","condition":{"query":[{"field":"attributes.className","compare":"IN","value":"ep-custom-icon-list"}]}},{"label":"Color","control":"ColorPicker","attribute":"iconColor","css":"color","condition":{"query":[{"field":"attributes.className","compare":"IN","value":"ep-custom-icon-list"}]}},{"label":"Size","control":"Range","attribute":"iconSize","css":"font-size","props":{"supportedUnits":["px"],"max":100},"condition":{"query":[{"field":"attributes.className","compare":"IN","value":"ep-custom-icon-list"}]}},{"label":"Radius","control":"Range","attribute":"iconRadius","css":"border-radius","condition":{"query":[{"field":"attributes.className","compare":"IN","value":"ep-custom-icon-list"}]}},{"label":"Padding","control":"Range","attribute":"iconPadding","css":"padding","props":{"supportedUnits":["px"],"max":100},"condition":{"query":[{"field":"attributes.className","compare":"IN","value":"ep-custom-icon-list"}]}}]},"savedStyling":"","clientId":"3de1bba8-db27-472b-b765-1f0ba0b9ac1c"},"columns":{"desktop":{"value":1,"important":false,"unit":""},"tablet":{"value":"","important":false,"unit":"%"},"tabletModified":false,"mobile":{"value":"","important":false,"unit":"%"},"mobileModified":false,"hover":{"value":"","important":false,"unit":"%"},"hoverModified":false},"itemsSpacing":{"desktop":{"value":"","important":false,"unit":"%"},"tablet":{"value":"","important":false,"unit":"%"},"tabletModified":false,"mobile":{"value":"","important":false,"unit":"%"},"mobileModified":false,"hover":{"value":"","important":false,"unit":"%"},"hoverModified":false},"unorderListStyle":{"desktop":"disc","tablet":"","tabletModified":false,"mobile":"","mobileModified":false,"hover":"","hoverModified":false},"orderListStyle":{"desktop":"decimal","tablet":"","tabletModified":false,"mobile":"","mobileModified":false,"hover":"","hoverModified":false},"icon":{"desktop":{"icon":"eplusicon-check"},"tablet":{"icon":""},"tabletModified":false,"mobile":{"icon":""},"mobileModified":false,"hover":{"icon":""},"hoverModified":false},"iconBackground":{"desktop":{"color":""},"tablet":{"color":""},"tabletModified":false,"mobile":{"color":""},"mobileModified":false,"hover":{"color":""},"hoverModified":false},"iconColor":{"desktop":{"color":""},"tablet":{"color":""},"tabletModified":false,"mobile":{"color":""},"mobileModified":false,"hover":{"color":""},"hoverModified":false},"iconSize":{"desktop":{"value":"","important":false,"unit":"%"},"tablet":{"value":"","important":false,"unit":"%"},"tabletModified":false,"mobile":{"value":"","important":false,"unit":"%"},"mobileModified":false,"hover":{"value":"","important":false,"unit":"%"},"hoverModified":false},"iconRadius":{"desktop":{"value":"","important":false,"unit":"%"},"tablet":{"value":"","important":false,"unit":"%"},"tabletModified":false,"mobile":{"value":"","important":false,"unit":"%"},"mobileModified":false,"hover":{"value":"","important":false,"unit":"%"},"hoverModified":false},"iconPadding":{"desktop":{"value":"","important":false,"unit":"%"},"tablet":{"value":"","important":false,"unit":"%"},"tabletModified":false,"mobile":{"value":"","important":false,"unit":"%"},"mobileModified":false,"hover":{"value":"","important":false,"unit":"%"},"hoverModified":false},"epAnimationGeneratedClass":"edplus_anim-nCOIVV","epGeneratedClass":"eplus-wrapper"},"innerBlocks":[{"blockName":"core\/list-item","attrs":{"className":"","epAnimationGeneratedClass":"edplus_anim-DZARmm","epGeneratedClass":"eplus-wrapper"},"innerBlocks":[],"innerHTML":"\n<li class=\" eplus-wrapper\"><strong>Dzieci od 6 roku \u017cycia i doro\u015bli:<\/strong> 1\u20133 dawki \/ nozdrze kilka razy dziennie.<\/li>\n","innerContent":["\n<li class=\" eplus-wrapper\"><strong>Dzieci od 6 roku \u017cycia i doro\u015bli:<\/strong> 1\u20133 dawki \/ nozdrze kilka razy dziennie.<\/li>\n"]},{"blockName":"core\/list-item","attrs":{"className":"","epAnimationGeneratedClass":"edplus_anim-41pJFz","epGeneratedClass":"eplus-wrapper"},"innerBlocks":[],"innerHTML":"\n<li class=\" eplus-wrapper\"><strong>Dzieci od 6 miesi\u0119cy do 6 lat:<\/strong> 1 dawka \/ nozdrze kilka razy dziennie.<\/li>\n","innerContent":["\n<li class=\" eplus-wrapper\"><strong>Dzieci od 6 miesi\u0119cy do 6 lat:<\/strong> 1 dawka \/ nozdrze kilka razy dziennie.<\/li>\n"]}],"innerHTML":"<ul class=\" wp-block-list eplus-wrapper eplus-styles-uid-6737eb\">\n\n<\/ul>","innerContent":["\n<ul class=\" wp-block-list eplus-wrapper\">",null,"\n\n",null,"<\/ul>\n"]},{"blockName":"core\/paragraph","attrs":{"className":"","epAnimationGeneratedClass":"edplus_anim-jjUt6I","epGeneratedClass":"eplus-wrapper"},"innerBlocks":[],"innerHTML":"\n<p class=\" eplus-wrapper\">Katarek Woda Morska Izotoniczna 30 ml \u2013 wyr\u00f3b medyczny klasy I zgodny z rozporz\u0105dzeniem UE 2017\/745 (MDR).<\/p>\n","innerContent":["\n<p class=\" eplus-wrapper\">Katarek Woda Morska Izotoniczna 30 ml \u2013 wyr\u00f3b medyczny klasy I zgodny z rozporz\u0105dzeniem UE 2017\/745 (MDR).<\/p>\n"]},{"blockName":"core\/html","attrs":{"epAnimationGeneratedClass":"edplus_anim-PpxjKt","epGeneratedClass":"eplus-wrapper"},"innerBlocks":[],"innerHTML":"\n<!-- <article class=\"product-content text-content text-md text-neutral-800 tabs__single-tab-content pt-24  is-active\" style=\"margin-top:0; padding-top:0;\">\n<h2 style=\"font-weight:normal;\">Najcz\u0119\u015bciej zadawane pytania<\/h2>\n\t<div class=\"container--single-product mx-auto\">\n\t\t\t\t\t\n\t\t\t\t\t<ul class=\"accordion !list-none !p-0 \" data-first-item-should-be-expanded=\"true\">\n  \n    <li class=\"accordion-item border-b border-neutral-400 group\">\n\n      <button type=\"button\" class=\"text-left accordion-item__button py-24 transition duration-300 ease-in cursor-pointer h6 text-primary-700 font-semibold flex items-center justify-between gap-8 w-full [&amp;:hover_*]:text-neutral-900\">\n\n        <span class=\"\">\n          1. Od kiedy mo\u017cna stosowa\u0107?\n        <\/span>\n\n        <span class=\"inline-flex items-center justify-center transition duration-300 ease-in group-hover:bg-primary-0 transform group-[.is-active]:rotate-180\">\n          <svg xmlns=\"http:\/\/www.w3.org\/2000\/svg\" width=\"24\" height=\"24\" viewBox=\"0 0 24 24\" fill=\"none\">\n\t<path d=\"M5 10L12 16L19 10\" stroke=\"currentColor\" stroke-width=\"1.5\" stroke-linecap=\"round\"><\/path>\n<\/svg>\n\n        <\/span>\n\n      <\/button>\n      <div class=\"accordion-item__content hidden text-md text-neutral-800 pb-20\" style=\"display: none;\"><p>Katarek Woda Morska izotoniczna jest przeznaczona dla niemowl\u0105t od <strong data-start=\"126\" data-end=\"147\">6. miesi\u0105ca \u017cycia<\/strong>, dzieci i doros\u0142ych.<br data-start=\"168\" data-end=\"171\">U m\u0142odszych niemowl\u0105t (poni\u017cej 6. miesi\u0105ca \u017cycia) spos\u00f3b piel\u0119gnacji nosa najlepiej skonsultowa\u0107 z lekarzem lub po\u0142o\u017cn\u0105.<\/p>\n<\/div>\n    <\/li>\n\n  \n    <li class=\"accordion-item border-b border-neutral-400 group\">\n\n      <button type=\"button\" class=\"text-left accordion-item__button py-24 transition duration-300 ease-in cursor-pointer h6 text-primary-700 font-semibold flex items-center justify-between gap-8 w-full [&amp;:hover_*]:text-neutral-900\">\n\n        <span class=\"\">\n          2. Czy zawiera konserwanty?\n        <\/span>\n\n        <span class=\"inline-flex items-center justify-center transition duration-300 ease-in group-hover:bg-primary-0 transform group-[.is-active]:rotate-180\">\n          <svg xmlns=\"http:\/\/www.w3.org\/2000\/svg\" width=\"24\" height=\"24\" viewBox=\"0 0 24 24\" fill=\"none\">\n\t<path d=\"M5 10L12 16L19 10\" stroke=\"currentColor\" stroke-width=\"1.5\" stroke-linecap=\"round\"><\/path>\n<\/svg>\n\n        <\/span>\n\n      <\/button>\n      <div class=\"accordion-item__content hidden text-md text-neutral-800 pb-20\" style=\"display: none;\"><p data-start=\"298\" data-end=\"431\">Nie. Preparat <strong data-start=\"346\" data-end=\"401\">nie zawiera konserwant\u00f3w ani substancji leczniczych<\/strong>.<br data-start=\"402\" data-end=\"405\">W sk\u0142adzie s\u0105 wy\u0142\u0105cznie:<\/p>\n<ul data-start=\"432\" data-end=\"508\">\n<li data-start=\"432\" data-end=\"481\">\n<p data-start=\"434\" data-end=\"481\">naturalna woda morska z Oceanu Atlantyckiego,<\/p>\n<\/li>\n<li data-start=\"482\" data-end=\"508\">\n<p data-start=\"484\" data-end=\"508\">woda demineralizowana.<\/p>\n<\/li>\n<\/ul>\n<p>&nbsp;<\/p>\n<p data-start=\"510\" data-end=\"561\">Dzi\u0119ki temu mo\u017ce by\u0107 stosowany r\u00f3wnie\u017c d\u0142ugotrwale.<\/p>\n<\/div>\n    <\/li>\n\n  \n    <li class=\"accordion-item border-b border-neutral-400 group\">\n\n      <button type=\"button\" class=\"text-left accordion-item__button py-24 transition duration-300 ease-in cursor-pointer h6 text-primary-700 font-semibold flex items-center justify-between gap-8 w-full [&amp;:hover_*]:text-neutral-900 is-active\">\n\n        <span class=\"\">\n          3. Czy mo\u017cna u\u017cywa\u0107 z aspiratorem Katarek?\n        <\/span>\n\n        <span class=\"inline-flex items-center justify-center transition duration-300 ease-in group-hover:bg-primary-0 transform group-[.is-active]:rotate-180\">\n          <svg xmlns=\"http:\/\/www.w3.org\/2000\/svg\" width=\"24\" height=\"24\" viewBox=\"0 0 24 24\" fill=\"none\">\n\t<path d=\"M5 10L12 16L19 10\" stroke=\"currentColor\" stroke-width=\"1.5\" stroke-linecap=\"round\"><\/path>\n<\/svg>\n\n        <\/span>\n\n      <\/button>\n      <div class=\"accordion-item__content hidden text-md text-neutral-800 pb-20\" style=\"display: none;\"><p data-start=\"568\" data-end=\"710\">Tak, <strong data-start=\"622\" data-end=\"685\">mo\u017cna \u0142\u0105czy\u0107 stosowanie wody morskiej z aspiratorem Katarek<\/strong>.<br data-start=\"686\" data-end=\"689\">Praktyczny schemat:<\/p>\n<ol data-start=\"711\" data-end=\"925\">\n<li data-start=\"711\" data-end=\"791\">\n<p data-start=\"714\" data-end=\"791\">Najpierw zaaplikuj spray do nosa, aby <strong data-start=\"752\" data-end=\"788\">nawil\u017cy\u0107 i rozrzedzi\u0107 wydzielin\u0119<\/strong>.<\/p>\n<\/li>\n<li data-start=\"792\" data-end=\"813\">\n<p data-start=\"795\" data-end=\"813\">Odczekaj chwil\u0119.<\/p>\n<\/li>\n<li data-start=\"814\" data-end=\"925\">\n<p data-start=\"817\" data-end=\"925\">Nast\u0119pnie u\u017cyj aspiratora Katarek zgodnie z jego instrukcj\u0105, aby <strong data-start=\"882\" data-end=\"922\">usun\u0105\u0107 rozrzedzon\u0105 wydzielin\u0119 z nosa<\/strong>.<\/p>\n<\/li>\n<\/ol>\n<p>&nbsp;<\/p>\n<p data-start=\"927\" data-end=\"990\">Zawsze stosuj oba wyroby zgodnie z ich instrukcjami u\u017cywania. Pami\u0119taj aby nie u\u017cywa\u0107 soli u dzieci poni\u017cej 6 miesi\u0105ca \u017cycia.<\/p>\n<\/div>\n    <\/li>\n\n  \n    <li class=\"accordion-item border-b border-neutral-400 group\">\n\n      <button type=\"button\" class=\"text-left accordion-item__button py-24 transition duration-300 ease-in cursor-pointer h6 text-primary-700 font-semibold flex items-center justify-between gap-8 w-full [&amp;:hover_*]:text-neutral-900 is-active\">\n\n        <span class=\"\">\n          4. Czy nadaje si\u0119 dla kobiet w ci\u0105\u017cy?\n        <\/span>\n\n        <span class=\"inline-flex items-center justify-center transition duration-300 ease-in group-hover:bg-primary-0 transform group-[.is-active]:rotate-180\">\n          <svg xmlns=\"http:\/\/www.w3.org\/2000\/svg\" width=\"24\" height=\"24\" viewBox=\"0 0 24 24\" fill=\"none\">\n\t<path d=\"M5 10L12 16L19 10\" stroke=\"currentColor\" stroke-width=\"1.5\" stroke-linecap=\"round\"><\/path>\n<\/svg>\n\n        <\/span>\n\n      <\/button>\n      <div class=\"accordion-item__content hidden text-md text-neutral-800 pb-20\" style=\"display: none;\"><p data-start=\"997\" data-end=\"1122\">Tak, <strong data-start=\"1046\" data-end=\"1109\">mo\u017ce by\u0107 stosowana przez kobiety w ci\u0105\u017cy i karmi\u0105ce piersi\u0105<\/strong>, poniewa\u017c:<\/p>\n<ul data-start=\"1123\" data-end=\"1229\">\n<li data-start=\"1123\" data-end=\"1182\">\n<p data-start=\"1125\" data-end=\"1182\">nie zawiera lek\u00f3w (substancji obkurczaj\u0105cych naczynia),<\/p>\n<\/li>\n<li data-start=\"1183\" data-end=\"1229\">\n<p data-start=\"1185\" data-end=\"1229\">jest to izotoniczny roztw\u00f3r wody morskiej.<\/p>\n<\/li>\n<\/ul>\n<p>&nbsp;<\/p>\n<p data-start=\"1231\" data-end=\"1326\">W przypadku w\u0105tpliwo\u015bci lub bardzo nasilonych objaw\u00f3w zawsze warto skonsultowa\u0107 si\u0119 z lekarzem.<\/p>\n<\/div>\n    <\/li>\n\n  \n    <li class=\"accordion-item border-b border-neutral-400 group\">\n\n      <button type=\"button\" class=\"text-left accordion-item__button py-24 transition duration-300 ease-in cursor-pointer h6 text-primary-700 font-semibold flex items-center justify-between gap-8 w-full [&amp;:hover_*]:text-neutral-900 is-active\">\n\n        <span class=\"\">\n          5. Ile razy dziennie mog\u0119 stosowa\u0107\n        <\/span>\n\n        <span class=\"inline-flex items-center justify-center transition duration-300 ease-in group-hover:bg-primary-0 transform group-[.is-active]:rotate-180\">\n          <svg xmlns=\"http:\/\/www.w3.org\/2000\/svg\" width=\"24\" height=\"24\" viewBox=\"0 0 24 24\" fill=\"none\">\n\t<path d=\"M5 10L12 16L19 10\" stroke=\"currentColor\" stroke-width=\"1.5\" stroke-linecap=\"round\"><\/path>\n<\/svg>\n\n        <\/span>\n\n      <\/button>\n      <div class=\"accordion-item__content hidden text-md text-neutral-800 pb-20\" style=\"display: none;\"><p data-start=\"1333\" data-end=\"1405\">Zgodnie z instrukcj\u0105 u\u017cywania:<\/p>\n<ul data-start=\"1407\" data-end=\"1691\">\n<li data-start=\"1407\" data-end=\"1555\">\n<p data-start=\"1409\" data-end=\"1555\"><strong data-start=\"1409\" data-end=\"1463\">Niemowl\u0119ta od 6. miesi\u0105ca \u017cycia i dzieci do 6 lat:<\/strong><br data-start=\"1463\" data-end=\"1466\">1 dawka do ka\u017cdego otworu nosowego <strong data-start=\"1503\" data-end=\"1526\">kilka razy dziennie<\/strong>, w zale\u017cno\u015bci od potrzeby.<\/p>\n<\/li>\n<li data-start=\"1557\" data-end=\"1691\">\n<p data-start=\"1559\" data-end=\"1691\"><strong data-start=\"1559\" data-end=\"1597\">Dzieci od 6. roku \u017cycia i doro\u015bli:<\/strong><br data-start=\"1597\" data-end=\"1600\">1\u20133 dawki do ka\u017cdego otworu nosowego <strong data-start=\"1639\" data-end=\"1662\">kilka razy dziennie<\/strong>, w zale\u017cno\u015bci od potrzeby.<\/p>\n<\/li>\n<\/ul>\n<p>&nbsp;<\/p>\n<p data-start=\"1693\" data-end=\"1825\">Preparat jest <strong data-start=\"1707\" data-end=\"1750\">bezpieczny przy d\u0142ugotrwa\u0142ym stosowaniu<\/strong>, poniewa\u017c nie zawiera substancji obkurczaj\u0105cych naczynia ani konserwant\u00f3w.<\/p>\n<\/div>\n    <\/li>\n\n  \n    <li class=\"accordion-item border-b border-neutral-400 group\">\n\n      <button type=\"button\" class=\"text-left accordion-item__button py-24 transition duration-300 ease-in cursor-pointer h6 text-primary-700 font-semibold flex items-center justify-between gap-8 w-full [&amp;:hover_*]:text-neutral-900 is-active\">\n\n        <span class=\"\">\n          6. Na co pomaga Katarek Woda Morska izotoniczna?\n        <\/span>\n\n        <span class=\"inline-flex items-center justify-center transition duration-300 ease-in group-hover:bg-primary-0 transform group-[.is-active]:rotate-180\">\n          <svg xmlns=\"http:\/\/www.w3.org\/2000\/svg\" width=\"24\" height=\"24\" viewBox=\"0 0 24 24\" fill=\"none\">\n\t<path d=\"M5 10L12 16L19 10\" stroke=\"currentColor\" stroke-width=\"1.5\" stroke-linecap=\"round\"><\/path>\n<\/svg>\n\n        <\/span>\n\n      <\/button>\n      <div class=\"accordion-item__content hidden text-md text-neutral-800 pb-20\" style=\"display: none;\"><p data-start=\"1869\" data-end=\"1982\">Katarek Woda Morska izotoniczna to spray do nosa, kt\u00f3ry:<\/p>\n<ul data-start=\"1983\" data-end=\"2432\">\n<li data-start=\"1983\" data-end=\"2023\">\n<p data-start=\"1985\" data-end=\"2023\"><strong data-start=\"1985\" data-end=\"2020\">nawil\u017ca wysuszon\u0105 \u015bluz\u00f3wk\u0119 nosa<\/strong>,<\/p>\n<\/li>\n<li data-start=\"2024\" data-end=\"2091\">\n<p data-start=\"2026\" data-end=\"2091\">pomaga <strong data-start=\"2033\" data-end=\"2064\">rozrzedzi\u0107 g\u0119st\u0105 wydzielin\u0119<\/strong> i u\u0142atwia jej usuni\u0119cie,<\/p>\n<\/li>\n<li data-start=\"2092\" data-end=\"2158\">\n<p data-start=\"2094\" data-end=\"2158\"><strong data-start=\"2094\" data-end=\"2119\">oczyszcza jam\u0119 nosow\u0105<\/strong> z kurzu, alergen\u00f3w i zanieczyszcze\u0144,<\/p>\n<\/li>\n<li data-start=\"2159\" data-end=\"2218\">\n<p data-start=\"2161\" data-end=\"2218\"><strong data-start=\"2161\" data-end=\"2200\">\u0142agodzi podra\u017cnienie i przekrwienie<\/strong> b\u0142ony \u015bluzowej,<\/p>\n<\/li>\n<li data-start=\"2219\" data-end=\"2279\">\n<p data-start=\"2221\" data-end=\"2279\"><strong data-start=\"2221\" data-end=\"2276\">wspomaga naturalny proces oczyszczania nosa i zatok<\/strong>,<\/p>\n<\/li>\n<li data-start=\"2280\" data-end=\"2432\">\n<p data-start=\"2282\" data-end=\"2432\">sprawdza si\u0119 <strong data-start=\"2295\" data-end=\"2329\">profilaktycznie i wspomagaj\u0105co<\/strong> przy katarze, infekcjach g\u00f3rnych dr\u00f3g oddechowych, alergii czy ekspozycji na smog i suche powietrze.<\/p>\n<\/li>\n<\/ul>\n<p>&nbsp;<\/p>\n<p data-start=\"2434\" data-end=\"2550\">To wyr\u00f3b medyczny do <strong data-start=\"2455\" data-end=\"2482\">codziennej higieny nosa<\/strong>, odpowiedni dla niemowl\u0105t od 6. miesi\u0105ca \u017cycia, dzieci i doros\u0142ych.<\/p>\n<\/div>\n    <\/li>\n\n  \n    <li class=\"accordion-item border-b border-neutral-400 group\">\n\n      <button type=\"button\" class=\"text-left accordion-item__button py-24 transition duration-300 ease-in cursor-pointer h6 text-primary-700 font-semibold flex items-center justify-between gap-8 w-full [&amp;:hover_*]:text-neutral-900 is-active\">\n\n        <span class=\"\">\n          7. Czy Katarek Woda Morska izotoniczna mo\u017cna stosowa\u0107 codziennie i d\u0142ugotrwale?\n        <\/span>\n\n        <span class=\"inline-flex items-center justify-center transition duration-300 ease-in group-hover:bg-primary-0 transform group-[.is-active]:rotate-180\">\n          <svg xmlns=\"http:\/\/www.w3.org\/2000\/svg\" width=\"24\" height=\"24\" viewBox=\"0 0 24 24\" fill=\"none\">\n\t<path d=\"M5 10L12 16L19 10\" stroke=\"currentColor\" stroke-width=\"1.5\" stroke-linecap=\"round\"><\/path>\n<\/svg>\n\n        <\/span>\n\n      <\/button>\n      <div class=\"accordion-item__content hidden text-md text-neutral-800 pb-20\" style=\"display: none;\"><p data-start=\"2557\" data-end=\"2689\">Tak. Instrukcja wyra\u017anie wskazuje, \u017ce wyr\u00f3b:<\/p>\n<ul data-start=\"2690\" data-end=\"2947\">\n<li data-start=\"2690\" data-end=\"2749\">\n<p data-start=\"2692\" data-end=\"2749\">jest <strong data-start=\"2697\" data-end=\"2746\">bezpieczny nawet przy d\u0142ugotrwa\u0142ym stosowaniu<\/strong>,<\/p>\n<\/li>\n<li data-start=\"2750\" data-end=\"2813\">\n<p data-start=\"2752\" data-end=\"2813\">mo\u017ce by\u0107 u\u017cywany <strong data-start=\"2769\" data-end=\"2783\">codziennie<\/strong>, tak\u017ce kilka razy dziennie,<\/p>\n<\/li>\n<li data-start=\"2814\" data-end=\"2947\">\n<p data-start=\"2816\" data-end=\"2947\"><strong data-start=\"2816\" data-end=\"2833\">nie uzale\u017cnia<\/strong> i nie powoduje efektu \u201ezatkanego nosa po odstawieniu\u201d, poniewa\u017c nie zawiera substancji obkurczaj\u0105cych naczynia.<\/p>\n<\/li>\n<\/ul>\n<p>&nbsp;<\/p>\n<p data-start=\"2949\" data-end=\"3087\">Regularne stosowanie pomaga utrzyma\u0107 <strong data-start=\"2986\" data-end=\"3026\">prawid\u0142owe nawil\u017cenie i oczyszczenie<\/strong> b\u0142ony \u015bluzowej nosa, co zmniejsza jej podatno\u015b\u0107 na infekcje.<\/p>\n<\/div>\n    <\/li>\n\n  \n    <li class=\"accordion-item border-b border-neutral-400 group\">\n\n      <button type=\"button\" class=\"text-left accordion-item__button py-24 transition duration-300 ease-in cursor-pointer h6 text-primary-700 font-semibold flex items-center justify-between gap-8 w-full [&amp;:hover_*]:text-neutral-900\">\n\n        <span class=\"\">\n          8. Jak prawid\u0142owo u\u017cywa\u0107 Katarek Woda Morska izotoniczna u niemowl\u0105t i dzieci?\n        <\/span>\n\n        <span class=\"inline-flex items-center justify-center transition duration-300 ease-in group-hover:bg-primary-0 transform group-[.is-active]:rotate-180\">\n          <svg xmlns=\"http:\/\/www.w3.org\/2000\/svg\" width=\"24\" height=\"24\" viewBox=\"0 0 24 24\" fill=\"none\">\n\t<path d=\"M5 10L12 16L19 10\" stroke=\"currentColor\" stroke-width=\"1.5\" stroke-linecap=\"round\"><\/path>\n<\/svg>\n\n        <\/span>\n\n      <\/button>\n      <div class=\"accordion-item__content hidden text-md text-neutral-800 pb-20\" style=\"display: none;\"><p data-start=\"3094\" data-end=\"3211\">Zgodnie z instrukcj\u0105 u\u017cywania:<\/p>\n<ol data-start=\"3213\" data-end=\"3924\">\n<li data-start=\"3213\" data-end=\"3271\">\n<p data-start=\"3216\" data-end=\"3271\"><strong data-start=\"3216\" data-end=\"3237\">Przygotuj produkt<\/strong> \u2013 zdejmij nasadk\u0119 z aplikatora.<\/p>\n<\/li>\n<li data-start=\"3272\" data-end=\"3391\">\n<p data-start=\"3275\" data-end=\"3391\"><strong data-start=\"3275\" data-end=\"3295\">Uaktywnij pompk\u0119<\/strong> \u2013 przed pierwszym u\u017cyciem kilkukrotnie naci\u015bnij pompk\u0119, a\u017c pojawi si\u0119 jednolita dawka sprayu.<\/p>\n<\/li>\n<li data-start=\"3392\" data-end=\"3522\">\n<p data-start=\"3395\" data-end=\"3522\"><strong data-start=\"3395\" data-end=\"3411\">U\u0142\u00f3\u017c dziecko<\/strong> \u2013 w wygodnej pozycji, z g\u0142ow\u0105 lekko odchylon\u0105 do ty\u0142u lub na bok (u niemowl\u0105t cz\u0119sto wygodnie jest na boku).<\/p>\n<\/li>\n<li data-start=\"3523\" data-end=\"3658\">\n<p data-start=\"3526\" data-end=\"3658\"><strong data-start=\"3526\" data-end=\"3547\">Aplikacja do nosa<\/strong> \u2013 delikatnie wsu\u0144 aplikator do otworu nosowego i naci\u015bnij obustronnie jego podstaw\u0119, podaj\u0105c zalecan\u0105 dawk\u0119.<\/p>\n<\/li>\n<li data-start=\"3659\" data-end=\"3811\">\n<p data-start=\"3662\" data-end=\"3811\"><strong data-start=\"3662\" data-end=\"3694\">Pozw\u00f3l, by roztw\u00f3r zadzia\u0142a\u0142<\/strong> \u2013 wydzielina mo\u017ce wyp\u0142yn\u0105\u0107 na zewn\u0105trz; u mniejszych dzieci mo\u017cna j\u0105 delikatnie usun\u0105\u0107 chusteczk\u0105 lub aspiratorem.<\/p>\n<\/li>\n<li data-start=\"3812\" data-end=\"3924\">\n<p data-start=\"3815\" data-end=\"3924\"><strong data-start=\"3815\" data-end=\"3837\">Higiena aplikatora<\/strong> \u2013 po ka\u017cdym u\u017cyciu umyj aplikator myd\u0142em, sp\u0142ucz letni\u0105 wod\u0105, osusz i za\u0142\u00f3\u017c nasadk\u0119.<\/p>\n<\/li>\n<\/ol>\n<p>&nbsp;<\/p>\n<p data-start=\"3926\" data-end=\"4088\" data-is-last-node=\"\" data-is-only-node=\"\">Stosowanie u dzieci zawsze powinno odbywa\u0107 si\u0119 <strong data-start=\"3973\" data-end=\"4004\">pod kontrol\u0105 osoby doros\u0142ej<\/strong>. W razie w\u0105tpliwo\u015bci co do sposobu u\u017cycia skonsultuj si\u0119 z lekarzem lub farmaceut\u0105.<\/p>\n<\/div>\n    <\/li>\n\n  <\/ul>\n\t\t\t<\/div>\n<\/article> -->\n","innerContent":["\n<!-- <article class=\"product-content text-content text-md text-neutral-800 tabs__single-tab-content pt-24  is-active\" style=\"margin-top:0; padding-top:0;\">\n<h2 style=\"font-weight:normal;\">Najcz\u0119\u015bciej zadawane pytania<\/h2>\n\t<div class=\"container--single-product mx-auto\">\n\t\t\t\t\t\n\t\t\t\t\t<ul class=\"accordion !list-none !p-0 \" data-first-item-should-be-expanded=\"true\">\n  \n    <li class=\"accordion-item border-b border-neutral-400 group\">\n\n      <button type=\"button\" class=\"text-left accordion-item__button py-24 transition duration-300 ease-in cursor-pointer h6 text-primary-700 font-semibold flex items-center justify-between gap-8 w-full [&amp;:hover_*]:text-neutral-900\">\n\n        <span class=\"\">\n          1. Od kiedy mo\u017cna stosowa\u0107?\n        <\/span>\n\n        <span class=\"inline-flex items-center justify-center transition duration-300 ease-in group-hover:bg-primary-0 transform group-[.is-active]:rotate-180\">\n          <svg xmlns=\"http:\/\/www.w3.org\/2000\/svg\" width=\"24\" height=\"24\" viewBox=\"0 0 24 24\" fill=\"none\">\n\t<path d=\"M5 10L12 16L19 10\" stroke=\"currentColor\" stroke-width=\"1.5\" stroke-linecap=\"round\"><\/path>\n<\/svg>\n\n        <\/span>\n\n      <\/button>\n      <div class=\"accordion-item__content hidden text-md text-neutral-800 pb-20\" style=\"display: none;\"><p>Katarek Woda Morska izotoniczna jest przeznaczona dla niemowl\u0105t od <strong data-start=\"126\" data-end=\"147\">6. miesi\u0105ca \u017cycia<\/strong>, dzieci i doros\u0142ych.<br data-start=\"168\" data-end=\"171\">U m\u0142odszych niemowl\u0105t (poni\u017cej 6. miesi\u0105ca \u017cycia) spos\u00f3b piel\u0119gnacji nosa najlepiej skonsultowa\u0107 z lekarzem lub po\u0142o\u017cn\u0105.<\/p>\n<\/div>\n    <\/li>\n\n  \n    <li class=\"accordion-item border-b border-neutral-400 group\">\n\n      <button type=\"button\" class=\"text-left accordion-item__button py-24 transition duration-300 ease-in cursor-pointer h6 text-primary-700 font-semibold flex items-center justify-between gap-8 w-full [&amp;:hover_*]:text-neutral-900\">\n\n        <span class=\"\">\n          2. Czy zawiera konserwanty?\n        <\/span>\n\n        <span class=\"inline-flex items-center justify-center transition duration-300 ease-in group-hover:bg-primary-0 transform group-[.is-active]:rotate-180\">\n          <svg xmlns=\"http:\/\/www.w3.org\/2000\/svg\" width=\"24\" height=\"24\" viewBox=\"0 0 24 24\" fill=\"none\">\n\t<path d=\"M5 10L12 16L19 10\" stroke=\"currentColor\" stroke-width=\"1.5\" stroke-linecap=\"round\"><\/path>\n<\/svg>\n\n        <\/span>\n\n      <\/button>\n      <div class=\"accordion-item__content hidden text-md text-neutral-800 pb-20\" style=\"display: none;\"><p data-start=\"298\" data-end=\"431\">Nie. Preparat <strong data-start=\"346\" data-end=\"401\">nie zawiera konserwant\u00f3w ani substancji leczniczych<\/strong>.<br data-start=\"402\" data-end=\"405\">W sk\u0142adzie s\u0105 wy\u0142\u0105cznie:<\/p>\n<ul data-start=\"432\" data-end=\"508\">\n<li data-start=\"432\" data-end=\"481\">\n<p data-start=\"434\" data-end=\"481\">naturalna woda morska z Oceanu Atlantyckiego,<\/p>\n<\/li>\n<li data-start=\"482\" data-end=\"508\">\n<p data-start=\"484\" data-end=\"508\">woda demineralizowana.<\/p>\n<\/li>\n<\/ul>\n<p>&nbsp;<\/p>\n<p data-start=\"510\" data-end=\"561\">Dzi\u0119ki temu mo\u017ce by\u0107 stosowany r\u00f3wnie\u017c d\u0142ugotrwale.<\/p>\n<\/div>\n    <\/li>\n\n  \n    <li class=\"accordion-item border-b border-neutral-400 group\">\n\n      <button type=\"button\" class=\"text-left accordion-item__button py-24 transition duration-300 ease-in cursor-pointer h6 text-primary-700 font-semibold flex items-center justify-between gap-8 w-full [&amp;:hover_*]:text-neutral-900 is-active\">\n\n        <span class=\"\">\n          3. Czy mo\u017cna u\u017cywa\u0107 z aspiratorem Katarek?\n        <\/span>\n\n        <span class=\"inline-flex items-center justify-center transition duration-300 ease-in group-hover:bg-primary-0 transform group-[.is-active]:rotate-180\">\n          <svg xmlns=\"http:\/\/www.w3.org\/2000\/svg\" width=\"24\" height=\"24\" viewBox=\"0 0 24 24\" fill=\"none\">\n\t<path d=\"M5 10L12 16L19 10\" stroke=\"currentColor\" stroke-width=\"1.5\" stroke-linecap=\"round\"><\/path>\n<\/svg>\n\n        <\/span>\n\n      <\/button>\n      <div class=\"accordion-item__content hidden text-md text-neutral-800 pb-20\" style=\"display: none;\"><p data-start=\"568\" data-end=\"710\">Tak, <strong data-start=\"622\" data-end=\"685\">mo\u017cna \u0142\u0105czy\u0107 stosowanie wody morskiej z aspiratorem Katarek<\/strong>.<br data-start=\"686\" data-end=\"689\">Praktyczny schemat:<\/p>\n<ol data-start=\"711\" data-end=\"925\">\n<li data-start=\"711\" data-end=\"791\">\n<p data-start=\"714\" data-end=\"791\">Najpierw zaaplikuj spray do nosa, aby <strong data-start=\"752\" data-end=\"788\">nawil\u017cy\u0107 i rozrzedzi\u0107 wydzielin\u0119<\/strong>.<\/p>\n<\/li>\n<li data-start=\"792\" data-end=\"813\">\n<p data-start=\"795\" data-end=\"813\">Odczekaj chwil\u0119.<\/p>\n<\/li>\n<li data-start=\"814\" data-end=\"925\">\n<p data-start=\"817\" data-end=\"925\">Nast\u0119pnie u\u017cyj aspiratora Katarek zgodnie z jego instrukcj\u0105, aby <strong data-start=\"882\" data-end=\"922\">usun\u0105\u0107 rozrzedzon\u0105 wydzielin\u0119 z nosa<\/strong>.<\/p>\n<\/li>\n<\/ol>\n<p>&nbsp;<\/p>\n<p data-start=\"927\" data-end=\"990\">Zawsze stosuj oba wyroby zgodnie z ich instrukcjami u\u017cywania. Pami\u0119taj aby nie u\u017cywa\u0107 soli u dzieci poni\u017cej 6 miesi\u0105ca \u017cycia.<\/p>\n<\/div>\n    <\/li>\n\n  \n    <li class=\"accordion-item border-b border-neutral-400 group\">\n\n      <button type=\"button\" class=\"text-left accordion-item__button py-24 transition duration-300 ease-in cursor-pointer h6 text-primary-700 font-semibold flex items-center justify-between gap-8 w-full [&amp;:hover_*]:text-neutral-900 is-active\">\n\n        <span class=\"\">\n          4. Czy nadaje si\u0119 dla kobiet w ci\u0105\u017cy?\n        <\/span>\n\n        <span class=\"inline-flex items-center justify-center transition duration-300 ease-in group-hover:bg-primary-0 transform group-[.is-active]:rotate-180\">\n          <svg xmlns=\"http:\/\/www.w3.org\/2000\/svg\" width=\"24\" height=\"24\" viewBox=\"0 0 24 24\" fill=\"none\">\n\t<path d=\"M5 10L12 16L19 10\" stroke=\"currentColor\" stroke-width=\"1.5\" stroke-linecap=\"round\"><\/path>\n<\/svg>\n\n        <\/span>\n\n      <\/button>\n      <div class=\"accordion-item__content hidden text-md text-neutral-800 pb-20\" style=\"display: none;\"><p data-start=\"997\" data-end=\"1122\">Tak, <strong data-start=\"1046\" data-end=\"1109\">mo\u017ce by\u0107 stosowana przez kobiety w ci\u0105\u017cy i karmi\u0105ce piersi\u0105<\/strong>, poniewa\u017c:<\/p>\n<ul data-start=\"1123\" data-end=\"1229\">\n<li data-start=\"1123\" data-end=\"1182\">\n<p data-start=\"1125\" data-end=\"1182\">nie zawiera lek\u00f3w (substancji obkurczaj\u0105cych naczynia),<\/p>\n<\/li>\n<li data-start=\"1183\" data-end=\"1229\">\n<p data-start=\"1185\" data-end=\"1229\">jest to izotoniczny roztw\u00f3r wody morskiej.<\/p>\n<\/li>\n<\/ul>\n<p>&nbsp;<\/p>\n<p data-start=\"1231\" data-end=\"1326\">W przypadku w\u0105tpliwo\u015bci lub bardzo nasilonych objaw\u00f3w zawsze warto skonsultowa\u0107 si\u0119 z lekarzem.<\/p>\n<\/div>\n    <\/li>\n\n  \n    <li class=\"accordion-item border-b border-neutral-400 group\">\n\n      <button type=\"button\" class=\"text-left accordion-item__button py-24 transition duration-300 ease-in cursor-pointer h6 text-primary-700 font-semibold flex items-center justify-between gap-8 w-full [&amp;:hover_*]:text-neutral-900 is-active\">\n\n        <span class=\"\">\n          5. Ile razy dziennie mog\u0119 stosowa\u0107\n        <\/span>\n\n        <span class=\"inline-flex items-center justify-center transition duration-300 ease-in group-hover:bg-primary-0 transform group-[.is-active]:rotate-180\">\n          <svg xmlns=\"http:\/\/www.w3.org\/2000\/svg\" width=\"24\" height=\"24\" viewBox=\"0 0 24 24\" fill=\"none\">\n\t<path d=\"M5 10L12 16L19 10\" stroke=\"currentColor\" stroke-width=\"1.5\" stroke-linecap=\"round\"><\/path>\n<\/svg>\n\n        <\/span>\n\n      <\/button>\n      <div class=\"accordion-item__content hidden text-md text-neutral-800 pb-20\" style=\"display: none;\"><p data-start=\"1333\" data-end=\"1405\">Zgodnie z instrukcj\u0105 u\u017cywania:<\/p>\n<ul data-start=\"1407\" data-end=\"1691\">\n<li data-start=\"1407\" data-end=\"1555\">\n<p data-start=\"1409\" data-end=\"1555\"><strong data-start=\"1409\" data-end=\"1463\">Niemowl\u0119ta od 6. miesi\u0105ca \u017cycia i dzieci do 6 lat:<\/strong><br data-start=\"1463\" data-end=\"1466\">1 dawka do ka\u017cdego otworu nosowego <strong data-start=\"1503\" data-end=\"1526\">kilka razy dziennie<\/strong>, w zale\u017cno\u015bci od potrzeby.<\/p>\n<\/li>\n<li data-start=\"1557\" data-end=\"1691\">\n<p data-start=\"1559\" data-end=\"1691\"><strong data-start=\"1559\" data-end=\"1597\">Dzieci od 6. roku \u017cycia i doro\u015bli:<\/strong><br data-start=\"1597\" data-end=\"1600\">1\u20133 dawki do ka\u017cdego otworu nosowego <strong data-start=\"1639\" data-end=\"1662\">kilka razy dziennie<\/strong>, w zale\u017cno\u015bci od potrzeby.<\/p>\n<\/li>\n<\/ul>\n<p>&nbsp;<\/p>\n<p data-start=\"1693\" data-end=\"1825\">Preparat jest <strong data-start=\"1707\" data-end=\"1750\">bezpieczny przy d\u0142ugotrwa\u0142ym stosowaniu<\/strong>, poniewa\u017c nie zawiera substancji obkurczaj\u0105cych naczynia ani konserwant\u00f3w.<\/p>\n<\/div>\n    <\/li>\n\n  \n    <li class=\"accordion-item border-b border-neutral-400 group\">\n\n      <button type=\"button\" class=\"text-left accordion-item__button py-24 transition duration-300 ease-in cursor-pointer h6 text-primary-700 font-semibold flex items-center justify-between gap-8 w-full [&amp;:hover_*]:text-neutral-900 is-active\">\n\n        <span class=\"\">\n          6. Na co pomaga Katarek Woda Morska izotoniczna?\n        <\/span>\n\n        <span class=\"inline-flex items-center justify-center transition duration-300 ease-in group-hover:bg-primary-0 transform group-[.is-active]:rotate-180\">\n          <svg xmlns=\"http:\/\/www.w3.org\/2000\/svg\" width=\"24\" height=\"24\" viewBox=\"0 0 24 24\" fill=\"none\">\n\t<path d=\"M5 10L12 16L19 10\" stroke=\"currentColor\" stroke-width=\"1.5\" stroke-linecap=\"round\"><\/path>\n<\/svg>\n\n        <\/span>\n\n      <\/button>\n      <div class=\"accordion-item__content hidden text-md text-neutral-800 pb-20\" style=\"display: none;\"><p data-start=\"1869\" data-end=\"1982\">Katarek Woda Morska izotoniczna to spray do nosa, kt\u00f3ry:<\/p>\n<ul data-start=\"1983\" data-end=\"2432\">\n<li data-start=\"1983\" data-end=\"2023\">\n<p data-start=\"1985\" data-end=\"2023\"><strong data-start=\"1985\" data-end=\"2020\">nawil\u017ca wysuszon\u0105 \u015bluz\u00f3wk\u0119 nosa<\/strong>,<\/p>\n<\/li>\n<li data-start=\"2024\" data-end=\"2091\">\n<p data-start=\"2026\" data-end=\"2091\">pomaga <strong data-start=\"2033\" data-end=\"2064\">rozrzedzi\u0107 g\u0119st\u0105 wydzielin\u0119<\/strong> i u\u0142atwia jej usuni\u0119cie,<\/p>\n<\/li>\n<li data-start=\"2092\" data-end=\"2158\">\n<p data-start=\"2094\" data-end=\"2158\"><strong data-start=\"2094\" data-end=\"2119\">oczyszcza jam\u0119 nosow\u0105<\/strong> z kurzu, alergen\u00f3w i zanieczyszcze\u0144,<\/p>\n<\/li>\n<li data-start=\"2159\" data-end=\"2218\">\n<p data-start=\"2161\" data-end=\"2218\"><strong data-start=\"2161\" data-end=\"2200\">\u0142agodzi podra\u017cnienie i przekrwienie<\/strong> b\u0142ony \u015bluzowej,<\/p>\n<\/li>\n<li data-start=\"2219\" data-end=\"2279\">\n<p data-start=\"2221\" data-end=\"2279\"><strong data-start=\"2221\" data-end=\"2276\">wspomaga naturalny proces oczyszczania nosa i zatok<\/strong>,<\/p>\n<\/li>\n<li data-start=\"2280\" data-end=\"2432\">\n<p data-start=\"2282\" data-end=\"2432\">sprawdza si\u0119 <strong data-start=\"2295\" data-end=\"2329\">profilaktycznie i wspomagaj\u0105co<\/strong> przy katarze, infekcjach g\u00f3rnych dr\u00f3g oddechowych, alergii czy ekspozycji na smog i suche powietrze.<\/p>\n<\/li>\n<\/ul>\n<p>&nbsp;<\/p>\n<p data-start=\"2434\" data-end=\"2550\">To wyr\u00f3b medyczny do <strong data-start=\"2455\" data-end=\"2482\">codziennej higieny nosa<\/strong>, odpowiedni dla niemowl\u0105t od 6. miesi\u0105ca \u017cycia, dzieci i doros\u0142ych.<\/p>\n<\/div>\n    <\/li>\n\n  \n    <li class=\"accordion-item border-b border-neutral-400 group\">\n\n      <button type=\"button\" class=\"text-left accordion-item__button py-24 transition duration-300 ease-in cursor-pointer h6 text-primary-700 font-semibold flex items-center justify-between gap-8 w-full [&amp;:hover_*]:text-neutral-900 is-active\">\n\n        <span class=\"\">\n          7. Czy Katarek Woda Morska izotoniczna mo\u017cna stosowa\u0107 codziennie i d\u0142ugotrwale?\n        <\/span>\n\n        <span class=\"inline-flex items-center justify-center transition duration-300 ease-in group-hover:bg-primary-0 transform group-[.is-active]:rotate-180\">\n          <svg xmlns=\"http:\/\/www.w3.org\/2000\/svg\" width=\"24\" height=\"24\" viewBox=\"0 0 24 24\" fill=\"none\">\n\t<path d=\"M5 10L12 16L19 10\" stroke=\"currentColor\" stroke-width=\"1.5\" stroke-linecap=\"round\"><\/path>\n<\/svg>\n\n        <\/span>\n\n      <\/button>\n      <div class=\"accordion-item__content hidden text-md text-neutral-800 pb-20\" style=\"display: none;\"><p data-start=\"2557\" data-end=\"2689\">Tak. Instrukcja wyra\u017anie wskazuje, \u017ce wyr\u00f3b:<\/p>\n<ul data-start=\"2690\" data-end=\"2947\">\n<li data-start=\"2690\" data-end=\"2749\">\n<p data-start=\"2692\" data-end=\"2749\">jest <strong data-start=\"2697\" data-end=\"2746\">bezpieczny nawet przy d\u0142ugotrwa\u0142ym stosowaniu<\/strong>,<\/p>\n<\/li>\n<li data-start=\"2750\" data-end=\"2813\">\n<p data-start=\"2752\" data-end=\"2813\">mo\u017ce by\u0107 u\u017cywany <strong data-start=\"2769\" data-end=\"2783\">codziennie<\/strong>, tak\u017ce kilka razy dziennie,<\/p>\n<\/li>\n<li data-start=\"2814\" data-end=\"2947\">\n<p data-start=\"2816\" data-end=\"2947\"><strong data-start=\"2816\" data-end=\"2833\">nie uzale\u017cnia<\/strong> i nie powoduje efektu \u201ezatkanego nosa po odstawieniu\u201d, poniewa\u017c nie zawiera substancji obkurczaj\u0105cych naczynia.<\/p>\n<\/li>\n<\/ul>\n<p>&nbsp;<\/p>\n<p data-start=\"2949\" data-end=\"3087\">Regularne stosowanie pomaga utrzyma\u0107 <strong data-start=\"2986\" data-end=\"3026\">prawid\u0142owe nawil\u017cenie i oczyszczenie<\/strong> b\u0142ony \u015bluzowej nosa, co zmniejsza jej podatno\u015b\u0107 na infekcje.<\/p>\n<\/div>\n    <\/li>\n\n  \n    <li class=\"accordion-item border-b border-neutral-400 group\">\n\n      <button type=\"button\" class=\"text-left accordion-item__button py-24 transition duration-300 ease-in cursor-pointer h6 text-primary-700 font-semibold flex items-center justify-between gap-8 w-full [&amp;:hover_*]:text-neutral-900\">\n\n        <span class=\"\">\n          8. Jak prawid\u0142owo u\u017cywa\u0107 Katarek Woda Morska izotoniczna u niemowl\u0105t i dzieci?\n        <\/span>\n\n        <span class=\"inline-flex items-center justify-center transition duration-300 ease-in group-hover:bg-primary-0 transform group-[.is-active]:rotate-180\">\n          <svg xmlns=\"http:\/\/www.w3.org\/2000\/svg\" width=\"24\" height=\"24\" viewBox=\"0 0 24 24\" fill=\"none\">\n\t<path d=\"M5 10L12 16L19 10\" stroke=\"currentColor\" stroke-width=\"1.5\" stroke-linecap=\"round\"><\/path>\n<\/svg>\n\n        <\/span>\n\n      <\/button>\n      <div class=\"accordion-item__content hidden text-md text-neutral-800 pb-20\" style=\"display: none;\"><p data-start=\"3094\" data-end=\"3211\">Zgodnie z instrukcj\u0105 u\u017cywania:<\/p>\n<ol data-start=\"3213\" data-end=\"3924\">\n<li data-start=\"3213\" data-end=\"3271\">\n<p data-start=\"3216\" data-end=\"3271\"><strong data-start=\"3216\" data-end=\"3237\">Przygotuj produkt<\/strong> \u2013 zdejmij nasadk\u0119 z aplikatora.<\/p>\n<\/li>\n<li data-start=\"3272\" data-end=\"3391\">\n<p data-start=\"3275\" data-end=\"3391\"><strong data-start=\"3275\" data-end=\"3295\">Uaktywnij pompk\u0119<\/strong> \u2013 przed pierwszym u\u017cyciem kilkukrotnie naci\u015bnij pompk\u0119, a\u017c pojawi si\u0119 jednolita dawka sprayu.<\/p>\n<\/li>\n<li data-start=\"3392\" data-end=\"3522\">\n<p data-start=\"3395\" data-end=\"3522\"><strong data-start=\"3395\" data-end=\"3411\">U\u0142\u00f3\u017c dziecko<\/strong> \u2013 w wygodnej pozycji, z g\u0142ow\u0105 lekko odchylon\u0105 do ty\u0142u lub na bok (u niemowl\u0105t cz\u0119sto wygodnie jest na boku).<\/p>\n<\/li>\n<li data-start=\"3523\" data-end=\"3658\">\n<p data-start=\"3526\" data-end=\"3658\"><strong data-start=\"3526\" data-end=\"3547\">Aplikacja do nosa<\/strong> \u2013 delikatnie wsu\u0144 aplikator do otworu nosowego i naci\u015bnij obustronnie jego podstaw\u0119, podaj\u0105c zalecan\u0105 dawk\u0119.<\/p>\n<\/li>\n<li data-start=\"3659\" data-end=\"3811\">\n<p data-start=\"3662\" data-end=\"3811\"><strong data-start=\"3662\" data-end=\"3694\">Pozw\u00f3l, by roztw\u00f3r zadzia\u0142a\u0142<\/strong> \u2013 wydzielina mo\u017ce wyp\u0142yn\u0105\u0107 na zewn\u0105trz; u mniejszych dzieci mo\u017cna j\u0105 delikatnie usun\u0105\u0107 chusteczk\u0105 lub aspiratorem.<\/p>\n<\/li>\n<li data-start=\"3812\" data-end=\"3924\">\n<p data-start=\"3815\" data-end=\"3924\"><strong data-start=\"3815\" data-end=\"3837\">Higiena aplikatora<\/strong> \u2013 po ka\u017cdym u\u017cyciu umyj aplikator myd\u0142em, sp\u0142ucz letni\u0105 wod\u0105, osusz i za\u0142\u00f3\u017c nasadk\u0119.<\/p>\n<\/li>\n<\/ol>\n<p>&nbsp;<\/p>\n<p data-start=\"3926\" data-end=\"4088\" data-is-last-node=\"\" data-is-only-node=\"\">Stosowanie u dzieci zawsze powinno odbywa\u0107 si\u0119 <strong data-start=\"3973\" data-end=\"4004\">pod kontrol\u0105 osoby doros\u0142ej<\/strong>. W razie w\u0105tpliwo\u015bci co do sposobu u\u017cycia skonsultuj si\u0119 z lekarzem lub farmaceut\u0105.<\/p>\n<\/div>\n    <\/li>\n\n  <\/ul>\n\t\t\t<\/div>\n<\/article> -->\n"]},{"blockName":"acf\/product-info","attrs":{"name":"acf\/product-info","data":{"title_heading_label":"","_title_heading_label":"field_680f5de7d3992","title_heading_text":"Wa\u017cna informacja dla kupuj\u0105cych:","_title_heading_text":"field_638627ccced84","title_heading_level":"h4","_title_heading_level":"field_638627e7ced85","title_heading_variant":"default","_title_heading_variant":"field_63862847ced86","title_extra_classes":"","_title_extra_classes":"field_638628eeced88","title":"","_title":"field_6808c03718bf7","content":"Dzi\u0119kujemy za zainteresowanie naszym produktem! Zanim zdecydujesz si\u0119 na zakup, prosimy o zapoznanie si\u0119 z poni\u017csz\u0105 informacj\u0105:\r\n\r\nZgodnie z art. 38 ustawy o prawach konsumenta, wyroby medyczne sprzedawane w zapiecz\u0119towanych opakowaniach nie podlegaj\u0105 zwrotowi, je\u015bli opakowanie zosta\u0142o otwarte po dostarczeniu. Wynika to z dba\u0142o\u015bci o Twoje bezpiecze\u0144stwo oraz higien\u0119.\r\n\r\nDlatego prosimy o rozwa\u017cne podejmowanie decyzji zakupowych. Je\u015bli masz jakiekolwiek pytania dotycz\u0105ce produktu, ch\u0119tnie na nie odpowiemy, by pom\u00f3c Ci dokona\u0107 najlepszego wyboru!\r\n\r\nWy\u0142\u0105czenie od prawa odst\u0105pienia w ci\u0105gu 14 dni w przypadku zakupu dokonanego na odleg\u0142o\u015b\u0107 wynika z:\r\n\r\nUstawa o prawach konsumenta\r\n\r\nDz.U.2023.0.2759 t.j. \u2013 Ustawa z dnia 30 maja 2014 r. o prawach konsumenta\r\n\r\nArt. 38. prawa konsumenta\r\n\r\n1.Prawo odst\u0105pienia od umowy zawartej poza lokalem przedsi\u0119biorstwa lub na odleg\u0142o\u015b\u0107 nie przys\u0142uguje konsumentowi w odniesieniu do um\u00f3w:\r\n\r\n5) w kt\u00f3rej przedmiotem \u015bwiadczenia jest towar dostarczany w zapiecz\u0119towanym opakowaniu, kt\u00f3rego po otwarciu opakowania nie mo\u017cna zwr\u00f3ci\u0107 ze wzgl\u0119du na ochron\u0119 zdrowia lub ze wzgl\u0119d\u00f3w higienicznych, je\u017celi opakowanie zosta\u0142o otwarte po dostarczeniu;","_content":"field_6808c037963c2","block_type":"border","_block_type":"field_6808c037193a7"},"mode":"edit","metadata":{"categories":["about"],"patternName":"core\/block\/3073","name":"zwrot wyrobu higienicznego"}},"innerBlocks":[],"innerHTML":"","innerContent":[]},{"blockName":"core\/group","attrs":{"className":"","layout":{"type":"flex","flexWrap":"nowrap"},"epAnimationGeneratedClass":"edplus_anim-s7wQHe","epGeneratedClass":"eplus-wrapper"},"innerBlocks":[{"blockName":"acf\/image","attrs":{"name":"acf\/image","data":{"image":6125,"_image":"field_642686ed613f8"},"mode":"edit"},"innerBlocks":[],"innerHTML":"","innerContent":[]},{"blockName":"acf\/image","attrs":{"name":"acf\/image","data":{"image":6126,"_image":"field_642686ed613f8"},"mode":"edit"},"innerBlocks":[],"innerHTML":"","innerContent":[]}],"innerHTML":"\n<div class=\" wp-block-group eplus-wrapper\">\n\n<\/div>\n","innerContent":["\n<div class=\" wp-block-group eplus-wrapper\">",null,"\n\n",null,"<\/div>\n"]},{"blockName":"core\/heading","attrs":{"textAlign":"center","className":"","epAnimationGeneratedClass":"edplus_anim-4Ql01A","epGeneratedClass":"eplus-wrapper"},"innerBlocks":[],"innerHTML":"\n<h2 class=\" wp-block-heading has-text-align-center eplus-wrapper\"><strong><strong>KATAREK, wspieramy w zdrowiu i chorobie<\/strong><\/strong>.<\/h2>\n","innerContent":["\n<h2 class=\" wp-block-heading has-text-align-center eplus-wrapper\"><strong><strong>KATAREK, wspieramy w zdrowiu i chorobie<\/strong><\/strong>.<\/h2>\n"]},{"blockName":"core\/group","attrs":{"className":"","layout":{"type":"constrained"},"epAnimationGeneratedClass":"edplus_anim-lBoiQI","epGeneratedClass":"eplus-wrapper"},"innerBlocks":[{"blockName":"core\/paragraph","attrs":{"className":"","epAnimationGeneratedClass":"edplus_anim-YpsMh4","epGeneratedClass":"eplus-wrapper"},"innerBlocks":[],"innerHTML":"\n<p class=\" eplus-wrapper\"><\/p>\n","innerContent":["\n<p class=\" eplus-wrapper\"><\/p>\n"]}],"innerHTML":"\n<div class=\" wp-block-group eplus-wrapper\"><\/div>\n","innerContent":["\n<div class=\" wp-block-group eplus-wrapper\">",null,"<\/div>\n"]}],"meta_data":{"product_additional_info":"To jest wyr\u00f3b medyczny. U\u017cywaj go zgodnie z instrukcj\u0105 u\u017cywania lub etykiet\u0105","product_gallery_repeater":[{"select_type":"image","image":{"ID":4201,"id":4201,"title":"online s\u00f3l morska","filename":"online-sol-morska.png","filesize":400171,"url":"https:\/\/katarek.pl\/wp-content\/uploads\/2025\/11\/online-sol-morska.png","link":"https:\/\/katarek.pl\/?attachment_id=4201","alt":"woda morska izotoniczna 0,9% Katarek w sprayu dla dzieci i rodziny","author":"9","description":"woda morska izotoniczna 0,9% Katarek w sprayu dla dzieci i rodziny","caption":"","name":"online-sol-morska","status":"inherit","uploaded_to":4143,"date":"2025-11-25 15:03:11","modified":"2025-11-25 15:04:08","menu_order":0,"mime_type":"image\/png","type":"image","subtype":"png","icon":"https:\/\/katarek.pl\/wp-includes\/images\/media\/default.png","width":900,"height":900,"sizes":{"thumbnail":"https:\/\/katarek.pl\/wp-content\/uploads\/2025\/11\/online-sol-morska-250x250.png","thumbnail-width":250,"thumbnail-height":250,"medium":"https:\/\/katarek.pl\/wp-content\/uploads\/2025\/11\/online-sol-morska-450x450.png","medium-width":450,"medium-height":450,"medium_large":"https:\/\/katarek.pl\/wp-content\/uploads\/2025\/11\/online-sol-morska-768x768.png","medium_large-width":768,"medium_large-height":768,"large":"https:\/\/katarek.pl\/wp-content\/uploads\/2025\/11\/online-sol-morska.png","large-width":900,"large-height":900,"1536x1536":"https:\/\/katarek.pl\/wp-content\/uploads\/2025\/11\/online-sol-morska.png","1536x1536-width":900,"1536x1536-height":900,"2048x2048":"https:\/\/katarek.pl\/wp-content\/uploads\/2025\/11\/online-sol-morska.png","2048x2048-width":900,"2048x2048-height":900,"small":"https:\/\/katarek.pl\/wp-content\/uploads\/2025\/11\/online-sol-morska-500x500.png","small-width":500,"small-height":500,"gform-image-choice-sm":"https:\/\/katarek.pl\/wp-content\/uploads\/2025\/11\/online-sol-morska.png","gform-image-choice-sm-width":300,"gform-image-choice-sm-height":300,"gform-image-choice-md":"https:\/\/katarek.pl\/wp-content\/uploads\/2025\/11\/online-sol-morska.png","gform-image-choice-md-width":400,"gform-image-choice-md-height":400,"gform-image-choice-lg":"https:\/\/katarek.pl\/wp-content\/uploads\/2025\/11\/online-sol-morska.png","gform-image-choice-lg-width":600,"gform-image-choice-lg-height":600,"woocommerce_thumbnail":"https:\/\/katarek.pl\/wp-content\/uploads\/2025\/11\/online-sol-morska-485x485.png","woocommerce_thumbnail-width":485,"woocommerce_thumbnail-height":485,"woocommerce_single":"https:\/\/katarek.pl\/wp-content\/uploads\/2025\/11\/online-sol-morska-600x600.png","woocommerce_single-width":600,"woocommerce_single-height":600,"woocommerce_gallery_thumbnail":"https:\/\/katarek.pl\/wp-content\/uploads\/2025\/11\/online-sol-morska-100x100.png","woocommerce_gallery_thumbnail-width":100,"woocommerce_gallery_thumbnail-height":100}},"video_type":"","video_yt":null,"video_file":false,"placeholder":false},{"select_type":"image","image":{"ID":4188,"id":4188,"title":"bez tla woda morska izotoniczna Katarek 1","filename":"bez-tla-woda-morska-izotoniczna-Katarek-1.png","filesize":111717,"url":"https:\/\/katarek.pl\/wp-content\/uploads\/2025\/11\/bez-tla-woda-morska-izotoniczna-Katarek-1.png","link":"https:\/\/katarek.pl\/?attachment_id=4188","alt":"woda morska izotoniczna Katarek w sprayu dla dzieci od 6 miesi\u0105ca \u017cycia","author":"9","description":"woda morska izotoniczna Katarek w sprayu dla dzieci od 6 miesi\u0105ca \u017cycia","caption":"","name":"bez-tla-woda-morska-izotoniczna-katarek-1","status":"inherit","uploaded_to":4143,"date":"2025-11-25 12:44:08","modified":"2025-11-25 12:45:44","menu_order":0,"mime_type":"image\/png","type":"image","subtype":"png","icon":"https:\/\/katarek.pl\/wp-includes\/images\/media\/default.png","width":900,"height":900,"sizes":{"thumbnail":"https:\/\/katarek.pl\/wp-content\/uploads\/2025\/11\/bez-tla-woda-morska-izotoniczna-Katarek-1-250x250.png","thumbnail-width":250,"thumbnail-height":250,"medium":"https:\/\/katarek.pl\/wp-content\/uploads\/2025\/11\/bez-tla-woda-morska-izotoniczna-Katarek-1-450x450.png","medium-width":450,"medium-height":450,"medium_large":"https:\/\/katarek.pl\/wp-content\/uploads\/2025\/11\/bez-tla-woda-morska-izotoniczna-Katarek-1-768x768.png","medium_large-width":768,"medium_large-height":768,"large":"https:\/\/katarek.pl\/wp-content\/uploads\/2025\/11\/bez-tla-woda-morska-izotoniczna-Katarek-1.png","large-width":900,"large-height":900,"1536x1536":"https:\/\/katarek.pl\/wp-content\/uploads\/2025\/11\/bez-tla-woda-morska-izotoniczna-Katarek-1.png","1536x1536-width":900,"1536x1536-height":900,"2048x2048":"https:\/\/katarek.pl\/wp-content\/uploads\/2025\/11\/bez-tla-woda-morska-izotoniczna-Katarek-1.png","2048x2048-width":900,"2048x2048-height":900,"small":"https:\/\/katarek.pl\/wp-content\/uploads\/2025\/11\/bez-tla-woda-morska-izotoniczna-Katarek-1-500x500.png","small-width":500,"small-height":500,"gform-image-choice-sm":"https:\/\/katarek.pl\/wp-content\/uploads\/2025\/11\/bez-tla-woda-morska-izotoniczna-Katarek-1.png","gform-image-choice-sm-width":300,"gform-image-choice-sm-height":300,"gform-image-choice-md":"https:\/\/katarek.pl\/wp-content\/uploads\/2025\/11\/bez-tla-woda-morska-izotoniczna-Katarek-1.png","gform-image-choice-md-width":400,"gform-image-choice-md-height":400,"gform-image-choice-lg":"https:\/\/katarek.pl\/wp-content\/uploads\/2025\/11\/bez-tla-woda-morska-izotoniczna-Katarek-1.png","gform-image-choice-lg-width":600,"gform-image-choice-lg-height":600,"woocommerce_thumbnail":"https:\/\/katarek.pl\/wp-content\/uploads\/2025\/11\/bez-tla-woda-morska-izotoniczna-Katarek-1-485x485.png","woocommerce_thumbnail-width":485,"woocommerce_thumbnail-height":485,"woocommerce_single":"https:\/\/katarek.pl\/wp-content\/uploads\/2025\/11\/bez-tla-woda-morska-izotoniczna-Katarek-1-600x600.png","woocommerce_single-width":600,"woocommerce_single-height":600,"woocommerce_gallery_thumbnail":"https:\/\/katarek.pl\/wp-content\/uploads\/2025\/11\/bez-tla-woda-morska-izotoniczna-Katarek-1-100x100.png","woocommerce_gallery_thumbnail-width":100,"woocommerce_gallery_thumbnail-height":100}},"video_type":"","video_yt":null,"video_file":false,"placeholder":false},{"select_type":"image","image":{"ID":4189,"id":4189,"title":"bez tla woda morska izotoniczna Katarek 2","filename":"bez-tla-woda-morska-izotoniczna-Katarek-2.png","filesize":273900,"url":"https:\/\/katarek.pl\/wp-content\/uploads\/2025\/11\/bez-tla-woda-morska-izotoniczna-Katarek-2.png","link":"https:\/\/katarek.pl\/?attachment_id=4189","alt":"Katarek woda morska izotoniczna Katarek","author":"9","description":"Katarek woda morska izotoniczna Katarek","caption":"","name":"bez-tla-woda-morska-izotoniczna-katarek-2","status":"inherit","uploaded_to":4143,"date":"2025-11-25 12:45:57","modified":"2025-11-25 12:46:36","menu_order":0,"mime_type":"image\/png","type":"image","subtype":"png","icon":"https:\/\/katarek.pl\/wp-includes\/images\/media\/default.png","width":900,"height":900,"sizes":{"thumbnail":"https:\/\/katarek.pl\/wp-content\/uploads\/2025\/11\/bez-tla-woda-morska-izotoniczna-Katarek-2-250x250.png","thumbnail-width":250,"thumbnail-height":250,"medium":"https:\/\/katarek.pl\/wp-content\/uploads\/2025\/11\/bez-tla-woda-morska-izotoniczna-Katarek-2-450x450.png","medium-width":450,"medium-height":450,"medium_large":"https:\/\/katarek.pl\/wp-content\/uploads\/2025\/11\/bez-tla-woda-morska-izotoniczna-Katarek-2-768x768.png","medium_large-width":768,"medium_large-height":768,"large":"https:\/\/katarek.pl\/wp-content\/uploads\/2025\/11\/bez-tla-woda-morska-izotoniczna-Katarek-2.png","large-width":900,"large-height":900,"1536x1536":"https:\/\/katarek.pl\/wp-content\/uploads\/2025\/11\/bez-tla-woda-morska-izotoniczna-Katarek-2.png","1536x1536-width":900,"1536x1536-height":900,"2048x2048":"https:\/\/katarek.pl\/wp-content\/uploads\/2025\/11\/bez-tla-woda-morska-izotoniczna-Katarek-2.png","2048x2048-width":900,"2048x2048-height":900,"small":"https:\/\/katarek.pl\/wp-content\/uploads\/2025\/11\/bez-tla-woda-morska-izotoniczna-Katarek-2-500x500.png","small-width":500,"small-height":500,"gform-image-choice-sm":"https:\/\/katarek.pl\/wp-content\/uploads\/2025\/11\/bez-tla-woda-morska-izotoniczna-Katarek-2.png","gform-image-choice-sm-width":300,"gform-image-choice-sm-height":300,"gform-image-choice-md":"https:\/\/katarek.pl\/wp-content\/uploads\/2025\/11\/bez-tla-woda-morska-izotoniczna-Katarek-2.png","gform-image-choice-md-width":400,"gform-image-choice-md-height":400,"gform-image-choice-lg":"https:\/\/katarek.pl\/wp-content\/uploads\/2025\/11\/bez-tla-woda-morska-izotoniczna-Katarek-2.png","gform-image-choice-lg-width":600,"gform-image-choice-lg-height":600,"woocommerce_thumbnail":"https:\/\/katarek.pl\/wp-content\/uploads\/2025\/11\/bez-tla-woda-morska-izotoniczna-Katarek-2-485x485.png","woocommerce_thumbnail-width":485,"woocommerce_thumbnail-height":485,"woocommerce_single":"https:\/\/katarek.pl\/wp-content\/uploads\/2025\/11\/bez-tla-woda-morska-izotoniczna-Katarek-2-600x600.png","woocommerce_single-width":600,"woocommerce_single-height":600,"woocommerce_gallery_thumbnail":"https:\/\/katarek.pl\/wp-content\/uploads\/2025\/11\/bez-tla-woda-morska-izotoniczna-Katarek-2-100x100.png","woocommerce_gallery_thumbnail-width":100,"woocommerce_gallery_thumbnail-height":100}},"video_type":"","video_yt":null,"video_file":false,"placeholder":false},{"select_type":"image","image":{"ID":6174,"id":6174,"title":"Bez nazwy (800 x 800 px) (1600 x 800 px) (900 x 900 px) (2)","filename":"Bez-nazwy-800-x-800-px-1600-x-800-px-900-x-900-px-2.png","filesize":228659,"url":"https:\/\/katarek.pl\/wp-content\/uploads\/2025\/07\/Bez-nazwy-800-x-800-px-1600-x-800-px-900-x-900-px-2.png","link":"https:\/\/katarek.pl\/?attachment_id=6174","alt":"","author":"9","description":"","caption":"","name":"bez-nazwy-800-x-800-px-1600-x-800-px-900-x-900-px-2","status":"inherit","uploaded_to":3061,"date":"2026-05-01 19:59:55","modified":"2026-05-01 19:59:55","menu_order":0,"mime_type":"image\/png","type":"image","subtype":"png","icon":"https:\/\/katarek.pl\/wp-includes\/images\/media\/default.png","width":900,"height":900,"sizes":{"thumbnail":"https:\/\/katarek.pl\/wp-content\/uploads\/2025\/07\/Bez-nazwy-800-x-800-px-1600-x-800-px-900-x-900-px-2-250x250.png","thumbnail-width":250,"thumbnail-height":250,"medium":"https:\/\/katarek.pl\/wp-content\/uploads\/2025\/07\/Bez-nazwy-800-x-800-px-1600-x-800-px-900-x-900-px-2-450x450.png","medium-width":450,"medium-height":450,"medium_large":"https:\/\/katarek.pl\/wp-content\/uploads\/2025\/07\/Bez-nazwy-800-x-800-px-1600-x-800-px-900-x-900-px-2-768x768.png","medium_large-width":768,"medium_large-height":768,"large":"https:\/\/katarek.pl\/wp-content\/uploads\/2025\/07\/Bez-nazwy-800-x-800-px-1600-x-800-px-900-x-900-px-2.png","large-width":900,"large-height":900,"1536x1536":"https:\/\/katarek.pl\/wp-content\/uploads\/2025\/07\/Bez-nazwy-800-x-800-px-1600-x-800-px-900-x-900-px-2.png","1536x1536-width":900,"1536x1536-height":900,"2048x2048":"https:\/\/katarek.pl\/wp-content\/uploads\/2025\/07\/Bez-nazwy-800-x-800-px-1600-x-800-px-900-x-900-px-2.png","2048x2048-width":900,"2048x2048-height":900,"small":"https:\/\/katarek.pl\/wp-content\/uploads\/2025\/07\/Bez-nazwy-800-x-800-px-1600-x-800-px-900-x-900-px-2-500x500.png","small-width":500,"small-height":500,"gform-image-choice-sm":"https:\/\/katarek.pl\/wp-content\/uploads\/2025\/07\/Bez-nazwy-800-x-800-px-1600-x-800-px-900-x-900-px-2.png","gform-image-choice-sm-width":300,"gform-image-choice-sm-height":300,"gform-image-choice-md":"https:\/\/katarek.pl\/wp-content\/uploads\/2025\/07\/Bez-nazwy-800-x-800-px-1600-x-800-px-900-x-900-px-2.png","gform-image-choice-md-width":400,"gform-image-choice-md-height":400,"gform-image-choice-lg":"https:\/\/katarek.pl\/wp-content\/uploads\/2025\/07\/Bez-nazwy-800-x-800-px-1600-x-800-px-900-x-900-px-2.png","gform-image-choice-lg-width":600,"gform-image-choice-lg-height":600,"woocommerce_thumbnail":"https:\/\/katarek.pl\/wp-content\/uploads\/2025\/07\/Bez-nazwy-800-x-800-px-1600-x-800-px-900-x-900-px-2-485x485.png","woocommerce_thumbnail-width":485,"woocommerce_thumbnail-height":485,"woocommerce_single":"https:\/\/katarek.pl\/wp-content\/uploads\/2025\/07\/Bez-nazwy-800-x-800-px-1600-x-800-px-900-x-900-px-2-600x600.png","woocommerce_single-width":600,"woocommerce_single-height":600,"woocommerce_gallery_thumbnail":"https:\/\/katarek.pl\/wp-content\/uploads\/2025\/07\/Bez-nazwy-800-x-800-px-1600-x-800-px-900-x-900-px-2-100x100.png","woocommerce_gallery_thumbnail-width":100,"woocommerce_gallery_thumbnail-height":100}},"video_type":"","video_yt":null,"video_file":false,"placeholder":false}],"product_additional_thumbnail":false,"product_faq_heading":{"":null,"heading_label":"","heading_text":"","heading_level":"h2","heading_variant":"default","extra_classes":""},"product_faq_subtitle":"","product_faq_repeater":[{"title":"1. Od kiedy mo\u017cna stosowa\u0107?","content":"<p>Katarek Woda Morska izotoniczna jest przeznaczona dla niemowl\u0105t od <strong data-start=\"126\" data-end=\"147\">6. miesi\u0105ca \u017cycia<\/strong>, dzieci i doros\u0142ych.<br data-start=\"168\" data-end=\"171\" \/>U m\u0142odszych niemowl\u0105t (poni\u017cej 6. miesi\u0105ca \u017cycia) spos\u00f3b piel\u0119gnacji nosa najlepiej skonsultowa\u0107 z lekarzem lub po\u0142o\u017cn\u0105.<\/p>\n"},{"title":"2. Czy zawiera konserwanty?","content":"<p data-start=\"298\" data-end=\"431\">Nie. Preparat <strong data-start=\"346\" data-end=\"401\">nie zawiera konserwant\u00f3w ani substancji leczniczych<\/strong>.<br data-start=\"402\" data-end=\"405\" \/>W sk\u0142adzie s\u0105 wy\u0142\u0105cznie:<\/p>\n<ul data-start=\"432\" data-end=\"508\">\n<li data-start=\"432\" data-end=\"481\">\n<p data-start=\"434\" data-end=\"481\">naturalna woda morska z Oceanu Atlantyckiego,<\/p>\n<\/li>\n<li data-start=\"482\" data-end=\"508\">\n<p data-start=\"484\" data-end=\"508\">woda demineralizowana.<\/p>\n<\/li>\n<\/ul>\n<p>&nbsp;<\/p>\n<p data-start=\"510\" data-end=\"561\">Dzi\u0119ki temu mo\u017ce by\u0107 stosowany r\u00f3wnie\u017c d\u0142ugotrwale.<\/p>\n"},{"title":"3. Czy mo\u017cna u\u017cywa\u0107 z aspiratorem Katarek?","content":"<p data-start=\"568\" data-end=\"710\">Tak, <strong data-start=\"622\" data-end=\"685\">mo\u017cna \u0142\u0105czy\u0107 stosowanie wody morskiej z aspiratorem Katarek<\/strong>.<br data-start=\"686\" data-end=\"689\" \/>Praktyczny schemat, zgodny z &#8222;Metod\u0105 3 krok\u00f3w&#8221;:<\/p>\n<ol data-start=\"711\" data-end=\"925\">\n<li data-start=\"711\" data-end=\"791\">\n<p data-start=\"714\" data-end=\"791\">Najpierw zaaplikuj spray do nosa, aby <strong data-start=\"752\" data-end=\"788\">nawil\u017cy\u0107 i rozrzedzi\u0107 wydzielin\u0119<\/strong>. Odczekaj chwil\u0119.<\/p>\n<\/li>\n<li data-start=\"814\" data-end=\"925\">\n<p data-start=\"817\" data-end=\"925\">Nast\u0119pnie u\u017cyj aspiratora Katarek zgodnie z jego instrukcj\u0105, aby <strong data-start=\"882\" data-end=\"922\">usun\u0105\u0107 rozrzedzon\u0105 wydzielin\u0119 z nosa.<\/strong><\/p>\n<\/li>\n<li data-start=\"814\" data-end=\"925\">\n<p data-start=\"817\" data-end=\"925\">Nawil\u017c b\u0142on\u0119 \u015bluow\u0105 nosa aplikuj\u0105\u0107 wod\u0119 morsk\u0105 po jednej dawce do ka\u017cdego otworu nosowego.<\/p>\n<\/li>\n<\/ol>\n<p>&nbsp;<\/p>\n<p data-start=\"927\" data-end=\"990\">Zawsze stosuj oba wyroby zgodnie z ich instrukcjami u\u017cywania. Pami\u0119taj aby nie u\u017cywa\u0107 soli u dzieci poni\u017cej 6 miesi\u0105ca \u017cycia.<\/p>\n"},{"title":"4. Czy nadaje si\u0119 dla kobiet w ci\u0105\u017cy?","content":"<p data-start=\"997\" data-end=\"1122\">Tak, <strong data-start=\"1046\" data-end=\"1109\">mo\u017ce by\u0107 stosowana przez kobiety w ci\u0105\u017cy i karmi\u0105ce piersi\u0105<\/strong>, poniewa\u017c:<\/p>\n<ul data-start=\"1123\" data-end=\"1229\">\n<li data-start=\"1123\" data-end=\"1182\">\n<p data-start=\"1125\" data-end=\"1182\">nie zawiera lek\u00f3w (substancji obkurczaj\u0105cych naczynia),<\/p>\n<\/li>\n<li data-start=\"1183\" data-end=\"1229\">\n<p data-start=\"1185\" data-end=\"1229\">jest to izotoniczny roztw\u00f3r wody morskiej.<\/p>\n<\/li>\n<\/ul>\n<p>&nbsp;<\/p>\n<p data-start=\"1231\" data-end=\"1326\">W przypadku w\u0105tpliwo\u015bci lub bardzo nasilonych objaw\u00f3w zawsze warto skonsultowa\u0107 si\u0119 z lekarzem.<\/p>\n"},{"title":"5. Ile razy dziennie mog\u0119 stosowa\u0107","content":"<p data-start=\"1333\" data-end=\"1405\">Zgodnie z instrukcj\u0105 u\u017cywania:<\/p>\n<ul data-start=\"1407\" data-end=\"1691\">\n<li data-start=\"1407\" data-end=\"1555\">\n<p data-start=\"1409\" data-end=\"1555\"><strong data-start=\"1409\" data-end=\"1463\">Niemowl\u0119ta od 6. miesi\u0105ca \u017cycia i dzieci do 6 lat:<\/strong><br data-start=\"1463\" data-end=\"1466\" \/>1 dawka do ka\u017cdego otworu nosowego <strong data-start=\"1503\" data-end=\"1526\">kilka razy dziennie<\/strong>, w zale\u017cno\u015bci od potrzeby.<\/p>\n<\/li>\n<li data-start=\"1557\" data-end=\"1691\">\n<p data-start=\"1559\" data-end=\"1691\"><strong data-start=\"1559\" data-end=\"1597\">Dzieci od 6. roku \u017cycia i doro\u015bli:<\/strong><br data-start=\"1597\" data-end=\"1600\" \/>1\u20133 dawki do ka\u017cdego otworu nosowego <strong data-start=\"1639\" data-end=\"1662\">kilka razy dziennie<\/strong>, w zale\u017cno\u015bci od potrzeby.<\/p>\n<\/li>\n<\/ul>\n<p>&nbsp;<\/p>\n<p data-start=\"1693\" data-end=\"1825\">Preparat jest <strong data-start=\"1707\" data-end=\"1750\">bezpieczny przy d\u0142ugotrwa\u0142ym stosowaniu<\/strong>, poniewa\u017c nie zawiera substancji obkurczaj\u0105cych naczynia ani konserwant\u00f3w.<\/p>\n"},{"title":"6. Na co pomaga Katarek Woda Morska izotoniczna?","content":"<p data-start=\"1869\" data-end=\"1982\">Katarek Woda Morska izotoniczna to spray do nosa, kt\u00f3ry:<\/p>\n<ul data-start=\"1983\" data-end=\"2432\">\n<li data-start=\"1983\" data-end=\"2023\">\n<p data-start=\"1985\" data-end=\"2023\"><strong data-start=\"1985\" data-end=\"2020\">nawil\u017ca wysuszon\u0105 \u015bluz\u00f3wk\u0119 nosa<\/strong>,<\/p>\n<\/li>\n<li data-start=\"2024\" data-end=\"2091\">\n<p data-start=\"2026\" data-end=\"2091\">pomaga <strong data-start=\"2033\" data-end=\"2064\">rozrzedzi\u0107 g\u0119st\u0105 wydzielin\u0119<\/strong> i u\u0142atwia jej usuni\u0119cie,<\/p>\n<\/li>\n<li data-start=\"2092\" data-end=\"2158\">\n<p data-start=\"2094\" data-end=\"2158\"><strong data-start=\"2094\" data-end=\"2119\">oczyszcza jam\u0119 nosow\u0105<\/strong> z kurzu, alergen\u00f3w i zanieczyszcze\u0144,<\/p>\n<\/li>\n<li data-start=\"2159\" data-end=\"2218\">\n<p data-start=\"2161\" data-end=\"2218\"><strong data-start=\"2161\" data-end=\"2200\">\u0142agodzi podra\u017cnienie i przekrwienie<\/strong> b\u0142ony \u015bluzowej,<\/p>\n<\/li>\n<li data-start=\"2219\" data-end=\"2279\">\n<p data-start=\"2221\" data-end=\"2279\"><strong data-start=\"2221\" data-end=\"2276\">wspomaga naturalny proces oczyszczania nosa i zatok<\/strong>,<\/p>\n<\/li>\n<li data-start=\"2280\" data-end=\"2432\">\n<p data-start=\"2282\" data-end=\"2432\">sprawdza si\u0119 <strong data-start=\"2295\" data-end=\"2329\">profilaktycznie i wspomagaj\u0105co<\/strong> przy katarze, infekcjach g\u00f3rnych dr\u00f3g oddechowych, alergii czy ekspozycji na smog i suche powietrze.<\/p>\n<\/li>\n<\/ul>\n<p>&nbsp;<\/p>\n<p data-start=\"2434\" data-end=\"2550\">To wyr\u00f3b medyczny do <strong data-start=\"2455\" data-end=\"2482\">codziennej higieny nosa<\/strong>, odpowiedni dla niemowl\u0105t od 6. miesi\u0105ca \u017cycia, dzieci i doros\u0142ych.<\/p>\n"},{"title":"7. Czy Katarek Woda Morska izotoniczna mo\u017cna stosowa\u0107 codziennie i d\u0142ugotrwale?","content":"<p data-start=\"2557\" data-end=\"2689\">Tak. Instrukcja wyra\u017anie wskazuje, \u017ce wyr\u00f3b:<\/p>\n<ul data-start=\"2690\" data-end=\"2947\">\n<li data-start=\"2690\" data-end=\"2749\">\n<p data-start=\"2692\" data-end=\"2749\">jest <strong data-start=\"2697\" data-end=\"2746\">bezpieczny nawet przy d\u0142ugotrwa\u0142ym stosowaniu<\/strong>,<\/p>\n<\/li>\n<li data-start=\"2750\" data-end=\"2813\">\n<p data-start=\"2752\" data-end=\"2813\">mo\u017ce by\u0107 u\u017cywany <strong data-start=\"2769\" data-end=\"2783\">codziennie<\/strong>, tak\u017ce kilka razy dziennie,<\/p>\n<\/li>\n<li data-start=\"2814\" data-end=\"2947\">\n<p data-start=\"2816\" data-end=\"2947\"><strong data-start=\"2816\" data-end=\"2833\">nie uzale\u017cnia<\/strong> i nie powoduje efektu \u201ezatkanego nosa po odstawieniu\u201d, poniewa\u017c nie zawiera substancji obkurczaj\u0105cych naczynia.<\/p>\n<\/li>\n<\/ul>\n<p>&nbsp;<\/p>\n<p data-start=\"2949\" data-end=\"3087\">Regularne stosowanie pomaga utrzyma\u0107 <strong data-start=\"2986\" data-end=\"3026\">prawid\u0142owe nawil\u017cenie i oczyszczenie<\/strong> b\u0142ony \u015bluzowej nosa, co zmniejsza jej podatno\u015b\u0107 na infekcje.<\/p>\n"},{"title":"8. Jak prawid\u0142owo u\u017cywa\u0107 Katarek Woda Morska izotoniczna u niemowl\u0105t i dzieci?","content":"<p data-start=\"3094\" data-end=\"3211\">Zgodnie z instrukcj\u0105 u\u017cywania:<\/p>\n<ol data-start=\"3213\" data-end=\"3924\">\n<li data-start=\"3213\" data-end=\"3271\">\n<p data-start=\"3216\" data-end=\"3271\"><strong data-start=\"3216\" data-end=\"3237\">Przygotuj produkt<\/strong> \u2013 zdejmij nasadk\u0119 z aplikatora.<\/p>\n<\/li>\n<li data-start=\"3272\" data-end=\"3391\">\n<p data-start=\"3275\" data-end=\"3391\"><strong data-start=\"3275\" data-end=\"3295\">Uaktywnij pompk\u0119<\/strong> \u2013 przed pierwszym u\u017cyciem kilkukrotnie naci\u015bnij pompk\u0119, a\u017c pojawi si\u0119 jednolita dawka sprayu.<\/p>\n<\/li>\n<li data-start=\"3392\" data-end=\"3522\">\n<p data-start=\"3395\" data-end=\"3522\"><strong data-start=\"3395\" data-end=\"3411\">U\u0142\u00f3\u017c dziecko<\/strong> \u2013 w wygodnej pozycji, z g\u0142ow\u0105 lekko odchylon\u0105 do ty\u0142u lub na bok (u niemowl\u0105t cz\u0119sto wygodnie jest na boku).<\/p>\n<\/li>\n<li data-start=\"3523\" data-end=\"3658\">\n<p data-start=\"3526\" data-end=\"3658\"><strong data-start=\"3526\" data-end=\"3547\">Aplikacja do nosa<\/strong> \u2013 delikatnie wsu\u0144 aplikator do otworu nosowego i naci\u015bnij obustronnie jego podstaw\u0119, podaj\u0105c zalecan\u0105 dawk\u0119.<\/p>\n<\/li>\n<li data-start=\"3659\" data-end=\"3811\">\n<p data-start=\"3662\" data-end=\"3811\"><strong data-start=\"3662\" data-end=\"3694\">Pozw\u00f3l, by roztw\u00f3r zadzia\u0142a\u0142<\/strong> \u2013 wydzielina mo\u017ce wyp\u0142yn\u0105\u0107 na zewn\u0105trz; u mniejszych dzieci mo\u017cna j\u0105 delikatnie usun\u0105\u0107 chusteczk\u0105 lub aspiratorem.<\/p>\n<\/li>\n<li data-start=\"3812\" data-end=\"3924\">\n<p data-start=\"3815\" data-end=\"3924\"><strong data-start=\"3815\" data-end=\"3837\">Higiena aplikatora<\/strong> \u2013 po ka\u017cdym u\u017cyciu umyj aplikator myd\u0142em, sp\u0142ucz letni\u0105 wod\u0105, osusz i za\u0142\u00f3\u017c nasadk\u0119.<\/p>\n<\/li>\n<\/ol>\n<p>&nbsp;<\/p>\n<p data-start=\"3926\" data-end=\"4088\" data-is-last-node=\"\" data-is-only-node=\"\">Stosowanie u dzieci zawsze powinno odbywa\u0107 si\u0119 <strong data-start=\"3973\" data-end=\"4004\">pod kontrol\u0105 osoby doros\u0142ej<\/strong>. W razie w\u0105tpliwo\u015bci co do sposobu u\u017cycia skonsultuj si\u0119 z lekarzem lub farmaceut\u0105.<\/p>\n"}],"product_technical_heading":{"":null,"heading_label":"","heading_text":"Katarek Woda Morska izotoniczna \u2013 spray do nosa 30 ml","heading_level":"h2","heading_variant":"default","extra_classes":""},"product_technical_repeater":[{"title":"Typ","content_type":"content","content":"<p>Izotoniczny roztw\u00f3r wody morskiej 0,9%<\/p>\n","downloads":false},{"title":"\u0179r\u00f3d\u0142o","content_type":"content","content":"<p>G\u0142\u0119binowa woda morska z Atlantyku<\/p>\n","downloads":false},{"title":"Sk\u0142ad","content_type":"content","content":"<p>Naturalna woda morska z Oceanu Atlantyckiego,<br \/>\nwoda demineralizowana<\/p>\n","downloads":false},{"title":"Klasa","content_type":"content","content":"<p>Wyr\u00f3b medyczny kl. I<\/p>\n","downloads":false},{"title":"Pojemno\u015b\u0107","content_type":"content","content":"<p>30 ml<\/p>\n","downloads":false},{"title":"Minimalny wiek","content_type":"content","content":"<p>Od 6. miesi\u0105ca \u017cycia<\/p>\n","downloads":false},{"title":"Konserwanty","content_type":"content","content":"<p>Brak<\/p>\n","downloads":false},{"title":"EAN","content_type":"content","content":"<p>5904114080338<\/p>\n","downloads":false},{"title":"Zastosowanie","content_type":"content","content":"<p>Nawil\u017canie \u015bluz\u00f3wki nosa roztworem izotonicznym wody morskiej (0,9% soli)<\/p>\n","downloads":false},{"title":"Dystrybutor","content_type":"content","content":"<p>Duna Sp. z o.o.<br \/>\nul. Przemys\u0142owa 13\/1<br \/>\n30-701 Krak\u00f3w<br \/>\nPolska<br \/>\nwww.katarek.p<\/p>\n","downloads":false},{"title":"Producent (Wytw\u00f3rca)","content_type":"content","content":"<p>Jago-Pro Sp. z o.o.<br \/>\nul. Szczakowska 35<br \/>\n43-600 Jaworzno,<br \/>\nPolska<br \/>\nwww.jagopro.pl<\/p>\n","downloads":false},{"title":"Ostrze\u017cenie","content_type":"content","content":"<p>To jest wyr\u00f3b medyczny. U\u017cywaj go zgodnie z instrukcj\u0105 u\u017cywania lub etykiet\u0105<\/p>\n","downloads":false},{"title":"Przeciwwskazania ","content_type":"content","content":"<p>Nadwra\u017cliwo\u015b\u0107 (alergia) na kt\u00f3rykolwiek ze sk\u0142adnik\u00f3w wyrobu<\/p>\n","downloads":false},{"title":"Dawkowanie","content_type":"content","content":"<p>\u2022 Niemowl\u0119ta od 6. miesi\u0105ca \u017cycia i dzieci do 6<br \/>\nlat: 1 dawka do ka\u017cdego otworu nosowego kilka<br \/>\nrazy dziennie, w zale\u017cno\u015bci od potrzeby.<\/p>\n<p>\u2022 Dzieci od 6. roku \u017cycia i doro\u015bli: 1 do 3 dawek<br \/>\ndo ka\u017cdego otworu nosowego kilka razy dziennie, w zale\u017cno\u015bci od potrzeby.<\/p>\n","downloads":false},{"title":"\u015arodki ostro\u017cno\u015bci","content_type":"content","content":"<p>Nie nale\u017cy stosowa\u0107 wyrobu po up\u0142ywie terminu wa\u017cno\u015bci umieszczonego na opakowaniu. Ze wzgl\u0119d\u00f3w higienicznych, a tak\u017ce dla unikni\u0119cia przenoszenia infekcji, zalecane jest u\u017cywanie jednego wyrobu przez jedn\u0105 osob\u0119. By zachowa\u0107 w\u0142a\u015bciwo\u015bci wyrobu, nie nale\u017cy manipulowa\u0107 aplikatorem. W przypadku stosowania wyrobu na podra\u017cnion\u0105 \u015bluz\u00f3wk\u0119, mo\u017ce wyst\u0105pi\u0107 uczucie pieczenia lub sw\u0119dzenia, kt\u00f3re jest normalnym objawem podczas aplikacji wyrob\u00f3w zawieraj\u0105cych wod\u0119 morsk\u0105. Stosowanie wyrobu u dzieci mo\u017ce odbywa\u0107 si\u0119 wy\u0142\u0105cznie pod kontrol\u0105 os\u00f3b doros\u0142ych. W razie w\u0105tpliwo\u015bci nale\u017cy skontaktowa\u0107 si\u0119 z lekarzem lub farmaceut\u0105<\/p>\n","downloads":false},{"title":"Przechowywanie","content_type":"content","content":"<p>Przechowywa\u0107 w oryginalnym opakowaniu,<br \/>\nw temp. 5 &#8211; 25\u00b0C.<br \/>\nPrzechowywa\u0107 w miejscu niedost\u0119pnym i niewidocznym dla dzieci<\/p>\n","downloads":false}],"additional_information_under_product_title":"nawil\u017ca, bez konserwant\u00f3w, bez kompromis\u00f3w!","additional_image_under_product_title":false},"_links":{"self":[{"href":"https:\/\/katarek.pl\/index.php\/wp-json\/wp\/v2\/product\/4143","targetHints":{"allow":["GET"]}}],"collection":[{"href":"https:\/\/katarek.pl\/index.php\/wp-json\/wp\/v2\/product"}],"about":[{"href":"https:\/\/katarek.pl\/index.php\/wp-json\/wp\/v2\/types\/product"}],"wp:featuredmedia":[{"embeddable":true,"href":"https:\/\/katarek.pl\/index.php\/wp-json\/wp\/v2\/media\/4834"}],"wp:attachment":[{"href":"https:\/\/katarek.pl\/index.php\/wp-json\/wp\/v2\/media?parent=4143"}],"wp:term":[{"taxonomy":"product_brand","embeddable":true,"href":"https:\/\/katarek.pl\/index.php\/wp-json\/wp\/v2\/product_brand?post=4143"},{"taxonomy":"product_cat","embeddable":true,"href":"https:\/\/katarek.pl\/index.php\/wp-json\/wp\/v2\/product_cat?post=4143"},{"taxonomy":"product_tag","embeddable":true,"href":"https:\/\/katarek.pl\/index.php\/wp-json\/wp\/v2\/product_tag?post=4143"}],"curies":[{"name":"wp","href":"https:\/\/api.w.org\/{rel}","templated":true}]}}