{"id":3148,"date":"2025-07-09T17:03:32","date_gmt":"2025-07-09T15:03:32","guid":{"rendered":"https:\/\/katarek.nrtwdgbnzw.cfolks.pl\/?post_type=product&#038;p=3148"},"modified":"2026-05-01T01:06:57","modified_gmt":"2026-04-30T23:06:57","slug":"katarek-fizjologiczny-roztwor-soli","status":"publish","type":"product","link":"https:\/\/katarek.pl\/produkt\/katarek-fizjologiczny-roztwor-soli\/","title":{"rendered":"Katarek s\u00f3l fizjologiczna 0,9%"},"content":{"rendered":"\n<p class=\" eplus-wrapper\"><\/p>\n\n\n\n<div class=\"txt-img txt-img-p wp-block-group eplus-wrapper is-nowrap is-layout-flex wp-container-core-group-is-layout-ad2f72ca wp-block-group-is-layout-flex\">\n<div class=\"wp-block-group eplus-wrapper\"><div class=\"wp-block-group__inner-container is-layout-constrained wp-block-group-is-layout-constrained\">\n<h2 class=\" wp-block-heading eplus-wrapper\"><strong>Katarek roztw\u00f3r soli fizjologicznej<\/strong><\/h2>\n\n\n\n<p class=\" eplus-wrapper\">S\u00f3l fizjologiczna to obowi\u0105zkowe wyposa\u017cenie apteczki zw\u0142aszcza kiedy w rodzinie jest ma\u0142e dziecko. Jest ona bezpieczna dla najm\u0142odszych i przydatna zar\u00f3wno podczas choroby jak i w codziennej piel\u0119gnacji.<\/p>\n\n\n\n<p class=\" eplus-wrapper\"><strong>Katarek roztw\u00f3r soli fizjologicznej 0,9% <\/strong>to produkt wielozadaniowy. Sprawdzi si\u0119 w&nbsp;<strong>higienie nosa, oczu, nosa, przemywaniu ran, a tak\u017ce do nebulizacji.&nbsp;<\/strong>To izotoniczny, sterylny roztw\u00f3r&nbsp;<strong>chlorku sodu 0,9%<\/strong>&nbsp;w jednorazowych, wygodnych w u\u017cyciu ampu\u0142kach.<\/p>\n<\/div><\/div>\n\n\n\n\t\n\t\t\n\t\t\t\t\t\t\t\n\t<figure class=\"overflow-hidden \">\n\n\t\t\n\t\t\t\t\t\t\t\t\t\n\t\t\t<img decoding=\"async\" src=\"https:\/\/katarek.pl\/wp-content\/uploads\/2025\/07\/3.png\" srcset=\"https:\/\/katarek.pl\/wp-content\/uploads\/2025\/07\/3.png 600w, https:\/\/katarek.pl\/wp-content\/uploads\/2025\/07\/3-485x485.png 485w, https:\/\/katarek.pl\/wp-content\/uploads\/2025\/07\/3-100x100.png 100w, https:\/\/katarek.pl\/wp-content\/uploads\/2025\/07\/3-300x300.png 300w, https:\/\/katarek.pl\/wp-content\/uploads\/2025\/07\/3-150x150.png 150w, https:\/\/katarek.pl\/wp-content\/uploads\/2025\/07\/3-500x500.png 500w, https:\/\/katarek.pl\/wp-content\/uploads\/2025\/07\/3-450x450.png 450w\" sizes=\"(max-width: 600px) 100vw, 600px\" alt=\"Katarek roztw\u00f3r fizjologiczny soli 0,9%\" class=\"h-full w-full object-cover\" width=\"600\" height=\"600\" loading=\"lazy\"\/>\n\n\t\t\n\t<\/figure>\n\n\n\t\t\n\t\n<\/div>\n\n\n\n<p class=\" eplus-wrapper\"><strong>Katarek roztw\u00f3r soli fizjologicznej 0,9%<\/strong>&nbsp;jest:<\/p>\n\n\n\n<p class=\" eplus-wrapper\">\u2013&nbsp;<strong>medyczny&nbsp;<\/strong>\u2013to wyr\u00f3b medyczny, produkt posiada certyfikat CE<\/p>\n\n\n\n<p class=\" eplus-wrapper\"><strong>\u2013 izotoniczny<\/strong>&nbsp;\u2013 jest neutralna dla organizmu<\/p>\n\n\n\n<p class=\" eplus-wrapper\">\u2013&nbsp;<strong>sterylny&nbsp;<\/strong>\u2013 roztw\u00f3r jest sterylny czyli pozbawiony wszelkich zanieczyszcze\u0144<\/p>\n\n\n\n<p class=\" eplus-wrapper\">\u2013&nbsp;<strong>multifunkcyjny<\/strong>&nbsp;\u2013 ma wszechstronne zastosowanie: higiena nosa, ucha, oczu, inhalacje, przemywanie ran<\/p>\n\n\n\n<h2 class=\" wp-block-heading eplus-wrapper\">Rada!<\/h2>\n\n\n\n<p class=\" eplus-wrapper\">U\u0142\u00f3\u017c niemowl\u0119 poziomo, na wznak, podtrzymuj\u0105c g\u0142\u00f3wk\u0119 za potylic\u0119 tak, aby by\u0142a nieco ni\u017cej ni\u017c reszta cia\u0142a. Zakropl po 1\u20132 krople do ka\u017cdego otworu nosowego. Nast\u0119pnie delikatnie obr\u00f3\u0107 g\u0142\u00f3wk\u0119 dziecka lekko w lewo i w prawo, aby krople sp\u0142yn\u0119\u0142y do nasady nosa. W kolejnym kroku delikatnie odci\u0105gnij wydzielin\u0119 z noska.<\/p>\n\n\n\n<h6 class=\" wp-block-heading eplus-wrapper\"><strong>Zawarto\u015b\u0107 opakowania:<\/strong><\/h6>\n\n\n\n<p class=\" eplus-wrapper\">\u2013 jednorazowe ampu\u0142ki po 5 ml, ilo\u015b\u0107 ampu\u0142ek \u2013 10<\/p>\n\n\n<section class=\"product-info !my-spacer-80 \">\n\t<div class=\"rounded-20 overflow-hidden bg-brown-100 px-16 pt-16 pb-32 lg:py-32 lg:px-48\">\n\t\t\t\t\t\n\n\t<h4 class=\"  text-neutral-800 \">\n\n\t\tWa\u017cna informacja dla kupuj\u0105cych:\n\n\t<\/h4>\n\n\t\t\t\t\t\t\t<div class=\"text-neutral-800 text-md mt-16\">\n\t\t\t\t<p>Dzi\u0119kujemy za zainteresowanie naszym produktem! Zanim zdecydujesz si\u0119 na zakup, prosimy o zapoznanie si\u0119 z poni\u017csz\u0105 informacj\u0105:<\/p>\n<p>Zgodnie z art. 38 ustawy o prawach konsumenta, wyroby medyczne sprzedawane w zapiecz\u0119towanych opakowaniach nie podlegaj\u0105 zwrotowi, je\u015bli opakowanie zosta\u0142o otwarte po dostarczeniu. Wynika to z dba\u0142o\u015bci o Twoje bezpiecze\u0144stwo oraz higien\u0119.<\/p>\n<p>Dlatego prosimy o rozwa\u017cne podejmowanie decyzji zakupowych. Je\u015bli masz jakiekolwiek pytania dotycz\u0105ce produktu, ch\u0119tnie na nie odpowiemy, by pom\u00f3c Ci dokona\u0107 najlepszego wyboru!<\/p>\n<p>Wy\u0142\u0105czenie od prawa odst\u0105pienia w ci\u0105gu 14 dni w przypadku zakupu dokonanego na odleg\u0142o\u015b\u0107 wynika z:<\/p>\n<p>Ustawa o prawach konsumenta<\/p>\n<p>Dz.U.2023.0.2759 t.j. \u2013 Ustawa z dnia 30 maja 2014 r. o prawach konsumenta<\/p>\n<p>Art. 38. prawa konsumenta<\/p>\n<p>1.Prawo odst\u0105pienia od umowy zawartej poza lokalem przedsi\u0119biorstwa lub na odleg\u0142o\u015b\u0107 nie przys\u0142uguje konsumentowi w odniesieniu do um\u00f3w:<\/p>\n<p>5) w kt\u00f3rej przedmiotem \u015bwiadczenia jest towar dostarczany w zapiecz\u0119towanym opakowaniu, kt\u00f3rego po otwarciu opakowania nie mo\u017cna zwr\u00f3ci\u0107 ze wzgl\u0119du na ochron\u0119 zdrowia lub ze wzgl\u0119d\u00f3w higienicznych, je\u017celi opakowanie zosta\u0142o otwarte po dostarczeniu;<\/p>\n\n\t\t\t<\/div>\n\t\t\t<\/div>\n<\/section>\n\n\n\n<div class=\"wp-block-group eplus-wrapper is-nowrap is-layout-flex wp-container-core-group-is-layout-ad2f72ca wp-block-group-is-layout-flex\">\n\t\n\t\t\n\t\t\t\t\t\t\t\n\t<figure class=\"overflow-hidden \">\n\n\t\t\n\t\t\t\t\t\t\t\t\t\n\t\t\t<img decoding=\"async\" src=\"https:\/\/katarek.pl\/wp-content\/uploads\/2026\/03\/Bez-nazwy-600-x-300-px-1.png\" srcset=\"https:\/\/katarek.pl\/wp-content\/uploads\/2026\/03\/Bez-nazwy-600-x-300-px-1.png 600w, https:\/\/katarek.pl\/wp-content\/uploads\/2026\/03\/Bez-nazwy-600-x-300-px-1-450x225.png 450w, https:\/\/katarek.pl\/wp-content\/uploads\/2026\/03\/Bez-nazwy-600-x-300-px-1-500x250.png 500w\" sizes=\"(max-width: 600px) 100vw, 600px\" alt=\"Wpieramy 20 lat\" class=\"h-full w-full object-cover\" width=\"600\" height=\"300\" loading=\"lazy\"\/>\n\n\t\t\n\t<\/figure>\n\n\n\t\t\n\t\n\n\n\n\t\n\t\t\n\t\t\t\t\t\t\t\n\t<figure class=\"overflow-hidden \">\n\n\t\t\n\t\t\t\t\t\t\t\t\t\n\t\t\t<img decoding=\"async\" src=\"https:\/\/katarek.pl\/wp-content\/uploads\/2026\/03\/Bez-nazwy-600-x-300-px.png\" srcset=\"https:\/\/katarek.pl\/wp-content\/uploads\/2026\/03\/Bez-nazwy-600-x-300-px.png 600w, https:\/\/katarek.pl\/wp-content\/uploads\/2026\/03\/Bez-nazwy-600-x-300-px-450x225.png 450w, https:\/\/katarek.pl\/wp-content\/uploads\/2026\/03\/Bez-nazwy-600-x-300-px-500x250.png 500w\" sizes=\"(max-width: 600px) 100vw, 600px\" alt=\"Laur Konsumenta\" class=\"h-full w-full object-cover\" width=\"600\" height=\"300\" loading=\"lazy\"\/>\n\n\t\t\n\t<\/figure>\n\n\n\t\t\n\t\n<\/div>\n\n\n\n<h3 class=\" wp-block-heading eplus-wrapper\"><strong><strong>KATAREK, wspieramy w zdrowiu i chorobie!<\/strong><\/strong> <\/h3>\n","protected":false},"excerpt":{"rendered":"<p>do nebulizacji i piel\u0119gnacji noska, oka, ucha, przemywania ran\u00a0<\/p>\n","protected":false},"featured_media":3274,"template":"","meta":{"_acf_changed":true,"inline_featured_image":false,"editor_plus_copied_stylings":"{}"},"product_brand":[35],"product_cat":[25,21],"product_tag":[],"class_list":{"0":"post-3148","1":"product","2":"type-product","3":"status-publish","4":"has-post-thumbnail","6":"product_brand-katarek","7":"product_cat-promocja","8":"product_cat-sole","10":"first","11":"instock","12":"taxable","13":"shipping-taxable","14":"purchasable","15":"product-type-simple"},"yoast_head":"<!-- This site is optimized with the Yoast SEO plugin v27.4 - https:\/\/yoast.com\/product\/yoast-seo-wordpress\/ -->\n<title>Katarek s\u00f3l fizjologiczna 0,9%: 10 x 5 ml ampu\u0142ek - katarek.pl<\/title>\n<meta name=\"description\" content=\"S\u00f3l fizjologiczna Katarek w ampu\u0142kach - niezb\u0119dna do higieny nosa i inhalacji. Bezpieczna dla niemowl\u0105t od 1. dnia \u017cycia. Kup teraz w naszym sklepie!\" \/>\n<meta name=\"robots\" content=\"index, follow, max-snippet:-1, max-image-preview:large, max-video-preview:-1\" \/>\n<link rel=\"canonical\" href=\"https:\/\/katarek.pl\/produkt\/katarek-fizjologiczny-roztwor-soli\/\" \/>\n<meta property=\"og:locale\" content=\"pl_PL\" \/>\n<meta property=\"og:type\" content=\"article\" \/>\n<meta property=\"og:title\" content=\"Katarek s\u00f3l fizjologiczna 0,9%: 10 x 5 ml ampu\u0142ek - katarek.pl\" \/>\n<meta property=\"og:description\" content=\"S\u00f3l fizjologiczna Katarek w ampu\u0142kach - niezb\u0119dna do higieny nosa i inhalacji. Bezpieczna dla niemowl\u0105t od 1. dnia \u017cycia. Kup teraz w naszym sklepie!\" \/>\n<meta property=\"og:url\" content=\"https:\/\/katarek.pl\/produkt\/katarek-fizjologiczny-roztwor-soli\/\" \/>\n<meta property=\"og:site_name\" content=\"katarek.pl\" \/>\n<meta property=\"article:modified_time\" content=\"2026-04-30T23:06:57+00:00\" \/>\n<meta property=\"og:image\" content=\"https:\/\/katarek.pl\/wp-content\/uploads\/2025\/07\/Projekt-bez-nazwy-45.png\" \/>\n\t<meta property=\"og:image:width\" content=\"1000\" \/>\n\t<meta property=\"og:image:height\" content=\"1000\" \/>\n\t<meta property=\"og:image:type\" content=\"image\/png\" \/>\n<meta name=\"twitter:card\" content=\"summary_large_image\" \/>\n<meta name=\"twitter:label1\" content=\"Szacowany czas czytania\" \/>\n\t<meta name=\"twitter:data1\" content=\"2 minuty\" \/>\n<script type=\"application\/ld+json\" class=\"yoast-schema-graph\">{\"@context\":\"https:\\\/\\\/schema.org\",\"@graph\":[{\"@type\":\"WebPage\",\"@id\":\"https:\\\/\\\/katarek.pl\\\/produkt\\\/katarek-fizjologiczny-roztwor-soli\\\/\",\"url\":\"https:\\\/\\\/katarek.pl\\\/produkt\\\/katarek-fizjologiczny-roztwor-soli\\\/\",\"name\":\"Katarek s\u00f3l fizjologiczna 0,9%: 10 x 5 ml ampu\u0142ek - katarek.pl\",\"isPartOf\":{\"@id\":\"https:\\\/\\\/katarek.pl\\\/#website\"},\"primaryImageOfPage\":{\"@id\":\"https:\\\/\\\/katarek.pl\\\/produkt\\\/katarek-fizjologiczny-roztwor-soli\\\/#primaryimage\"},\"image\":{\"@id\":\"https:\\\/\\\/katarek.pl\\\/produkt\\\/katarek-fizjologiczny-roztwor-soli\\\/#primaryimage\"},\"thumbnailUrl\":\"https:\\\/\\\/katarek.pl\\\/wp-content\\\/uploads\\\/2025\\\/07\\\/Projekt-bez-nazwy-45.png\",\"datePublished\":\"2025-07-09T15:03:32+00:00\",\"dateModified\":\"2026-04-30T23:06:57+00:00\",\"description\":\"S\u00f3l fizjologiczna Katarek w ampu\u0142kach - niezb\u0119dna do higieny nosa i inhalacji. Bezpieczna dla niemowl\u0105t od 1. dnia \u017cycia. Kup teraz w naszym sklepie!\",\"breadcrumb\":{\"@id\":\"https:\\\/\\\/katarek.pl\\\/produkt\\\/katarek-fizjologiczny-roztwor-soli\\\/#breadcrumb\"},\"inLanguage\":\"pl-PL\",\"potentialAction\":[{\"@type\":\"ReadAction\",\"target\":[\"https:\\\/\\\/katarek.pl\\\/produkt\\\/katarek-fizjologiczny-roztwor-soli\\\/\"]}]},{\"@type\":\"ImageObject\",\"inLanguage\":\"pl-PL\",\"@id\":\"https:\\\/\\\/katarek.pl\\\/produkt\\\/katarek-fizjologiczny-roztwor-soli\\\/#primaryimage\",\"url\":\"https:\\\/\\\/katarek.pl\\\/wp-content\\\/uploads\\\/2025\\\/07\\\/Projekt-bez-nazwy-45.png\",\"contentUrl\":\"https:\\\/\\\/katarek.pl\\\/wp-content\\\/uploads\\\/2025\\\/07\\\/Projekt-bez-nazwy-45.png\",\"width\":1000,\"height\":1000,\"caption\":\"Katarek roztw\u00f3r fizjologiczny soli 0,9%\"},{\"@type\":\"BreadcrumbList\",\"@id\":\"https:\\\/\\\/katarek.pl\\\/produkt\\\/katarek-fizjologiczny-roztwor-soli\\\/#breadcrumb\",\"itemListElement\":[{\"@type\":\"ListItem\",\"position\":1,\"name\":\"Home\",\"item\":\"https:\\\/\\\/katarek.pl\\\/\"},{\"@type\":\"ListItem\",\"position\":2,\"name\":\"Sklep\",\"item\":\"https:\\\/\\\/katarek.pl\\\/sklep\\\/\"},{\"@type\":\"ListItem\",\"position\":3,\"name\":\"Sole\",\"item\":\"https:\\\/\\\/katarek.pl\\\/kategoria-produktu\\\/sole\\\/\"},{\"@type\":\"ListItem\",\"position\":4,\"name\":\"Katarek s\u00f3l fizjologiczna 0,9%\"}]},{\"@type\":\"WebSite\",\"@id\":\"https:\\\/\\\/katarek.pl\\\/#website\",\"url\":\"https:\\\/\\\/katarek.pl\\\/\",\"name\":\"katarek.pl\",\"description\":\"\",\"potentialAction\":[{\"@type\":\"SearchAction\",\"target\":{\"@type\":\"EntryPoint\",\"urlTemplate\":\"https:\\\/\\\/katarek.pl\\\/?s={search_term_string}\"},\"query-input\":{\"@type\":\"PropertyValueSpecification\",\"valueRequired\":true,\"valueName\":\"search_term_string\"}}],\"inLanguage\":\"pl-PL\"}]}<\/script>\n<!-- \/ Yoast SEO plugin. -->","yoast_head_json":{"title":"Katarek s\u00f3l fizjologiczna 0,9%: 10 x 5 ml ampu\u0142ek - katarek.pl","description":"S\u00f3l fizjologiczna Katarek w ampu\u0142kach - niezb\u0119dna do higieny nosa i inhalacji. Bezpieczna dla niemowl\u0105t od 1. dnia \u017cycia. Kup teraz w naszym sklepie!","robots":{"index":"index","follow":"follow","max-snippet":"max-snippet:-1","max-image-preview":"max-image-preview:large","max-video-preview":"max-video-preview:-1"},"canonical":"https:\/\/katarek.pl\/produkt\/katarek-fizjologiczny-roztwor-soli\/","og_locale":"pl_PL","og_type":"article","og_title":"Katarek s\u00f3l fizjologiczna 0,9%: 10 x 5 ml ampu\u0142ek - katarek.pl","og_description":"S\u00f3l fizjologiczna Katarek w ampu\u0142kach - niezb\u0119dna do higieny nosa i inhalacji. Bezpieczna dla niemowl\u0105t od 1. dnia \u017cycia. Kup teraz w naszym sklepie!","og_url":"https:\/\/katarek.pl\/produkt\/katarek-fizjologiczny-roztwor-soli\/","og_site_name":"katarek.pl","article_modified_time":"2026-04-30T23:06:57+00:00","og_image":[{"width":1000,"height":1000,"url":"https:\/\/katarek.pl\/wp-content\/uploads\/2025\/07\/Projekt-bez-nazwy-45.png","type":"image\/png"}],"twitter_card":"summary_large_image","twitter_misc":{"Szacowany czas czytania":"2 minuty"},"schema":{"@context":"https:\/\/schema.org","@graph":[{"@type":"WebPage","@id":"https:\/\/katarek.pl\/produkt\/katarek-fizjologiczny-roztwor-soli\/","url":"https:\/\/katarek.pl\/produkt\/katarek-fizjologiczny-roztwor-soli\/","name":"Katarek s\u00f3l fizjologiczna 0,9%: 10 x 5 ml ampu\u0142ek - katarek.pl","isPartOf":{"@id":"https:\/\/katarek.pl\/#website"},"primaryImageOfPage":{"@id":"https:\/\/katarek.pl\/produkt\/katarek-fizjologiczny-roztwor-soli\/#primaryimage"},"image":{"@id":"https:\/\/katarek.pl\/produkt\/katarek-fizjologiczny-roztwor-soli\/#primaryimage"},"thumbnailUrl":"https:\/\/katarek.pl\/wp-content\/uploads\/2025\/07\/Projekt-bez-nazwy-45.png","datePublished":"2025-07-09T15:03:32+00:00","dateModified":"2026-04-30T23:06:57+00:00","description":"S\u00f3l fizjologiczna Katarek w ampu\u0142kach - niezb\u0119dna do higieny nosa i inhalacji. Bezpieczna dla niemowl\u0105t od 1. dnia \u017cycia. Kup teraz w naszym sklepie!","breadcrumb":{"@id":"https:\/\/katarek.pl\/produkt\/katarek-fizjologiczny-roztwor-soli\/#breadcrumb"},"inLanguage":"pl-PL","potentialAction":[{"@type":"ReadAction","target":["https:\/\/katarek.pl\/produkt\/katarek-fizjologiczny-roztwor-soli\/"]}]},{"@type":"ImageObject","inLanguage":"pl-PL","@id":"https:\/\/katarek.pl\/produkt\/katarek-fizjologiczny-roztwor-soli\/#primaryimage","url":"https:\/\/katarek.pl\/wp-content\/uploads\/2025\/07\/Projekt-bez-nazwy-45.png","contentUrl":"https:\/\/katarek.pl\/wp-content\/uploads\/2025\/07\/Projekt-bez-nazwy-45.png","width":1000,"height":1000,"caption":"Katarek roztw\u00f3r fizjologiczny soli 0,9%"},{"@type":"BreadcrumbList","@id":"https:\/\/katarek.pl\/produkt\/katarek-fizjologiczny-roztwor-soli\/#breadcrumb","itemListElement":[{"@type":"ListItem","position":1,"name":"Home","item":"https:\/\/katarek.pl\/"},{"@type":"ListItem","position":2,"name":"Sklep","item":"https:\/\/katarek.pl\/sklep\/"},{"@type":"ListItem","position":3,"name":"Sole","item":"https:\/\/katarek.pl\/kategoria-produktu\/sole\/"},{"@type":"ListItem","position":4,"name":"Katarek s\u00f3l fizjologiczna 0,9%"}]},{"@type":"WebSite","@id":"https:\/\/katarek.pl\/#website","url":"https:\/\/katarek.pl\/","name":"katarek.pl","description":"","potentialAction":[{"@type":"SearchAction","target":{"@type":"EntryPoint","urlTemplate":"https:\/\/katarek.pl\/?s={search_term_string}"},"query-input":{"@type":"PropertyValueSpecification","valueRequired":true,"valueName":"search_term_string"}}],"inLanguage":"pl-PL"}]}},"acf":[],"gutenberg_blocks":[{"blockName":"custom-styles","attrs":{"styles":""}},{"blockName":"core\/paragraph","attrs":{"className":"","epAnimationGeneratedClass":"edplus_anim-b7pJ16","epGeneratedClass":"eplus-wrapper"},"innerBlocks":[],"innerHTML":"\n<p class=\" eplus-wrapper\"><\/p>\n","innerContent":["\n<p class=\" eplus-wrapper\"><\/p>\n"]},{"blockName":"core\/group","attrs":{"metadata":{"categories":["woo-commerce"],"patternName":"core\/block\/1244","name":"txt-img-p"},"className":"txt-img txt-img-p","layout":{"type":"flex","flexWrap":"nowrap"},"epAnimationGeneratedClass":"edplus_anim-Pono8F","epGeneratedClass":"eplus-wrapper"},"innerBlocks":[{"blockName":"core\/group","attrs":{"className":"","layout":{"type":"constrained"},"epAnimationGeneratedClass":"edplus_anim-P3zUAI","epGeneratedClass":"eplus-wrapper"},"innerBlocks":[{"blockName":"core\/heading","attrs":{"className":"","epAnimationGeneratedClass":"edplus_anim-W04epF","epGeneratedClass":"eplus-wrapper"},"innerBlocks":[],"innerHTML":"\n<h2 class=\" wp-block-heading eplus-wrapper\"><strong>Katarek roztw\u00f3r soli fizjologicznej<\/strong><\/h2>\n","innerContent":["\n<h2 class=\" wp-block-heading eplus-wrapper\"><strong>Katarek roztw\u00f3r soli fizjologicznej<\/strong><\/h2>\n"]},{"blockName":"core\/paragraph","attrs":{"className":"","epAnimationGeneratedClass":"edplus_anim-zxS2wj","epGeneratedClass":"eplus-wrapper"},"innerBlocks":[],"innerHTML":"\n<p class=\" eplus-wrapper\">S\u00f3l fizjologiczna to obowi\u0105zkowe wyposa\u017cenie apteczki zw\u0142aszcza kiedy w rodzinie jest ma\u0142e dziecko. Jest ona bezpieczna dla najm\u0142odszych i przydatna zar\u00f3wno podczas choroby jak i w codziennej piel\u0119gnacji.<\/p>\n","innerContent":["\n<p class=\" eplus-wrapper\">S\u00f3l fizjologiczna to obowi\u0105zkowe wyposa\u017cenie apteczki zw\u0142aszcza kiedy w rodzinie jest ma\u0142e dziecko. Jest ona bezpieczna dla najm\u0142odszych i przydatna zar\u00f3wno podczas choroby jak i w codziennej piel\u0119gnacji.<\/p>\n"]},{"blockName":"core\/paragraph","attrs":{"className":"","epAnimationGeneratedClass":"edplus_anim-cLL2IQ","epGeneratedClass":"eplus-wrapper"},"innerBlocks":[],"innerHTML":"\n<p class=\" eplus-wrapper\"><strong>Katarek roztw\u00f3r soli fizjologicznej 0,9% <\/strong>to produkt wielozadaniowy. Sprawdzi si\u0119 w&nbsp;<strong>higienie nosa, oczu, nosa, przemywaniu ran, a tak\u017ce do nebulizacji.&nbsp;<\/strong>To izotoniczny, sterylny roztw\u00f3r&nbsp;<strong>chlorku sodu 0,9%<\/strong>&nbsp;w jednorazowych, wygodnych w u\u017cyciu ampu\u0142kach.<\/p>\n","innerContent":["\n<p class=\" eplus-wrapper\"><strong>Katarek roztw\u00f3r soli fizjologicznej 0,9% <\/strong>to produkt wielozadaniowy. Sprawdzi si\u0119 w&nbsp;<strong>higienie nosa, oczu, nosa, przemywaniu ran, a tak\u017ce do nebulizacji.&nbsp;<\/strong>To izotoniczny, sterylny roztw\u00f3r&nbsp;<strong>chlorku sodu 0,9%<\/strong>&nbsp;w jednorazowych, wygodnych w u\u017cyciu ampu\u0142kach.<\/p>\n"]}],"innerHTML":"\n<div class=\" wp-block-group eplus-wrapper\">\n\n\n\n<\/div>\n","innerContent":["\n<div class=\" wp-block-group eplus-wrapper\">",null,"\n\n",null,"\n\n",null,"<\/div>\n"]},{"blockName":"acf\/image","attrs":{"name":"acf\/image","data":{"image":3150,"_image":"field_642686ed613f8"},"mode":"edit"},"innerBlocks":[],"innerHTML":"","innerContent":[]}],"innerHTML":"\n<div class=\"txt-img txt-img-p wp-block-group eplus-wrapper\">\n\n<\/div>\n","innerContent":["\n<div class=\"txt-img txt-img-p wp-block-group eplus-wrapper\">",null,"\n\n",null,"<\/div>\n"]},{"blockName":"core\/paragraph","attrs":{"className":"","epAnimationGeneratedClass":"edplus_anim-OBsV1h","epGeneratedClass":"eplus-wrapper"},"innerBlocks":[],"innerHTML":"\n<p class=\" eplus-wrapper\"><strong>Katarek roztw\u00f3r soli fizjologicznej 0,9%<\/strong>&nbsp;jest:<\/p>\n","innerContent":["\n<p class=\" eplus-wrapper\"><strong>Katarek roztw\u00f3r soli fizjologicznej 0,9%<\/strong>&nbsp;jest:<\/p>\n"]},{"blockName":"core\/paragraph","attrs":{"className":"","epAnimationGeneratedClass":"edplus_anim-7P6ufc","epGeneratedClass":"eplus-wrapper"},"innerBlocks":[],"innerHTML":"\n<p class=\" eplus-wrapper\">\u2013&nbsp;<strong>medyczny&nbsp;<\/strong>\u2013to wyr\u00f3b medyczny, produkt posiada certyfikat CE<\/p>\n","innerContent":["\n<p class=\" eplus-wrapper\">\u2013&nbsp;<strong>medyczny&nbsp;<\/strong>\u2013to wyr\u00f3b medyczny, produkt posiada certyfikat CE<\/p>\n"]},{"blockName":"core\/paragraph","attrs":{"className":"","epAnimationGeneratedClass":"edplus_anim-UWJ9NS","epGeneratedClass":"eplus-wrapper"},"innerBlocks":[],"innerHTML":"\n<p class=\" eplus-wrapper\"><strong>\u2013 izotoniczny<\/strong>&nbsp;\u2013 jest neutralna dla organizmu<\/p>\n","innerContent":["\n<p class=\" eplus-wrapper\"><strong>\u2013 izotoniczny<\/strong>&nbsp;\u2013 jest neutralna dla organizmu<\/p>\n"]},{"blockName":"core\/paragraph","attrs":{"className":"","epAnimationGeneratedClass":"edplus_anim-6PWG9X","epGeneratedClass":"eplus-wrapper"},"innerBlocks":[],"innerHTML":"\n<p class=\" eplus-wrapper\">\u2013&nbsp;<strong>sterylny&nbsp;<\/strong>\u2013 roztw\u00f3r jest sterylny czyli pozbawiony wszelkich zanieczyszcze\u0144<\/p>\n","innerContent":["\n<p class=\" eplus-wrapper\">\u2013&nbsp;<strong>sterylny&nbsp;<\/strong>\u2013 roztw\u00f3r jest sterylny czyli pozbawiony wszelkich zanieczyszcze\u0144<\/p>\n"]},{"blockName":"core\/paragraph","attrs":{"className":"","epAnimationGeneratedClass":"edplus_anim-5BURK7","epGeneratedClass":"eplus-wrapper"},"innerBlocks":[],"innerHTML":"\n<p class=\" eplus-wrapper\">\u2013&nbsp;<strong>multifunkcyjny<\/strong>&nbsp;\u2013 ma wszechstronne zastosowanie: higiena nosa, ucha, oczu, inhalacje, przemywanie ran<\/p>\n","innerContent":["\n<p class=\" eplus-wrapper\">\u2013&nbsp;<strong>multifunkcyjny<\/strong>&nbsp;\u2013 ma wszechstronne zastosowanie: higiena nosa, ucha, oczu, inhalacje, przemywanie ran<\/p>\n"]},{"blockName":"core\/heading","attrs":{"className":"","epAnimationGeneratedClass":"edplus_anim-8U38Kw","epGeneratedClass":"eplus-wrapper"},"innerBlocks":[],"innerHTML":"\n<h2 class=\" wp-block-heading eplus-wrapper\">Rada!<\/h2>\n","innerContent":["\n<h2 class=\" wp-block-heading eplus-wrapper\">Rada!<\/h2>\n"]},{"blockName":"core\/paragraph","attrs":{"className":"","epAnimationGeneratedClass":"edplus_anim-XIu13i","epGeneratedClass":"eplus-wrapper"},"innerBlocks":[],"innerHTML":"\n<p class=\" eplus-wrapper\">U\u0142\u00f3\u017c niemowl\u0119 poziomo, na wznak, podtrzymuj\u0105c g\u0142\u00f3wk\u0119 za potylic\u0119 tak, aby by\u0142a nieco ni\u017cej ni\u017c reszta cia\u0142a. Zakropl po 1\u20132 krople do ka\u017cdego otworu nosowego. Nast\u0119pnie delikatnie obr\u00f3\u0107 g\u0142\u00f3wk\u0119 dziecka lekko w lewo i w prawo, aby krople sp\u0142yn\u0119\u0142y do nasady nosa. W kolejnym kroku delikatnie odci\u0105gnij wydzielin\u0119 z noska.<\/p>\n","innerContent":["\n<p class=\" eplus-wrapper\">U\u0142\u00f3\u017c niemowl\u0119 poziomo, na wznak, podtrzymuj\u0105c g\u0142\u00f3wk\u0119 za potylic\u0119 tak, aby by\u0142a nieco ni\u017cej ni\u017c reszta cia\u0142a. Zakropl po 1\u20132 krople do ka\u017cdego otworu nosowego. Nast\u0119pnie delikatnie obr\u00f3\u0107 g\u0142\u00f3wk\u0119 dziecka lekko w lewo i w prawo, aby krople sp\u0142yn\u0119\u0142y do nasady nosa. W kolejnym kroku delikatnie odci\u0105gnij wydzielin\u0119 z noska.<\/p>\n"]},{"blockName":"core\/heading","attrs":{"level":6,"className":"","epAnimationGeneratedClass":"edplus_anim-8Waa9l","epGeneratedClass":"eplus-wrapper"},"innerBlocks":[],"innerHTML":"\n<h6 class=\" wp-block-heading eplus-wrapper\"><strong>Zawarto\u015b\u0107 opakowania:<\/strong><\/h6>\n","innerContent":["\n<h6 class=\" wp-block-heading eplus-wrapper\"><strong>Zawarto\u015b\u0107 opakowania:<\/strong><\/h6>\n"]},{"blockName":"core\/paragraph","attrs":{"className":"","epAnimationGeneratedClass":"edplus_anim-OBsV1h","epGeneratedClass":"eplus-wrapper"},"innerBlocks":[],"innerHTML":"\n<p class=\" eplus-wrapper\">\u2013 jednorazowe ampu\u0142ki po 5 ml, ilo\u015b\u0107 ampu\u0142ek \u2013 10<\/p>\n","innerContent":["\n<p class=\" eplus-wrapper\">\u2013 jednorazowe ampu\u0142ki po 5 ml, ilo\u015b\u0107 ampu\u0142ek \u2013 10<\/p>\n"]},{"blockName":"acf\/product-info","attrs":{"name":"acf\/product-info","data":{"title_heading_label":"","_title_heading_label":"field_680f5de7d3992","title_heading_text":"Wa\u017cna informacja dla kupuj\u0105cych:","_title_heading_text":"field_638627ccced84","title_heading_level":"h4","_title_heading_level":"field_638627e7ced85","title_heading_variant":"default","_title_heading_variant":"field_63862847ced86","title_extra_classes":"","_title_extra_classes":"field_638628eeced88","title":"","_title":"field_6808c03718bf7","content":"Dzi\u0119kujemy za zainteresowanie naszym produktem! Zanim zdecydujesz si\u0119 na zakup, prosimy o zapoznanie si\u0119 z poni\u017csz\u0105 informacj\u0105:\r\n\r\nZgodnie z art. 38 ustawy o prawach konsumenta, wyroby medyczne sprzedawane w zapiecz\u0119towanych opakowaniach nie podlegaj\u0105 zwrotowi, je\u015bli opakowanie zosta\u0142o otwarte po dostarczeniu. Wynika to z dba\u0142o\u015bci o Twoje bezpiecze\u0144stwo oraz higien\u0119.\r\n\r\nDlatego prosimy o rozwa\u017cne podejmowanie decyzji zakupowych. Je\u015bli masz jakiekolwiek pytania dotycz\u0105ce produktu, ch\u0119tnie na nie odpowiemy, by pom\u00f3c Ci dokona\u0107 najlepszego wyboru!\r\n\r\nWy\u0142\u0105czenie od prawa odst\u0105pienia w ci\u0105gu 14 dni w przypadku zakupu dokonanego na odleg\u0142o\u015b\u0107 wynika z:\r\n\r\nUstawa o prawach konsumenta\r\n\r\nDz.U.2023.0.2759 t.j. \u2013 Ustawa z dnia 30 maja 2014 r. o prawach konsumenta\r\n\r\nArt. 38. prawa konsumenta\r\n\r\n1.Prawo odst\u0105pienia od umowy zawartej poza lokalem przedsi\u0119biorstwa lub na odleg\u0142o\u015b\u0107 nie przys\u0142uguje konsumentowi w odniesieniu do um\u00f3w:\r\n\r\n5) w kt\u00f3rej przedmiotem \u015bwiadczenia jest towar dostarczany w zapiecz\u0119towanym opakowaniu, kt\u00f3rego po otwarciu opakowania nie mo\u017cna zwr\u00f3ci\u0107 ze wzgl\u0119du na ochron\u0119 zdrowia lub ze wzgl\u0119d\u00f3w higienicznych, je\u017celi opakowanie zosta\u0142o otwarte po dostarczeniu;","_content":"field_6808c037963c2","block_type":"bg","_block_type":"field_6808c037193a7"},"mode":"edit","metadata":{"categories":["about"],"patternName":"core\/block\/3073","name":"zwrot wyrobu higienicznego"}},"innerBlocks":[],"innerHTML":"","innerContent":[]},{"blockName":"core\/group","attrs":{"className":"","layout":{"type":"flex","flexWrap":"nowrap"},"epAnimationGeneratedClass":"edplus_anim-4waDIJ","epGeneratedClass":"eplus-wrapper"},"innerBlocks":[{"blockName":"acf\/image","attrs":{"name":"acf\/image","data":{"image":6125,"_image":"field_642686ed613f8"},"mode":"edit"},"innerBlocks":[],"innerHTML":"","innerContent":[]},{"blockName":"acf\/image","attrs":{"name":"acf\/image","data":{"image":6126,"_image":"field_642686ed613f8"},"mode":"edit"},"innerBlocks":[],"innerHTML":"","innerContent":[]}],"innerHTML":"\n<div class=\" wp-block-group eplus-wrapper\">\n\n<\/div>\n","innerContent":["\n<div class=\" wp-block-group eplus-wrapper\">",null,"\n\n",null,"<\/div>\n"]},{"blockName":"core\/heading","attrs":{"level":3,"className":"","epAnimationGeneratedClass":"edplus_anim-G9Kyv0","epGeneratedClass":"eplus-wrapper"},"innerBlocks":[],"innerHTML":"\n<h3 class=\" wp-block-heading eplus-wrapper\"><strong><strong>KATAREK, wspieramy w zdrowiu i chorobie!<\/strong><\/strong> <\/h3>\n","innerContent":["\n<h3 class=\" wp-block-heading eplus-wrapper\"><strong><strong>KATAREK, wspieramy w zdrowiu i chorobie!<\/strong><\/strong> <\/h3>\n"]}],"meta_data":{"product_additional_info":"To jest wyr\u00f3b medyczny. U\u017cywaj go zgodnie z instrukcj\u0105 u\u017cywania lub etykiet\u0105<br \/>\r\n<br \/>\r\n","product_gallery_repeater":[{"select_type":"image","image":{"ID":3274,"id":3274,"title":"Katarek roztw\u00f3r fizjologiczny soli 0,9%","filename":"Projekt-bez-nazwy-45.png","filesize":360928,"url":"https:\/\/katarek.pl\/wp-content\/uploads\/2025\/07\/Projekt-bez-nazwy-45.png","link":"https:\/\/katarek.pl\/?attachment_id=3274","alt":"Katarek roztw\u00f3r fizjologiczny soli 0,9%","author":"9","description":"Katarek roztw\u00f3r fizjologiczny soli 0,9% ","caption":"","name":"projekt-bez-nazwy-45","status":"inherit","uploaded_to":3148,"date":"2025-07-17 11:33:30","modified":"2025-07-17 11:33:57","menu_order":0,"mime_type":"image\/png","type":"image","subtype":"png","icon":"https:\/\/katarek.pl\/wp-includes\/images\/media\/default.png","width":1000,"height":1000,"sizes":{"thumbnail":"https:\/\/katarek.pl\/wp-content\/uploads\/2025\/07\/Projekt-bez-nazwy-45-250x250.png","thumbnail-width":250,"thumbnail-height":250,"medium":"https:\/\/katarek.pl\/wp-content\/uploads\/2025\/07\/Projekt-bez-nazwy-45-450x450.png","medium-width":450,"medium-height":450,"medium_large":"https:\/\/katarek.pl\/wp-content\/uploads\/2025\/07\/Projekt-bez-nazwy-45-768x768.png","medium_large-width":768,"medium_large-height":768,"large":"https:\/\/katarek.pl\/wp-content\/uploads\/2025\/07\/Projekt-bez-nazwy-45.png","large-width":1000,"large-height":1000,"1536x1536":"https:\/\/katarek.pl\/wp-content\/uploads\/2025\/07\/Projekt-bez-nazwy-45.png","1536x1536-width":1000,"1536x1536-height":1000,"2048x2048":"https:\/\/katarek.pl\/wp-content\/uploads\/2025\/07\/Projekt-bez-nazwy-45.png","2048x2048-width":1000,"2048x2048-height":1000,"small":"https:\/\/katarek.pl\/wp-content\/uploads\/2025\/07\/Projekt-bez-nazwy-45-500x500.png","small-width":500,"small-height":500,"gform-image-choice-sm":"https:\/\/katarek.pl\/wp-content\/uploads\/2025\/07\/Projekt-bez-nazwy-45.png","gform-image-choice-sm-width":300,"gform-image-choice-sm-height":300,"gform-image-choice-md":"https:\/\/katarek.pl\/wp-content\/uploads\/2025\/07\/Projekt-bez-nazwy-45.png","gform-image-choice-md-width":400,"gform-image-choice-md-height":400,"gform-image-choice-lg":"https:\/\/katarek.pl\/wp-content\/uploads\/2025\/07\/Projekt-bez-nazwy-45.png","gform-image-choice-lg-width":600,"gform-image-choice-lg-height":600,"woocommerce_thumbnail":"https:\/\/katarek.pl\/wp-content\/uploads\/2025\/07\/Projekt-bez-nazwy-45-485x485.png","woocommerce_thumbnail-width":485,"woocommerce_thumbnail-height":485,"woocommerce_single":"https:\/\/katarek.pl\/wp-content\/uploads\/2025\/07\/Projekt-bez-nazwy-45-600x600.png","woocommerce_single-width":600,"woocommerce_single-height":600,"woocommerce_gallery_thumbnail":"https:\/\/katarek.pl\/wp-content\/uploads\/2025\/07\/Projekt-bez-nazwy-45-100x100.png","woocommerce_gallery_thumbnail-width":100,"woocommerce_gallery_thumbnail-height":100}},"video_type":"","video_yt":null,"video_file":false,"placeholder":false},{"select_type":"image","image":{"ID":4152,"id":4152,"title":"U\u017cycie_soli_fizjologicznej","filename":"Uzycie_soli_fizjologicznej.png","filesize":954256,"url":"https:\/\/katarek.pl\/wp-content\/uploads\/2025\/07\/Uzycie_soli_fizjologicznej.png","link":"https:\/\/katarek.pl\/?attachment_id=4152","alt":"Stosowanie soli hipertonicznej i fizjologicznej u niemowl\u0105t","author":"9","description":"","caption":"","name":"uzycie_soli_fizjologicznej","status":"inherit","uploaded_to":3148,"date":"2025-11-20 15:19:39","modified":"2025-11-24 22:30:20","menu_order":0,"mime_type":"image\/png","type":"image","subtype":"png","icon":"https:\/\/katarek.pl\/wp-includes\/images\/media\/default.png","width":900,"height":900,"sizes":{"thumbnail":"https:\/\/katarek.pl\/wp-content\/uploads\/2025\/07\/Uzycie_soli_fizjologicznej-250x250.png","thumbnail-width":250,"thumbnail-height":250,"medium":"https:\/\/katarek.pl\/wp-content\/uploads\/2025\/07\/Uzycie_soli_fizjologicznej-450x450.png","medium-width":450,"medium-height":450,"medium_large":"https:\/\/katarek.pl\/wp-content\/uploads\/2025\/07\/Uzycie_soli_fizjologicznej-768x768.png","medium_large-width":768,"medium_large-height":768,"large":"https:\/\/katarek.pl\/wp-content\/uploads\/2025\/07\/Uzycie_soli_fizjologicznej.png","large-width":900,"large-height":900,"1536x1536":"https:\/\/katarek.pl\/wp-content\/uploads\/2025\/07\/Uzycie_soli_fizjologicznej.png","1536x1536-width":900,"1536x1536-height":900,"2048x2048":"https:\/\/katarek.pl\/wp-content\/uploads\/2025\/07\/Uzycie_soli_fizjologicznej.png","2048x2048-width":900,"2048x2048-height":900,"small":"https:\/\/katarek.pl\/wp-content\/uploads\/2025\/07\/Uzycie_soli_fizjologicznej-500x500.png","small-width":500,"small-height":500,"gform-image-choice-sm":"https:\/\/katarek.pl\/wp-content\/uploads\/2025\/07\/Uzycie_soli_fizjologicznej.png","gform-image-choice-sm-width":300,"gform-image-choice-sm-height":300,"gform-image-choice-md":"https:\/\/katarek.pl\/wp-content\/uploads\/2025\/07\/Uzycie_soli_fizjologicznej.png","gform-image-choice-md-width":400,"gform-image-choice-md-height":400,"gform-image-choice-lg":"https:\/\/katarek.pl\/wp-content\/uploads\/2025\/07\/Uzycie_soli_fizjologicznej.png","gform-image-choice-lg-width":600,"gform-image-choice-lg-height":600,"woocommerce_thumbnail":"https:\/\/katarek.pl\/wp-content\/uploads\/2025\/07\/Uzycie_soli_fizjologicznej-485x485.png","woocommerce_thumbnail-width":485,"woocommerce_thumbnail-height":485,"woocommerce_single":"https:\/\/katarek.pl\/wp-content\/uploads\/2025\/07\/Uzycie_soli_fizjologicznej-600x600.png","woocommerce_single-width":600,"woocommerce_single-height":600,"woocommerce_gallery_thumbnail":"https:\/\/katarek.pl\/wp-content\/uploads\/2025\/07\/Uzycie_soli_fizjologicznej-100x100.png","woocommerce_gallery_thumbnail-width":100,"woocommerce_gallery_thumbnail-height":100}},"video_type":"","video_yt":null,"video_file":false,"placeholder":false}],"product_additional_thumbnail":3150,"product_faq_heading":{"":null,"heading_label":"","heading_text":"","heading_level":"h2","heading_variant":"default","extra_classes":""},"product_faq_subtitle":"","product_faq_repeater":[{"title":"Co to jest Katarek roztw\u00f3r soli fizjologicznej 0,9%?","content":"<p>Katarek roztw\u00f3r soli fizjologicznej 0,9% to sterylny, izotoniczny roztw\u00f3r chlorku sodu w jednorazowych ampu\u0142kach. Jest przeznaczony do codziennej piel\u0119gnacji oraz zastosowa\u0144 medycznych.<\/p>\n"},{"title":"Czy s\u00f3l fizjologiczna Katarek jest bezpieczna dla dzieci?","content":"<p>Tak. S\u00f3l fizjologiczna jest bezpieczna dla najm\u0142odszych i szczeg\u00f3lnie przydatna w rodzinach z ma\u0142ymi dzie\u0107mi.<\/p>\n"},{"title":"Do czego mo\u017cna stosowa\u0107 Katarek roztw\u00f3r soli fizjologicznej?","content":"<p data-start=\"718\" data-end=\"766\">Produkt ma wszechstronne zastosowanie, m.in. do:<\/p>\n<ul data-start=\"768\" data-end=\"872\">\n<li data-start=\"768\" data-end=\"784\">\n<p data-start=\"770\" data-end=\"784\">higieny nosa<\/p>\n<\/li>\n<li data-start=\"785\" data-end=\"805\">\n<p data-start=\"787\" data-end=\"805\">piel\u0119gnacji oczu<\/p>\n<\/li>\n<li data-start=\"806\" data-end=\"825\">\n<p data-start=\"808\" data-end=\"825\">przemywania ran<\/p>\n<\/li>\n<li data-start=\"826\" data-end=\"841\">\n<p data-start=\"828\" data-end=\"841\">nebulizacji<\/p>\n<\/li>\n<li data-start=\"842\" data-end=\"858\">\n<p data-start=\"844\" data-end=\"858\">higieny ucha<\/p>\n<\/li>\n<li data-start=\"859\" data-end=\"872\">\n<p data-start=\"861\" data-end=\"872\">inhalacji<\/p>\n<\/li>\n<\/ul>\n"},{"title":"Czy Katarek s\u00f3l fizjologiczna nadaje si\u0119 do nebulizacji?","content":"<p>Tak. Roztw\u00f3r mo\u017cna stosowa\u0107 do nebulizacji.<\/p>\n"},{"title":"Co oznacza, \u017ce roztw\u00f3r jest izotoniczny?","content":"<p>Izotoniczny roztw\u00f3r soli fizjologicznej jest neutralny dla organizmu, dzi\u0119ki czemu mo\u017ce by\u0107 stosowany w codziennej piel\u0119gnacji.<\/p>\n"},{"title":"Co oznacza, \u017ce produkt jest sterylny?","content":"<p>Sterylny roztw\u00f3r oznacza, \u017ce jest pozbawiony wszelkich zanieczyszcze\u0144.<\/p>\n"},{"title":"Czy Katarek roztw\u00f3r soli fizjologicznej jest wyrobem medycznym?","content":"<p>Tak. Jest to wyr\u00f3b medyczny posiadaj\u0105cy certyfikat CE.<\/p>\n"},{"title":"Dlaczego s\u00f3l fizjologiczna to obowi\u0105zkowe wyposa\u017cenie apteczki?","content":"<p data-start=\"1500\" data-end=\"1605\">Poniewa\u017c przydaje si\u0119 zar\u00f3wno podczas choroby, jak i w codziennej piel\u0119gnacji, zw\u0142aszcza u ma\u0142ych dzieci.<\/p>\n"},{"title":"W jakiej formie dost\u0119pny jest produkt?","content":"<p>Roztw\u00f3r jest dost\u0119pny w jednorazowych, wygodnych w u\u017cyciu ampu\u0142kach.<\/p>\n"},{"title":"Co znajduje si\u0119 w opakowaniu?","content":"<p data-start=\"1771\" data-end=\"1797\">W opakowaniu znajduje si\u0119:<\/p>\n<ul data-start=\"1799\" data-end=\"1867\">\n<li data-start=\"1799\" data-end=\"1827\">\n<p data-start=\"1801\" data-end=\"1827\">10 jednorazowych ampu\u0142ek<\/p>\n<\/li>\n<li data-start=\"1828\" data-end=\"1867\">\n<p data-start=\"1830\" data-end=\"1867\">ka\u017cda ampu\u0142ka zawiera 5 ml roztworu<\/p>\n<\/li>\n<\/ul>\n"}],"product_technical_heading":{"":null,"heading_label":"","heading_text":"","heading_level":"h2","heading_variant":"default","extra_classes":""},"product_technical_repeater":[{"title":"Producent soli fizjologicznej\t","content_type":"content","content":"<p>Laboratoire UNITHER 151, Rue Andr\u00e9 Durouchez Espace Industriel Nord CS 28028 80084 AMIENS Cedex 2 FRANCJA unither@unither-pharma.com<\/p>\n","downloads":false},{"title":"Importer\/Dystrybutor\t","content_type":"content","content":"<p>Duna Sp. z o.o. ul. Przemys\u0142owa 13\/1, 30-701 Krak\u00f3w biuro2@duna.biz.pl<\/p>\n","downloads":false},{"title":"Zastosowanie soli fizjologicznej\t","content_type":"content","content":"<p>Katarek fizjologiczny roztw\u00f3r soli mo\u017ce by\u0107 stosowany u niemowl\u0105t i dzieci starszych oraz u os\u00f3b doros\u0142ych w nast\u0119puj\u0105cy spos\u00f3b:<br \/>\nDo higieny nosa: poprzez zakraplanie albo przemywanie suchego lub zatkanego nosa,<br \/>\nDo higieny oczu: poprzez zakraplanie lub przemywanie,<br \/>\nDo higieny uszu,<br \/>\nDo przemywania ran,<br \/>\nDo inhalacji podczas aerozoloterapii.<\/p>\n","downloads":false},{"title":"Przeciwwskazania i zalecenia u\u017cytkowania soli fizjologicznej\t","content_type":"content","content":"<p>Do u\u017cytku jednorazowego i indywidualnego.<br \/>\nZawarto\u015b\u0107 zu\u017cy\u0107 od razu po otwarciu. Po u\u017cyciu ampu\u0142k\u0119 nale\u017cy wyrzuci\u0107.<br \/>\nNie u\u017cywa\u0107 tej samej ampu\u0142ki do r\u00f3\u017cnych zastosowa\u0144.<br \/>\nNie u\u017cywa\u0107 do iniekcji.<br \/>\nNie u\u017cywa\u0107 po up\u0142ywie daty wa\u017cno\u015bci.<br \/>\nNie u\u017cywa\u0107 w przypadku uszkodzenia ampu\u0142ki.<br \/>\nChroni\u0107 przed dzie\u0107mi.<br \/>\nPo napocz\u0119ciu ampu\u0142ki nie mo\u017cna wykorzysta\u0107 jej zawarto\u015bci powt\u00f3rnie \u2013 \u015brodek nie zawiera substancji konserwuj\u0105cych, w zwi\u0105zku z czym powt\u00f3rne u\u017cycie mog\u0142oby grozi\u0107 podaniem \u015brodka zanieczyszczonego.<\/p>\n","downloads":false}],"additional_information_under_product_title":"do piel\u0119gnacji i nebulizacji","additional_image_under_product_title":false},"_links":{"self":[{"href":"https:\/\/katarek.pl\/index.php\/wp-json\/wp\/v2\/product\/3148","targetHints":{"allow":["GET"]}}],"collection":[{"href":"https:\/\/katarek.pl\/index.php\/wp-json\/wp\/v2\/product"}],"about":[{"href":"https:\/\/katarek.pl\/index.php\/wp-json\/wp\/v2\/types\/product"}],"wp:featuredmedia":[{"embeddable":true,"href":"https:\/\/katarek.pl\/index.php\/wp-json\/wp\/v2\/media\/3274"}],"wp:attachment":[{"href":"https:\/\/katarek.pl\/index.php\/wp-json\/wp\/v2\/media?parent=3148"}],"wp:term":[{"taxonomy":"product_brand","embeddable":true,"href":"https:\/\/katarek.pl\/index.php\/wp-json\/wp\/v2\/product_brand?post=3148"},{"taxonomy":"product_cat","embeddable":true,"href":"https:\/\/katarek.pl\/index.php\/wp-json\/wp\/v2\/product_cat?post=3148"},{"taxonomy":"product_tag","embeddable":true,"href":"https:\/\/katarek.pl\/index.php\/wp-json\/wp\/v2\/product_tag?post=3148"}],"curies":[{"name":"wp","href":"https:\/\/api.w.org\/{rel}","templated":true}]}}